{"id":13139,"date":"2011-09-16T11:29:34","date_gmt":"2011-09-16T11:29:34","guid":{"rendered":"http:\/\/www.cameraitalianabarcelona.com\/ferias-2\/"},"modified":"2026-04-30T14:05:22","modified_gmt":"2026-04-30T14:05:22","slug":"ferias-2","status":"publish","type":"page","link":"https:\/\/www.cameraitalianabarcelona.com\/ca\/ferias-2\/","title":{"rendered":"Ferias"},"content":{"rendered":"[vc_row][vc_column][vc_column_text align=center title=&#8221;FERIAS&#8221;]<a href=\"http:\/\/www.cameraitalianabarcelona.com\/wp-content\/uploads\/2011\/09\/articolo-2-2014-2.jpg\"><img loading=\"lazy\" decoding=\"async\" class=\"size-full wp-image-20842 aligncenter\" src=\"http:\/\/www.cameraitalianabarcelona.com\/wp-content\/uploads\/2011\/09\/articolo-2-2014-2.jpg\" alt=\"\" width=\"1000\" height=\"423\" srcset=\"https:\/\/www.cameraitalianabarcelona.com\/wp-content\/uploads\/2011\/09\/articolo-2-2014-2.jpg 1000w, https:\/\/www.cameraitalianabarcelona.com\/wp-content\/uploads\/2011\/09\/articolo-2-2014-2-300x127.jpg 300w, https:\/\/www.cameraitalianabarcelona.com\/wp-content\/uploads\/2011\/09\/articolo-2-2014-2-768x325.jpg 768w, https:\/\/www.cameraitalianabarcelona.com\/wp-content\/uploads\/2011\/09\/articolo-2-2014-2-330x140.jpg 330w, https:\/\/www.cameraitalianabarcelona.com\/wp-content\/uploads\/2011\/09\/articolo-2-2014-2-736x311.jpg 736w, https:\/\/www.cameraitalianabarcelona.com\/wp-content\/uploads\/2011\/09\/articolo-2-2014-2-414x175.jpg 414w\" sizes=\"auto, (max-width: 1000px) 100vw, 1000px\" \/><\/a><\/p>\n<p style=\"text-align: justify;\"><span style=\"color: #000000;\"><a href=\"http:\/\/www.cameraitalianabarcelona.com\/wp-content\/uploads\/2011\/09\/feria-foto.jpg\"><br \/>\n<\/a>Las ferias internacionales son una poderosa &nbsp;herramienta del marketing, un gran escaparate comercial y un medio de comunicaci\u00f3n importante.<\/span><\/p>\n<p style=\"text-align: justify;\"><span style=\"color: #000000;\">Una exposici\u00f3n representa una plataforma comercial estrat\u00e9gica donde se desarrolla una din\u00e1mica bidireccional (clientes\/proveedores \u2013 oferta\/demanda) que ofrece una interesante serie de oportunidades a los empresarios.<\/span><\/p>\n<p style=\"text-align: justify;\"><span style=\"color: #000000;\">Analizar el mercado y la competencia, iniciar un negocio y captar nuevos clientes son solo algunas de las &nbsp;ventajas ofrecidas por una feria.<\/span><\/p>\n<p style=\"text-align: justify;\"><span style=\"color: #000000;\">Adem\u00e1s presentar un producto o un servicio en un stand de un sal\u00f3n internacional permite una &nbsp;aceleraci\u00f3n del proceso de venta que optimiza la relaci\u00f3n coste de venta\/cliente, en un entorno privilegiado para una venta profesional.<\/span><\/p>\n<p style=\"text-align: justify;\"><span style=\"color: #000000;\">La C\u00e1mara de Comercio Italiana en Barcelona es colaborador oficial de las principales instituciones feriales Italianas y facilita la participaci\u00f3n de las empresas que apostan por la internacionalizaci\u00f3n.<\/span><\/p>\n<p style=\"text-align: center;\"><strong><span style=\"color: #000000;\">Para m\u00e1s&nbsp;informaci\u00f3n&nbsp;contactar con:<\/span><\/strong><\/p>\n<p style=\"text-align: center;\"><span style=\"color: #000000;\"><strong>Emanuela Esposito <\/strong><\/span><span style=\"color: #000000;\"><strong>(Responsable Ferias)&nbsp;<\/strong><\/span><\/p>\n<p style=\"text-align: center;\"><span style=\"text-decoration: underline;\"><span style=\"color: #000000; text-decoration: underline;\"><strong><a style=\"color: #000000; text-decoration: underline;\" href=\"mailto:emanuelaesposito@camaraitaliana.com\" target=\"_blank\" rel=\"noopener noreferrer\">emanuelaesposito@camaraitaliana.com<\/a><\/strong><\/span><\/span><\/p>\n[\/vc_column_text][\/vc_column][\/vc_row][vc_row][vc_column][vc_empty_space height=&#8221;64px&#8221;][vc_column_text title=&#8221;2026&#8243; align=&#8221;center&#8221;]\n[\/vc_column_text][\/vc_column][\/vc_row][vc_row fullwidth=&#8221;true&#8221; equal_columns=&#8221;true&#8221; css=&#8221;.vc_custom_1579255670378{margin-top: 0px !important;margin-right: 0px !important;margin-bottom: 0px !important;margin-left: 0px !important;border-top-width: 0px !important;border-right-width: 0px !important;border-bottom-width: 0px !important;border-left-width: 0px !important;padding-top: 0px !important;padding-right: 0px !important;padding-bottom: 0px !important;padding-left: 0px !important;}&#8221;][vc_column border_color=&#8221;rgba(255,255,255,0.29)&#8221; width=&#8221;1\/4&#8243; css=&#8221;.vc_custom_1568708963985{margin-top: 20px !important;margin-bottom: 20px !important;margin-left: 69px !important;border-top-width: 4px !important;border-right-width: 4px !important;border-bottom-width: 4px !important;border-left-width: 4px !important;padding-top: 8px !important;padding-right: 8px !important;padding-bottom: 8px !important;padding-left: 8px !important;border-left-color: rgba(13,181,10,0.29) !important;border-left-style: solid !important;border-right-color: rgba(13,181,10,0.29) !important;border-right-style: solid !important;border-top-color: rgba(13,181,10,0.29) !important;border-top-style: solid !important;border-bottom-color: rgba(13,181,10,0.29) !important;border-bottom-style: solid !important;}&#8221;][vc_column_text title=&#8221;15-17 FEBRERO&#8221; align=&#8221;center&#8221;]\n<p><a href=\"https:\/\/www.cameraitalianabarcelona.com\/beerfood-attraction-bbtech-expo\/\" target=\"_blank\" rel=\"noopener\"><img loading=\"lazy\" decoding=\"async\" class=\"aligncenter wp-image-39545 size-full\" src=\"http:\/\/www.cameraitalianabarcelona.com\/wp-content\/uploads\/2025\/06\/anteprima-8.jpg\" alt=\"\" width=\"670\" height=\"469\" srcset=\"https:\/\/www.cameraitalianabarcelona.com\/wp-content\/uploads\/2025\/06\/anteprima-8.jpg 670w, https:\/\/www.cameraitalianabarcelona.com\/wp-content\/uploads\/2025\/06\/anteprima-8-300x210.jpg 300w, https:\/\/www.cameraitalianabarcelona.com\/wp-content\/uploads\/2025\/06\/anteprima-8-330x231.jpg 330w, https:\/\/www.cameraitalianabarcelona.com\/wp-content\/uploads\/2025\/06\/anteprima-8-591x414.jpg 591w, https:\/\/www.cameraitalianabarcelona.com\/wp-content\/uploads\/2025\/06\/anteprima-8-414x290.jpg 414w\" sizes=\"auto, (max-width: 670px) 100vw, 670px\" \/><\/a><\/p>\n<h3 style=\"text-align: center;\" data-wp-editing=\"1\"><a href=\"https:\/\/www.cameraitalianabarcelona.com\/beerfood-attraction-bbtech-expo\/\">BEER&amp;FOOD ATTRACTION <\/a><\/h3>\n<h3 style=\"text-align: center;\" data-wp-editing=\"1\"><a href=\"https:\/\/www.cameraitalianabarcelona.com\/beerfood-attraction-bbtech-expo\/\">BB TECH EXPO<\/a><\/h3>\n<p style=\"text-align: center;\"><a href=\"https:\/\/www.cameraitalianabarcelona.com\/beerfood-attraction-bbtech-expo\/\">Sector: Cervezas artesanales, bebidas, food, tecnolog\u00eda, accessorios, materias primas&nbsp;<\/a><\/p>\n<p>&nbsp;<\/p>\n[\/vc_column_text][\/vc_column][vc_column border_color=&#8221;rgba(255,255,255,0.29)&#8221; width=&#8221;1\/4&#8243; css=&#8221;.vc_custom_1568708963985{margin-top: 20px !important;margin-bottom: 20px !important;margin-left: 69px !important;border-top-width: 4px !important;border-right-width: 4px !important;border-bottom-width: 4px !important;border-left-width: 4px !important;padding-top: 8px !important;padding-right: 8px !important;padding-bottom: 8px !important;padding-left: 8px !important;border-left-color: rgba(13,181,10,0.29) !important;border-left-style: solid !important;border-right-color: rgba(13,181,10,0.29) !important;border-right-style: solid !important;border-top-color: rgba(13,181,10,0.29) !important;border-top-style: solid !important;border-bottom-color: rgba(13,181,10,0.29) !important;border-bottom-style: solid !important;}&#8221;][vc_column_text title=&#8221;21 &#8211; 23 FEBRERO&#8221; align=&#8221;center&#8221;]\n<p>&nbsp;<\/p>\n<p><a href=\"https:\/\/www.cameraitalianabarcelona.com\/si-sposaitalia-collezioni-2\/\"><img loading=\"lazy\" decoding=\"async\" class=\"aligncenter size-full wp-image-40285\" src=\"http:\/\/www.cameraitalianabarcelona.com\/wp-content\/uploads\/2025\/10\/FOTO-2-.png\" alt=\"\" width=\"897\" height=\"307\" srcset=\"https:\/\/www.cameraitalianabarcelona.com\/wp-content\/uploads\/2025\/10\/FOTO-2-.png 897w, https:\/\/www.cameraitalianabarcelona.com\/wp-content\/uploads\/2025\/10\/FOTO-2--300x103.png 300w, https:\/\/www.cameraitalianabarcelona.com\/wp-content\/uploads\/2025\/10\/FOTO-2--768x263.png 768w, https:\/\/www.cameraitalianabarcelona.com\/wp-content\/uploads\/2025\/10\/FOTO-2--330x113.png 330w, https:\/\/www.cameraitalianabarcelona.com\/wp-content\/uploads\/2025\/10\/FOTO-2--736x252.png 736w, https:\/\/www.cameraitalianabarcelona.com\/wp-content\/uploads\/2025\/10\/FOTO-2--414x142.png 414w\" sizes=\"auto, (max-width: 897px) 100vw, 897px\" \/><\/a><\/p>\n<h3 style=\"text-align: center;\" data-wp-editing=\"1\"><a href=\"https:\/\/www.cameraitalianabarcelona.com\/si-sposaitalia-collezioni-2\/\">SI SPOSAITALIA<\/a><\/h3>\n<p style=\"text-align: center;\"><a href=\"https:\/\/www.cameraitalianabarcelona.com\/si-sposaitalia-collezioni-2\/\">Sector: <\/a><a href=\"https:\/\/www.cameraitalianabarcelona.com\/si-sposaitalia-collezioni-2\/\">Colecciones moda novia, ceremonia, accesorios nupciales<\/a><\/p>\n<p>&nbsp;<\/p>\n[\/vc_column_text][\/vc_column][vc_column width=&#8221;1\/4&#8243; css=&#8221;.vc_custom_1568708991256{margin-top: 20px !important;margin-right: 69px !important;margin-bottom: 20px !important;margin-left: 69px !important;border-top-width: 4px !important;border-right-width: 4px !important;border-bottom-width: 4px !important;border-left-width: 4px !important;padding-top: 8px !important;padding-right: 8px !important;padding-bottom: 8px !important;padding-left: 8px !important;border-left-color: rgba(13,181,10,0.29) !important;border-left-style: solid !important;border-right-color: rgba(13,181,10,0.29) !important;border-right-style: solid !important;border-top-color: rgba(13,181,10,0.29) !important;border-top-style: solid !important;border-bottom-color: rgba(13,181,10,0.29) !important;border-bottom-style: solid !important;}&#8221;][vc_column_text title=&#8221;21 &#8211; 23 FEBRERO&#8221; align=&#8221;center&#8221;]\n<p><a href=\"https:\/\/www.cameraitalianabarcelona.com\/milano-fashionjewels-3\/\"><img loading=\"lazy\" decoding=\"async\" class=\"alignnone size-medium\" src=\"http:\/\/www.cameraitalianabarcelona.com\/wp-content\/uploads\/2025\/10\/ant.jpg\" width=\"930\" height=\"508\"><\/a><\/p>\n<h3 style=\"text-align: center;\" data-wp-editing=\"1\"><a href=\"https:\/\/www.cameraitalianabarcelona.com\/milano-fashionjewels-3\/\">MILANO FASHION&amp;JEWELS<\/a><\/h3>\n<p style=\"text-align: center;\" data-wp-editing=\"1\"><a href=\"https:\/\/www.cameraitalianabarcelona.com\/milano-fashionjewels-3\/\">Sector: <\/a><a href=\"https:\/\/www.cameraitalianabarcelona.com\/milano-fashionjewels-3\/\">Joyeria, Bisuteria, Complementos, Moda<\/a><\/p>\n[\/vc_column_text][\/vc_column][\/vc_row][vc_row fullwidth=&#8221;true&#8221; equal_columns=&#8221;true&#8221; css=&#8221;.vc_custom_1579255670378{margin-top: 0px !important;margin-right: 0px !important;margin-bottom: 0px !important;margin-left: 0px !important;border-top-width: 0px !important;border-right-width: 0px !important;border-bottom-width: 0px !important;border-left-width: 0px !important;padding-top: 0px !important;padding-right: 0px !important;padding-bottom: 0px !important;padding-left: 0px !important;}&#8221;][vc_column border_color=&#8221;rgba(255,255,255,0.29)&#8221; width=&#8221;1\/4&#8243; css=&#8221;.vc_custom_1568708963985{margin-top: 20px !important;margin-bottom: 20px !important;margin-left: 69px !important;border-top-width: 4px !important;border-right-width: 4px !important;border-bottom-width: 4px !important;border-left-width: 4px !important;padding-top: 8px !important;padding-right: 8px !important;padding-bottom: 8px !important;padding-left: 8px !important;border-left-color: rgba(13,181,10,0.29) !important;border-left-style: solid !important;border-right-color: rgba(13,181,10,0.29) !important;border-right-style: solid !important;border-top-color: rgba(13,181,10,0.29) !important;border-top-style: solid !important;border-bottom-color: rgba(13,181,10,0.29) !important;border-bottom-style: solid !important;}&#8221;][vc_column_text title=&#8221;23-26 MARZO &#8221; align=&#8221;center&#8221;]\n<h3 style=\"text-align: center;\" data-wp-editing=\"1\"><a href=\"https:\/\/www.cameraitalianabarcelona.com\/alimentaria-3\/\"><img loading=\"lazy\" decoding=\"async\" class=\"alignnone size-medium\" src=\"http:\/\/www.cameraitalianabarcelona.com\/wp-content\/uploads\/2025\/12\/anteprima.jpg\" width=\"659\" height=\"507\"><\/a><\/h3>\n<h3 style=\"text-align: center;\" data-wp-editing=\"1\"><a href=\"https:\/\/www.cameraitalianabarcelona.com\/alimentaria-3\/\">ALIMENTARIA<\/a><\/h3>\n<p style=\"text-align: center;\"><a href=\"https:\/\/www.cameraitalianabarcelona.com\/alimentaria-3\/\">Sector: <\/a><a href=\"https:\/\/www.cameraitalianabarcelona.com\/alimentaria-3\/\"><span style=\"font-size: revert; color: initial;\">alimentaci\u00f3n, bebidas, food service<\/span><\/a><\/p>\n[\/vc_column_text][\/vc_column][vc_column border_color=&#8221;rgba(255,255,255,0.29)&#8221; width=&#8221;1\/4&#8243; css=&#8221;.vc_custom_1568708963985{margin-top: 20px !important;margin-bottom: 20px !important;margin-left: 69px !important;border-top-width: 4px !important;border-right-width: 4px !important;border-bottom-width: 4px !important;border-left-width: 4px !important;padding-top: 8px !important;padding-right: 8px !important;padding-bottom: 8px !important;padding-left: 8px !important;border-left-color: rgba(13,181,10,0.29) !important;border-left-style: solid !important;border-right-color: rgba(13,181,10,0.29) !important;border-right-style: solid !important;border-top-color: rgba(13,181,10,0.29) !important;border-top-style: solid !important;border-bottom-color: rgba(13,181,10,0.29) !important;border-bottom-style: solid !important;}&#8221;][vc_column_text title=&#8221;25 ABRIL-3 MAYO&#8221; align=&#8221;center&#8221;]\n<h3 style=\"text-align: center;\" data-wp-editing=\"1\"><a href=\"https:\/\/www.cameraitalianabarcelona.com\/mida-mostra-internazionale-dellartigianato\/\"><img loading=\"lazy\" decoding=\"async\" class=\"alignnone size-medium wp-image-40642\" src=\"http:\/\/www.cameraitalianabarcelona.com\/wp-content\/uploads\/2025\/11\/foto-anteprima-300x111.png\" alt=\"\" width=\"300\" height=\"111\" srcset=\"https:\/\/www.cameraitalianabarcelona.com\/wp-content\/uploads\/2025\/11\/foto-anteprima-300x111.png 300w, https:\/\/www.cameraitalianabarcelona.com\/wp-content\/uploads\/2025\/11\/foto-anteprima-768x284.png 768w, https:\/\/www.cameraitalianabarcelona.com\/wp-content\/uploads\/2025\/11\/foto-anteprima-330x122.png 330w, https:\/\/www.cameraitalianabarcelona.com\/wp-content\/uploads\/2025\/11\/foto-anteprima-736x272.png 736w, https:\/\/www.cameraitalianabarcelona.com\/wp-content\/uploads\/2025\/11\/foto-anteprima-414x153.png 414w, https:\/\/www.cameraitalianabarcelona.com\/wp-content\/uploads\/2025\/11\/foto-anteprima.png 851w\" sizes=\"auto, (max-width: 300px) 100vw, 300px\" \/><\/a><\/h3>\n<h3 style=\"text-align: center;\" data-wp-editing=\"1\"><a href=\"https:\/\/www.cameraitalianabarcelona.com\/mida-mostra-internazionale-dellartigianato\/\">MIDA &#8211; MOSTRA INTERNAZIONALE DELL&#8217;ARTIGIANATO<\/a><\/h3>\n<p style=\"text-align: center;\"><a href=\"https:\/\/www.cameraitalianabarcelona.com\/mida-mostra-internazionale-dellartigianato\/\">Sector: Artesan\u00eda<\/a><\/p>\n[\/vc_column_text][\/vc_column][vc_column width=&#8221;1\/4&#8243; css=&#8221;.vc_custom_1568708991256{margin-top: 20px !important;margin-right: 69px !important;margin-bottom: 20px !important;margin-left: 69px !important;border-top-width: 4px !important;border-right-width: 4px !important;border-bottom-width: 4px !important;border-left-width: 4px !important;padding-top: 8px !important;padding-right: 8px !important;padding-bottom: 8px !important;padding-left: 8px !important;border-left-color: rgba(13,181,10,0.29) !important;border-left-style: solid !important;border-right-color: rgba(13,181,10,0.29) !important;border-right-style: solid !important;border-top-color: rgba(13,181,10,0.29) !important;border-top-style: solid !important;border-bottom-color: rgba(13,181,10,0.29) !important;border-bottom-style: solid !important;}&#8221;][vc_column_text title=&#8221;12 &#8211; 14 SEPTIEMBRE&#8221; align=&#8221;center&#8221;]\n<p><a href=\"https:\/\/www.cameraitalianabarcelona.com\/milano-fashion-jewels-2\/\"><img loading=\"lazy\" decoding=\"async\" class=\"aligncenter wp-image-37915 size-full\" src=\"http:\/\/www.cameraitalianabarcelona.com\/wp-content\/uploads\/2026\/04\/Banner-MFJ.jpg\" alt=\"\" width=\"870\" height=\"457\"><\/a><\/p>\n<h3 style=\"text-align: center;\" data-wp-editing=\"1\"><a href=\"https:\/\/www.cameraitalianabarcelona.com\/milano-fashion-jewels-2\/\">MILANO FASHION&amp;JEWELS<\/a><\/h3>\n<p style=\"text-align: center;\"><a href=\"https:\/\/www.cameraitalianabarcelona.com\/autentica-premium-food\/\"><span style=\"color: #000000;\">Sector: Joyeria, Bisuteria, Complementos, Moda<\/span><\/a><\/p>\n[\/vc_column_text][\/vc_column][\/vc_row][vc_row fullwidth=&#8221;true&#8221; equal_columns=&#8221;true&#8221; css=&#8221;.vc_custom_1579255670378{margin-top: 0px !important;margin-right: 0px !important;margin-bottom: 0px !important;margin-left: 0px !important;border-top-width: 0px !important;border-right-width: 0px !important;border-bottom-width: 0px !important;border-left-width: 0px !important;padding-top: 0px !important;padding-right: 0px !important;padding-bottom: 0px !important;padding-left: 0px !important;}&#8221;][vc_column border_color=&#8221;rgba(255,255,255,0.29)&#8221; width=&#8221;1\/4&#8243; css=&#8221;.vc_custom_1568708963985{margin-top: 20px !important;margin-bottom: 20px !important;margin-left: 69px !important;border-top-width: 4px !important;border-right-width: 4px !important;border-bottom-width: 4px !important;border-left-width: 4px !important;padding-top: 8px !important;padding-right: 8px !important;padding-bottom: 8px !important;padding-left: 8px !important;border-left-color: rgba(13,181,10,0.29) !important;border-left-style: solid !important;border-right-color: rgba(13,181,10,0.29) !important;border-right-style: solid !important;border-top-color: rgba(13,181,10,0.29) !important;border-top-style: solid !important;border-bottom-color: rgba(13,181,10,0.29) !important;border-bottom-style: solid !important;}&#8221;][vc_column_text title=&#8221;26 &#8211; 28 OCTUBRE&#8221; align=&#8221;center&#8221;]\n<h3 style=\"text-align: center;\"><span style=\"color: #000000;\"><a style=\"color: #000000;\" href=\"https:\/\/www.cameraitalianabarcelona.com\/jewels-of-campania-2\/\"><img loading=\"lazy\" decoding=\"async\" class=\"aligncenter size-large wp-image-39540\" src=\"http:\/\/www.cameraitalianabarcelona.com\/wp-content\/uploads\/2026\/04\/descarga-6-rotated.jpg\" alt=\"\" width=\"1024\" height=\"441\">JEWELS OF CAMPANIA<\/a><\/span><\/h3>\n<p style=\"text-align: center;\"><span style=\"color: #000000;\"><a style=\"color: #000000;\" href=\"https:\/\/www.cameraitalianabarcelona.com\/jewels-of-campania-2\/\">Sector: <\/a><a href=\"https:\/\/www.cameraitalianabarcelona.com\/jewels-of-campania-2\/\">Alta joyeria, piedras preciosas<\/a><\/span><\/p>\n<p>&nbsp;<\/p>\n<p>&nbsp;<\/p>\n[\/vc_column_text][\/vc_column][\/vc_row][vc_row][vc_column][vc_empty_space height=&#8221;64px&#8221;][vc_column_text title=&#8221;2025&#8243; align=&#8221;center&#8221;]\n[\/vc_column_text][\/vc_column][\/vc_row][vc_row fullwidth=&#8221;true&#8221; equal_columns=&#8221;true&#8221; css=&#8221;.vc_custom_1579255670378{margin-top: 0px !important;margin-right: 0px !important;margin-bottom: 0px !important;margin-left: 0px !important;border-top-width: 0px !important;border-right-width: 0px !important;border-bottom-width: 0px !important;border-left-width: 0px !important;padding-top: 0px !important;padding-right: 0px !important;padding-bottom: 0px !important;padding-left: 0px !important;}&#8221;][vc_column border_color=&#8221;rgba(255,255,255,0.29)&#8221; width=&#8221;1\/4&#8243; css=&#8221;.vc_custom_1568708963985{margin-top: 20px !important;margin-bottom: 20px !important;margin-left: 69px !important;border-top-width: 4px !important;border-right-width: 4px !important;border-bottom-width: 4px !important;border-left-width: 4px !important;padding-top: 8px !important;padding-right: 8px !important;padding-bottom: 8px !important;padding-left: 8px !important;border-left-color: rgba(13,181,10,0.29) !important;border-left-style: solid !important;border-right-color: rgba(13,181,10,0.29) !important;border-right-style: solid !important;border-top-color: rgba(13,181,10,0.29) !important;border-top-style: solid !important;border-bottom-color: rgba(13,181,10,0.29) !important;border-bottom-style: solid !important;}&#8221;][vc_column_text title=&#8221;16 &#8211; 18 FEBRERO&#8221; align=&#8221;center&#8221;]\n<h3 style=\"text-align: center;\" data-wp-editing=\"1\"><strong><a href=\"https:\/\/www.cameraitalianabarcelona.com\/beer-and-food-attraction-2025\/\"><img loading=\"lazy\" decoding=\"async\" class=\"size-full wp-image-36063 aligncenter\" src=\"http:\/\/www.cameraitalianabarcelona.com\/wp-content\/uploads\/2024\/05\/FOTO-03.jpg\" alt=\"\" width=\"2280\" height=\"1000\" srcset=\"https:\/\/www.cameraitalianabarcelona.com\/wp-content\/uploads\/2024\/05\/FOTO-03.jpg 2280w, https:\/\/www.cameraitalianabarcelona.com\/wp-content\/uploads\/2024\/05\/FOTO-03-300x132.jpg 300w, https:\/\/www.cameraitalianabarcelona.com\/wp-content\/uploads\/2024\/05\/FOTO-03-1024x449.jpg 1024w, https:\/\/www.cameraitalianabarcelona.com\/wp-content\/uploads\/2024\/05\/FOTO-03-768x337.jpg 768w, https:\/\/www.cameraitalianabarcelona.com\/wp-content\/uploads\/2024\/05\/FOTO-03-1536x674.jpg 1536w, https:\/\/www.cameraitalianabarcelona.com\/wp-content\/uploads\/2024\/05\/FOTO-03-2048x898.jpg 2048w, https:\/\/www.cameraitalianabarcelona.com\/wp-content\/uploads\/2024\/05\/FOTO-03-330x145.jpg 330w, https:\/\/www.cameraitalianabarcelona.com\/wp-content\/uploads\/2024\/05\/FOTO-03-1920x842.jpg 1920w, https:\/\/www.cameraitalianabarcelona.com\/wp-content\/uploads\/2024\/05\/FOTO-03-736x323.jpg 736w, https:\/\/www.cameraitalianabarcelona.com\/wp-content\/uploads\/2024\/05\/FOTO-03-1280x561.jpg 1280w, https:\/\/www.cameraitalianabarcelona.com\/wp-content\/uploads\/2024\/05\/FOTO-03-414x182.jpg 414w\" sizes=\"auto, (max-width: 2280px) 100vw, 2280px\" \/><\/a><\/strong><a href=\"https:\/\/www.cameraitalianabarcelona.com\/beer-and-food-attraction-2025\/\">BEER&amp;FOOD ATTRACTION<\/a><\/h3>\n<h3 style=\"text-align: center;\" data-wp-editing=\"1\"><strong><a href=\"https:\/\/www.cameraitalianabarcelona.com\/beer-and-food-attraction-2025\/\">BB TECH EXPO<\/a><\/strong><\/h3>\n<p style=\"text-align: center;\"><span style=\"color: #000000;\"><a style=\"color: #000000;\" href=\"https:\/\/www.cameraitalianabarcelona.com\/beer-and-food-attraction-2025\/\">Sector: <\/a><a href=\"https:\/\/www.cameraitalianabarcelona.com\/beer-and-food-attraction-2025\/\">Cervezas artesanales, bebidas, food, tecnologia, accessorios, materias primas&nbsp;<\/a><\/span><\/p>\n[\/vc_column_text][\/vc_column][vc_column width=&#8221;1\/4&#8243; css=&#8221;.vc_custom_1568708991256{margin-top: 20px !important;margin-right: 69px !important;margin-bottom: 20px !important;margin-left: 69px !important;border-top-width: 4px !important;border-right-width: 4px !important;border-bottom-width: 4px !important;border-left-width: 4px !important;padding-top: 8px !important;padding-right: 8px !important;padding-bottom: 8px !important;padding-left: 8px !important;border-left-color: rgba(13,181,10,0.29) !important;border-left-style: solid !important;border-right-color: rgba(13,181,10,0.29) !important;border-right-style: solid !important;border-top-color: rgba(13,181,10,0.29) !important;border-top-style: solid !important;border-bottom-color: rgba(13,181,10,0.29) !important;border-bottom-style: solid !important;}&#8221;][vc_column_text title=&#8221;22- 25 FEBRERO&#8221; align=&#8221;center&#8221;]\n<p><a href=\"https:\/\/www.cameraitalianabarcelona.com\/milano-fashionjewels-feb25\/\"><img loading=\"lazy\" decoding=\"async\" class=\"alignnone wp-image-37623 size-full\" src=\"http:\/\/www.cameraitalianabarcelona.com\/wp-content\/uploads\/2024\/11\/copertina-MFJ.png\" alt=\"\" width=\"4398\" height=\"2474\" srcset=\"https:\/\/www.cameraitalianabarcelona.com\/wp-content\/uploads\/2024\/11\/copertina-MFJ.png 4398w, https:\/\/www.cameraitalianabarcelona.com\/wp-content\/uploads\/2024\/11\/copertina-MFJ-300x169.png 300w, https:\/\/www.cameraitalianabarcelona.com\/wp-content\/uploads\/2024\/11\/copertina-MFJ-1024x576.png 1024w, https:\/\/www.cameraitalianabarcelona.com\/wp-content\/uploads\/2024\/11\/copertina-MFJ-768x432.png 768w, https:\/\/www.cameraitalianabarcelona.com\/wp-content\/uploads\/2024\/11\/copertina-MFJ-1536x864.png 1536w, https:\/\/www.cameraitalianabarcelona.com\/wp-content\/uploads\/2024\/11\/copertina-MFJ-2048x1152.png 2048w, https:\/\/www.cameraitalianabarcelona.com\/wp-content\/uploads\/2024\/11\/copertina-MFJ-330x186.png 330w, https:\/\/www.cameraitalianabarcelona.com\/wp-content\/uploads\/2024\/11\/copertina-MFJ-1920x1080.png 1920w, https:\/\/www.cameraitalianabarcelona.com\/wp-content\/uploads\/2024\/11\/copertina-MFJ-736x414.png 736w, https:\/\/www.cameraitalianabarcelona.com\/wp-content\/uploads\/2024\/11\/copertina-MFJ-1280x720.png 1280w, https:\/\/www.cameraitalianabarcelona.com\/wp-content\/uploads\/2024\/11\/copertina-MFJ-414x233.png 414w\" sizes=\"auto, (max-width: 4398px) 100vw, 4398px\" \/><\/a><\/p>\n<h3 style=\"text-align: center;\" data-wp-editing=\"1\"><a href=\"https:\/\/www.cameraitalianabarcelona.com\/milano-fashionjewels-feb25\/\">MILANO FASHION&amp;JEWELS&nbsp;<\/a><\/h3>\n<p style=\"text-align: center;\"><a href=\"https:\/\/www.cameraitalianabarcelona.com\/milano-fashionjewels\/\"><span style=\"color: #000000;\">Sector: <\/span><\/a><a href=\"https:\/\/www.cameraitalianabarcelona.com\/milano-fashionjewels-feb25\/\">Joyeria, Bisuteria, Complementos, Moda<\/a><\/p>\n[\/vc_column_text][\/vc_column][vc_column width=&#8221;1\/4&#8243; css=&#8221;.vc_custom_1572278451534{margin-top: 20px !important;margin-right: 69px !important;margin-bottom: 20px !important;margin-left: 0px !important;border-top-width: 4px !important;border-right-width: 4px !important;border-bottom-width: 4px !important;border-left-width: 4px !important;padding-top: 8px !important;padding-right: 8px !important;padding-bottom: 8px !important;padding-left: 8px !important;border-left-color: rgba(13,181,10,0.29) !important;border-left-style: solid !important;border-right-color: rgba(13,181,10,0.29) !important;border-right-style: solid !important;border-top-color: rgba(13,181,10,0.29) !important;border-top-style: solid !important;border-bottom-color: rgba(13,181,10,0.29) !important;border-bottom-style: solid !important;}&#8221;][vc_column_text title=&#8221;4 &#8211; 6 ABRIL&#8221; align=&#8221;center&#8221;]\n<p><img loading=\"lazy\" decoding=\"async\" class=\"alignnone size-full wp-image-36999 aligncenter\" src=\"http:\/\/www.cameraitalianabarcelona.com\/wp-content\/uploads\/2024\/10\/Immagine-principale.png\" alt=\"\" width=\"1285\" height=\"720\" srcset=\"https:\/\/www.cameraitalianabarcelona.com\/wp-content\/uploads\/2024\/10\/Immagine-principale.png 1285w, https:\/\/www.cameraitalianabarcelona.com\/wp-content\/uploads\/2024\/10\/Immagine-principale-300x168.png 300w, https:\/\/www.cameraitalianabarcelona.com\/wp-content\/uploads\/2024\/10\/Immagine-principale-1024x574.png 1024w, https:\/\/www.cameraitalianabarcelona.com\/wp-content\/uploads\/2024\/10\/Immagine-principale-768x430.png 768w\" sizes=\"auto, (max-width: 1285px) 100vw, 1285px\" \/><\/p>\n<h3 style=\"text-align: center;\"><a href=\"https:\/\/www.cameraitalianabarcelona.com\/si-sposaitalia-collezioni\/\"><span style=\"color: #000000;\">S\u00cc SPOSAITALIA COLLEZIONI<\/span><\/a><\/h3>\n<p style=\"text-align: center;\"><a href=\"https:\/\/www.cameraitalianabarcelona.com\/si-sposaitalia-collezioni\/\"><span style=\"color: #000000;\">Sector: Colecciones moda novia, ceremonia, accesorios nupciales<\/span><\/a><\/p>\n[\/vc_column_text][\/vc_column][\/vc_row][vc_row fullwidth=&#8221;true&#8221; equal_columns=&#8221;true&#8221; css=&#8221;.vc_custom_1579255670378{margin-top: 0px !important;margin-right: 0px !important;margin-bottom: 0px !important;margin-left: 0px !important;border-top-width: 0px !important;border-right-width: 0px !important;border-bottom-width: 0px !important;border-left-width: 0px !important;padding-top: 0px !important;padding-right: 0px !important;padding-bottom: 0px !important;padding-left: 0px !important;}&#8221;][vc_column border_color=&#8221;rgba(255,255,255,0.29)&#8221; width=&#8221;1\/4&#8243; css=&#8221;.vc_custom_1568708963985{margin-top: 20px !important;margin-bottom: 20px !important;margin-left: 69px !important;border-top-width: 4px !important;border-right-width: 4px !important;border-bottom-width: 4px !important;border-left-width: 4px !important;padding-top: 8px !important;padding-right: 8px !important;padding-bottom: 8px !important;padding-left: 8px !important;border-left-color: rgba(13,181,10,0.29) !important;border-left-style: solid !important;border-right-color: rgba(13,181,10,0.29) !important;border-right-style: solid !important;border-top-color: rgba(13,181,10,0.29) !important;border-top-style: solid !important;border-bottom-color: rgba(13,181,10,0.29) !important;border-bottom-style: solid !important;}&#8221;][vc_column_text title=&#8221;25 ABRIL &#8211; 1 MAYO&#8221; align=&#8221;center&#8221;]\n<p><img loading=\"lazy\" decoding=\"async\" class=\"alignnone wp-image-36879 size-full\" src=\"http:\/\/www.cameraitalianabarcelona.com\/wp-content\/uploads\/2024\/10\/Screenshot-2024-09-19-123815.png\" alt=\"\" width=\"1508\" height=\"844\" srcset=\"https:\/\/www.cameraitalianabarcelona.com\/wp-content\/uploads\/2024\/10\/Screenshot-2024-09-19-123815.png 1508w, https:\/\/www.cameraitalianabarcelona.com\/wp-content\/uploads\/2024\/10\/Screenshot-2024-09-19-123815-300x168.png 300w, https:\/\/www.cameraitalianabarcelona.com\/wp-content\/uploads\/2024\/10\/Screenshot-2024-09-19-123815-1024x573.png 1024w, https:\/\/www.cameraitalianabarcelona.com\/wp-content\/uploads\/2024\/10\/Screenshot-2024-09-19-123815-768x430.png 768w\" sizes=\"auto, (max-width: 1508px) 100vw, 1508px\" \/><\/p>\n<h3 style=\"text-align: center;\"><span style=\"color: #000000;\"><a style=\"color: #000000;\" href=\"https:\/\/www.cameraitalianabarcelona.com\/mida-2025\/\">M<\/a><\/span><span style=\"color: #000000;\"><a style=\"color: #000000;\" href=\"https:\/\/www.cameraitalianabarcelona.com\/mida-2025\/\">IDA<\/a><\/span><span style=\"color: #000000;\"><a style=\"color: #000000;\" href=\"https:\/\/www.cameraitalianabarcelona.com\/mida-2025\/\"> &#8211; MOSTRA INTERNAZIONALE DELL&#8217;ARTIGIANATO<\/a><\/span><\/h3>\n<p style=\"text-align: center;\"><span style=\"color: #000000;\"><a style=\"color: #000000;\" href=\"https:\/\/www.cameraitalianabarcelona.com\/mida-2025\/\">Sector: <span class=\"mw-page-title-main\">Artesan\u00eda<\/span><\/a><\/span><\/p>\n[\/vc_column_text][\/vc_column][vc_column width=&#8221;1\/4&#8243; css=&#8221;.vc_custom_1568708991256{margin-top: 20px !important;margin-right: 69px !important;margin-bottom: 20px !important;margin-left: 69px !important;border-top-width: 4px !important;border-right-width: 4px !important;border-bottom-width: 4px !important;border-left-width: 4px !important;padding-top: 8px !important;padding-right: 8px !important;padding-bottom: 8px !important;padding-left: 8px !important;border-left-color: rgba(13,181,10,0.29) !important;border-left-style: solid !important;border-right-color: rgba(13,181,10,0.29) !important;border-right-style: solid !important;border-top-color: rgba(13,181,10,0.29) !important;border-top-style: solid !important;border-bottom-color: rgba(13,181,10,0.29) !important;border-bottom-style: solid !important;}&#8221;][vc_column_text title=&#8221;7 &#8211; 9 JUNIO&#8221; align=&#8221;center&#8221;]\n<h3 style=\"text-align: center;\" data-wp-editing=\"1\"><a href=\"https:\/\/www.cameraitalianabarcelona.com\/med-italy\/\"><img loading=\"lazy\" decoding=\"async\" class=\"aligncenter wp-image-38397 size-full\" src=\"http:\/\/www.cameraitalianabarcelona.com\/wp-content\/uploads\/2025\/03\/img1-1.png\" alt=\"\" width=\"1918\" height=\"955\" srcset=\"https:\/\/www.cameraitalianabarcelona.com\/wp-content\/uploads\/2025\/03\/img1-1.png 1918w, https:\/\/www.cameraitalianabarcelona.com\/wp-content\/uploads\/2025\/03\/img1-1-300x149.png 300w, https:\/\/www.cameraitalianabarcelona.com\/wp-content\/uploads\/2025\/03\/img1-1-1024x510.png 1024w, https:\/\/www.cameraitalianabarcelona.com\/wp-content\/uploads\/2025\/03\/img1-1-768x382.png 768w, https:\/\/www.cameraitalianabarcelona.com\/wp-content\/uploads\/2025\/03\/img1-1-1536x765.png 1536w, https:\/\/www.cameraitalianabarcelona.com\/wp-content\/uploads\/2025\/03\/img1-1-330x164.png 330w, https:\/\/www.cameraitalianabarcelona.com\/wp-content\/uploads\/2025\/03\/img1-1-600x300.png 600w, https:\/\/www.cameraitalianabarcelona.com\/wp-content\/uploads\/2025\/03\/img1-1-736x366.png 736w, https:\/\/www.cameraitalianabarcelona.com\/wp-content\/uploads\/2025\/03\/img1-1-1280x637.png 1280w, https:\/\/www.cameraitalianabarcelona.com\/wp-content\/uploads\/2025\/03\/img1-1-414x206.png 414w\" sizes=\"auto, (max-width: 1918px) 100vw, 1918px\" \/><\/a><\/h3>\n<h3 style=\"text-align: center;\" data-wp-editing=\"1\"><a href=\"https:\/\/www.cameraitalianabarcelona.com\/med-italy\/\">MED ITALY<\/a><\/h3>\n<p style=\"text-align: center;\"><a href=\"https:\/\/www.cameraitalianabarcelona.com\/med-italy\/\"><span style=\"color: #000000;\">Sector: Colecciones moda novia-novio<strong>,&nbsp;<\/strong>ceremonia, accesorios nupciales, vestidos de fiesta<\/span><\/a><\/p>\n[\/vc_column_text][\/vc_column][vc_column width=&#8221;1\/4&#8243; css=&#8221;.vc_custom_1572278451534{margin-top: 20px !important;margin-right: 69px !important;margin-bottom: 20px !important;margin-left: 0px !important;border-top-width: 4px !important;border-right-width: 4px !important;border-bottom-width: 4px !important;border-left-width: 4px !important;padding-top: 8px !important;padding-right: 8px !important;padding-bottom: 8px !important;padding-left: 8px !important;border-left-color: rgba(13,181,10,0.29) !important;border-left-style: solid !important;border-right-color: rgba(13,181,10,0.29) !important;border-right-style: solid !important;border-top-color: rgba(13,181,10,0.29) !important;border-top-style: solid !important;border-bottom-color: rgba(13,181,10,0.29) !important;border-bottom-style: solid !important;}&#8221;][vc_column_text title=&#8221;15 &#8211; 16 SEPTIEMBRE&#8221; align=&#8221;center&#8221;]\n<p><a href=\"https:\/\/www.cameraitalianabarcelona.com\/autentica-premium-food\/\"><img loading=\"lazy\" decoding=\"async\" class=\"aligncenter wp-image-37915 size-full\" src=\"http:\/\/www.cameraitalianabarcelona.com\/wp-content\/uploads\/2025\/02\/4411.jpg\" alt=\"\" width=\"870\" height=\"457\" srcset=\"https:\/\/www.cameraitalianabarcelona.com\/wp-content\/uploads\/2025\/02\/4411.jpg 870w, https:\/\/www.cameraitalianabarcelona.com\/wp-content\/uploads\/2025\/02\/4411-300x158.jpg 300w, https:\/\/www.cameraitalianabarcelona.com\/wp-content\/uploads\/2025\/02\/4411-768x403.jpg 768w, https:\/\/www.cameraitalianabarcelona.com\/wp-content\/uploads\/2025\/02\/4411-330x173.jpg 330w, https:\/\/www.cameraitalianabarcelona.com\/wp-content\/uploads\/2025\/02\/4411-736x387.jpg 736w, https:\/\/www.cameraitalianabarcelona.com\/wp-content\/uploads\/2025\/02\/4411-414x217.jpg 414w\" sizes=\"auto, (max-width: 870px) 100vw, 870px\" \/><\/a><\/p>\n<h3 style=\"text-align: center;\" data-wp-editing=\"1\"><a href=\"https:\/\/www.cameraitalianabarcelona.com\/autentica-premium-food\/\">AUTENTICA, Premium Food<\/a><\/h3>\n<p style=\"text-align: center;\"><a href=\"https:\/\/www.cameraitalianabarcelona.com\/autentica-premium-food\/\"><span style=\"color: #000000;\">Sector: <\/span>Alimentaci\u00f3n, Bebidas, Restauraci\u00f3n del Mediterr\u00e1neo&nbsp;<\/a><\/p>\n[\/vc_column_text][\/vc_column][\/vc_row][vc_row fullwidth=&#8221;true&#8221; equal_columns=&#8221;true&#8221; css=&#8221;.vc_custom_1579255670378{margin-top: 0px !important;margin-right: 0px !important;margin-bottom: 0px !important;margin-left: 0px !important;border-top-width: 0px !important;border-right-width: 0px !important;border-bottom-width: 0px !important;border-left-width: 0px !important;padding-top: 0px !important;padding-right: 0px !important;padding-bottom: 0px !important;padding-left: 0px !important;}&#8221;][vc_column border_color=&#8221;rgba(255,255,255,0.29)&#8221; width=&#8221;1\/4&#8243; css=&#8221;.vc_custom_1568708963985{margin-top: 20px !important;margin-bottom: 20px !important;margin-left: 69px !important;border-top-width: 4px !important;border-right-width: 4px !important;border-bottom-width: 4px !important;border-left-width: 4px !important;padding-top: 8px !important;padding-right: 8px !important;padding-bottom: 8px !important;padding-left: 8px !important;border-left-color: rgba(13,181,10,0.29) !important;border-left-style: solid !important;border-right-color: rgba(13,181,10,0.29) !important;border-right-style: solid !important;border-top-color: rgba(13,181,10,0.29) !important;border-top-style: solid !important;border-bottom-color: rgba(13,181,10,0.29) !important;border-bottom-style: solid !important;}&#8221;][vc_column_text title=&#8221;20 &#8211; 23 SEPTIEMBRE&#8221; align=&#8221;center&#8221;]\n<h3 style=\"text-align: center;\"><span style=\"color: #000000;\"><a style=\"color: #000000;\" href=\"https:\/\/www.cameraitalianabarcelona.com\/milano-fashion-jewels\/\"><img loading=\"lazy\" decoding=\"async\" class=\"aligncenter size-large wp-image-39540\" src=\"http:\/\/www.cameraitalianabarcelona.com\/wp-content\/uploads\/2025\/06\/anteprima-6-1024x441.jpg\" alt=\"\" width=\"1024\" height=\"441\" srcset=\"https:\/\/www.cameraitalianabarcelona.com\/wp-content\/uploads\/2025\/06\/anteprima-6-1024x441.jpg 1024w, https:\/\/www.cameraitalianabarcelona.com\/wp-content\/uploads\/2025\/06\/anteprima-6-300x129.jpg 300w, https:\/\/www.cameraitalianabarcelona.com\/wp-content\/uploads\/2025\/06\/anteprima-6-768x331.jpg 768w, https:\/\/www.cameraitalianabarcelona.com\/wp-content\/uploads\/2025\/06\/anteprima-6-330x142.jpg 330w, https:\/\/www.cameraitalianabarcelona.com\/wp-content\/uploads\/2025\/06\/anteprima-6-736x317.jpg 736w, https:\/\/www.cameraitalianabarcelona.com\/wp-content\/uploads\/2025\/06\/anteprima-6-414x178.jpg 414w, https:\/\/www.cameraitalianabarcelona.com\/wp-content\/uploads\/2025\/06\/anteprima-6.jpg 1042w\" sizes=\"auto, (max-width: 1024px) 100vw, 1024px\" \/>MILANO FASHION&amp;JEWELS<\/a><\/span><\/h3>\n<p style=\"text-align: center;\"><span style=\"color: #000000;\"><a style=\"color: #000000;\" href=\"https:\/\/www.cameraitalianabarcelona.com\/milano-fashion-jewels\/\">Sector: <\/a><a href=\"https:\/\/www.cameraitalianabarcelona.com\/milano-fashionjewels-feb25\/\">Joyeria, Bisuteria, Complementos, Moda<\/a><\/span><\/p>\n[\/vc_column_text][\/vc_column][vc_column width=&#8221;1\/4&#8243; css=&#8221;.vc_custom_1568708991256{margin-top: 20px !important;margin-right: 69px !important;margin-bottom: 20px !important;margin-left: 0px !important;border-top-width: 4px !important;border-right-width: 4px !important;border-bottom-width: 4px !important;border-left-width: 4px !important;padding-top: 8px !important;padding-right: 8px !important;padding-bottom: 8px !important;padding-left: 8px !important;border-left-color: rgba(13,181,10,0.29) !important;border-left-style: solid !important;border-right-color: rgba(13,181,10,0.29) !important;border-right-style: solid !important;border-top-color: rgba(13,181,10,0.29) !important;border-top-style: solid !important;border-bottom-color: rgba(13,181,10,0.29) !important;border-bottom-style: solid !important;}&#8221;][vc_column_text title=&#8221;17 &#8211; 21 OCTUBRE&#8221; align=&#8221;center&#8221;]\n<p><a href=\"https:\/\/www.cameraitalianabarcelona.com\/hostmilano-2\/\"><img loading=\"lazy\" decoding=\"async\" class=\"aligncenter wp-image-38060 size-full\" src=\"http:\/\/www.cameraitalianabarcelona.com\/wp-content\/uploads\/2025\/03\/img3.png\" alt=\"\" width=\"2048\" height=\"1073\" srcset=\"https:\/\/www.cameraitalianabarcelona.com\/wp-content\/uploads\/2025\/03\/img3.png 2048w, https:\/\/www.cameraitalianabarcelona.com\/wp-content\/uploads\/2025\/03\/img3-300x157.png 300w, https:\/\/www.cameraitalianabarcelona.com\/wp-content\/uploads\/2025\/03\/img3-1024x537.png 1024w, https:\/\/www.cameraitalianabarcelona.com\/wp-content\/uploads\/2025\/03\/img3-768x402.png 768w\" sizes=\"auto, (max-width: 2048px) 100vw, 2048px\" \/><\/a><\/p>\n<h3 style=\"text-align: center;\" data-wp-editing=\"1\"><a href=\"https:\/\/www.cameraitalianabarcelona.com\/hostmilano-2\/\">HOSTMILANO<\/a><\/h3>\n<p style=\"text-align: center;\"><a href=\"https:\/\/www.cameraitalianabarcelona.com\/hostmilano-2\/\"><span style=\"color: #000000;\">Sector: Ho.Re.Ca, Hosteler\u00eda, Restauraci\u00f3n Profesional<\/span><\/a><\/p>\n[\/vc_column_text][\/vc_column][vc_column width=&#8221;1\/4&#8243; css=&#8221;.vc_custom_1572278451534{margin-top: 20px !important;margin-right: 69px !important;margin-bottom: 20px !important;margin-left: 0px !important;border-top-width: 4px !important;border-right-width: 4px !important;border-bottom-width: 4px !important;border-left-width: 4px !important;padding-top: 8px !important;padding-right: 8px !important;padding-bottom: 8px !important;padding-left: 8px !important;border-left-color: rgba(13,181,10,0.29) !important;border-left-style: solid !important;border-right-color: rgba(13,181,10,0.29) !important;border-right-style: solid !important;border-top-color: rgba(13,181,10,0.29) !important;border-top-style: solid !important;border-bottom-color: rgba(13,181,10,0.29) !important;border-bottom-style: solid !important;}&#8221;][vc_column_text title=&#8221;12-13 NOVIEMBRE&#8221; align=&#8221;center&#8221;]\n<p><a href=\"https:\/\/www.cameraitalianabarcelona.com\/jewels-of-campania\/\"><img loading=\"lazy\" decoding=\"async\" class=\"alignnone size-medium aligncenter\" src=\"http:\/\/www.cameraitalianabarcelona.com\/wp-content\/uploads\/2025\/11\/foto-anteprima.jpg\" width=\"449\" height=\"227\"><\/a><\/p>\n<h3 style=\"text-align: center;\" data-wp-editing=\"1\"><a href=\"https:\/\/www.cameraitalianabarcelona.com\/jewels-of-campania\/\">JEWELS OF CAMPANIA<\/a><\/h3>\n<p style=\"text-align: center;\"><a href=\"https:\/\/www.cameraitalianabarcelona.com\/jewels-of-campania\/\"><span style=\"color: #000000;\">Sector: Alta Joyeria, piedras preciosas<\/span><\/a><\/p>\n[\/vc_column_text][\/vc_column][\/vc_row][vc_row][vc_column][vc_empty_space height=&#8221;64px&#8221;][vc_column_text title=&#8221;2024&#8243; align=&#8221;center&#8221;]\n[\/vc_column_text][\/vc_column][\/vc_row][vc_row fullwidth=&#8221;true&#8221; equal_columns=&#8221;true&#8221; css=&#8221;.vc_custom_1579255670378{margin-top: 0px !important;margin-right: 0px !important;margin-bottom: 0px !important;margin-left: 0px !important;border-top-width: 0px !important;border-right-width: 0px !important;border-bottom-width: 0px !important;border-left-width: 0px !important;padding-top: 0px !important;padding-right: 0px !important;padding-bottom: 0px !important;padding-left: 0px !important;}&#8221;][vc_column border_color=&#8221;rgba(255,255,255,0.29)&#8221; width=&#8221;1\/4&#8243; css=&#8221;.vc_custom_1568708963985{margin-top: 20px !important;margin-bottom: 20px !important;margin-left: 69px !important;border-top-width: 4px !important;border-right-width: 4px !important;border-bottom-width: 4px !important;border-left-width: 4px !important;padding-top: 8px !important;padding-right: 8px !important;padding-bottom: 8px !important;padding-left: 8px !important;border-left-color: rgba(13,181,10,0.29) !important;border-left-style: solid !important;border-right-color: rgba(13,181,10,0.29) !important;border-right-style: solid !important;border-top-color: rgba(13,181,10,0.29) !important;border-top-style: solid !important;border-bottom-color: rgba(13,181,10,0.29) !important;border-bottom-style: solid !important;}&#8221;][vc_column_text title=&#8221;18 &#8211; 21 FEBRERO&#8221; align=&#8221;center&#8221;]\n<h6 style=\"text-align: center;\" data-wp-editing=\"1\"><span style=\"color: #000000;\"><strong><a href=\"https:\/\/www.cameraitalianabarcelona.com\/milano-fashionjewels\/\"><img loading=\"lazy\" decoding=\"async\" class=\"aligncenter wp-image-33747 size-medium\" src=\"https:\/\/www.cameraitalianabarcelona.com\/wp-content\/uploads\/2023\/11\/MilanoFJ_old_website_banner-300x100.png\" alt=\"\" width=\"300\" height=\"100\" srcset=\"https:\/\/www.cameraitalianabarcelona.com\/wp-content\/uploads\/2023\/11\/MilanoFJ_old_website_banner-300x100.png 300w, https:\/\/www.cameraitalianabarcelona.com\/wp-content\/uploads\/2023\/11\/MilanoFJ_old_website_banner-768x256.png 768w, https:\/\/www.cameraitalianabarcelona.com\/wp-content\/uploads\/2023\/11\/MilanoFJ_old_website_banner-330x110.png 330w, https:\/\/www.cameraitalianabarcelona.com\/wp-content\/uploads\/2023\/11\/MilanoFJ_old_website_banner-736x245.png 736w, https:\/\/www.cameraitalianabarcelona.com\/wp-content\/uploads\/2023\/11\/MilanoFJ_old_website_banner-414x138.png 414w, https:\/\/www.cameraitalianabarcelona.com\/wp-content\/uploads\/2023\/11\/MilanoFJ_old_website_banner.png 900w\" sizes=\"auto, (max-width: 300px) 100vw, 300px\" \/><\/a><\/strong><\/span><\/h6>\n<h6 data-wp-editing=\"1\">&nbsp;<\/h6>\n<h3 style=\"text-align: center;\" data-wp-editing=\"1\"><a href=\"https:\/\/www.cameraitalianabarcelona.com\/milano-fashionjewels\/\">MILANO FASHION&amp;JEWELS&nbsp;<\/a><\/h3>\n<p style=\"text-align: center;\" data-wp-editing=\"1\"><a href=\"https:\/\/www.cameraitalianabarcelona.com\/milano-fashionjewels\/\"><span style=\"color: #000000;\">Sector: <\/span><\/a><a href=\"https:\/\/www.cameraitalianabarcelona.com\/na-cita-imperdible-la-proxima-edicion-de-homi-fashionjewels\/\">Joyeria, Bisuteria, Complementos, Moda<\/a><\/p>\n[\/vc_column_text][\/vc_column][vc_column width=&#8221;1\/4&#8243; css=&#8221;.vc_custom_1568708991256{margin-top: 20px !important;margin-right: 69px !important;margin-bottom: 20px !important;margin-left: 69px !important;border-top-width: 4px !important;border-right-width: 4px !important;border-bottom-width: 4px !important;border-left-width: 4px !important;padding-top: 8px !important;padding-right: 8px !important;padding-bottom: 8px !important;padding-left: 8px !important;border-left-color: rgba(13,181,10,0.29) !important;border-left-style: solid !important;border-right-color: rgba(13,181,10,0.29) !important;border-right-style: solid !important;border-top-color: rgba(13,181,10,0.29) !important;border-top-style: solid !important;border-bottom-color: rgba(13,181,10,0.29) !important;border-bottom-style: solid !important;}&#8221;][vc_column_text title=&#8221;18 &#8211; 20 FEBRERO &#8221; align=&#8221;center&#8221;]\n<p>&nbsp;<\/p>\n<h6 style=\"text-align: center;\" data-wp-editing=\"1\"><a href=\"https:\/\/www.cameraitalianabarcelona.com\/beer-and-food-attraction-bbtech-expo-2023\/\"><img loading=\"lazy\" decoding=\"async\" class=\"aligncenter wp-image-32803 size-full\" src=\"https:\/\/www.cameraitalianabarcelona.com\/wp-content\/uploads\/2023\/06\/2024.jpg\" alt=\"\" width=\"1706\" height=\"715\" srcset=\"https:\/\/www.cameraitalianabarcelona.com\/wp-content\/uploads\/2023\/06\/2024.jpg 1706w, https:\/\/www.cameraitalianabarcelona.com\/wp-content\/uploads\/2023\/06\/2024-300x126.jpg 300w, https:\/\/www.cameraitalianabarcelona.com\/wp-content\/uploads\/2023\/06\/2024-1024x429.jpg 1024w, https:\/\/www.cameraitalianabarcelona.com\/wp-content\/uploads\/2023\/06\/2024-768x322.jpg 768w, https:\/\/www.cameraitalianabarcelona.com\/wp-content\/uploads\/2023\/06\/2024-1536x644.jpg 1536w, https:\/\/www.cameraitalianabarcelona.com\/wp-content\/uploads\/2023\/06\/2024-330x138.jpg 330w, https:\/\/www.cameraitalianabarcelona.com\/wp-content\/uploads\/2023\/06\/2024-736x308.jpg 736w, https:\/\/www.cameraitalianabarcelona.com\/wp-content\/uploads\/2023\/06\/2024-1280x536.jpg 1280w, https:\/\/www.cameraitalianabarcelona.com\/wp-content\/uploads\/2023\/06\/2024-414x174.jpg 414w\" sizes=\"auto, (max-width: 1706px) 100vw, 1706px\" \/><\/a><\/h6>\n<h6 data-wp-editing=\"1\">&nbsp;<\/h6>\n<h3 style=\"text-align: center;\" data-wp-editing=\"1\"><a href=\"https:\/\/www.cameraitalianabarcelona.com\/beer-and-food-attraction-bbtech-expo-2023\/\"><span style=\"color: #000000;\">BEER&amp;FOOD ATTRACTION<\/span><\/a><\/h3>\n<h3 style=\"text-align: center;\" data-wp-editing=\"1\"><a href=\"https:\/\/www.cameraitalianabarcelona.com\/beer-and-food-attraction-bbtech-expo-2023\/\"><span style=\"color: #000000;\">BBTECH EXPO<\/span><\/a><\/h3>\n<p style=\"text-align: center;\"><a href=\"https:\/\/www.cameraitalianabarcelona.com\/beer-and-food-attraction-bbtech-expo-2023\/\"><span style=\"color: #000000;\">Sector: Cervezas artesanales, bebida, food, tecnologia, accessorios, materias primas<\/span><\/a><\/p>\n[\/vc_column_text][\/vc_column][vc_column width=&#8221;1\/4&#8243; css=&#8221;.vc_custom_1572278451534{margin-top: 20px !important;margin-right: 69px !important;margin-bottom: 20px !important;margin-left: 0px !important;border-top-width: 4px !important;border-right-width: 4px !important;border-bottom-width: 4px !important;border-left-width: 4px !important;padding-top: 8px !important;padding-right: 8px !important;padding-bottom: 8px !important;padding-left: 8px !important;border-left-color: rgba(13,181,10,0.29) !important;border-left-style: solid !important;border-right-color: rgba(13,181,10,0.29) !important;border-right-style: solid !important;border-top-color: rgba(13,181,10,0.29) !important;border-top-style: solid !important;border-bottom-color: rgba(13,181,10,0.29) !important;border-bottom-style: solid !important;}&#8221;][vc_column_text title=&#8221;5 FEBRERO &#8211; 18 MARZO&#8221; align=&#8221;center&#8221;]\n<p>&nbsp;<\/p>\n<h6 style=\"text-align: center;\" data-wp-editing=\"1\"><a href=\"https:\/\/www.cameraitalianabarcelona.com\/33576-2\/\"><img loading=\"lazy\" decoding=\"async\" class=\"aligncenter wp-image-33578 size-full\" src=\"https:\/\/www.cameraitalianabarcelona.com\/wp-content\/uploads\/2023\/11\/HORECA-2-.png\" alt=\"\" width=\"1351\" height=\"576\" srcset=\"https:\/\/www.cameraitalianabarcelona.com\/wp-content\/uploads\/2023\/11\/HORECA-2-.png 1351w, https:\/\/www.cameraitalianabarcelona.com\/wp-content\/uploads\/2023\/11\/HORECA-2--300x128.png 300w, https:\/\/www.cameraitalianabarcelona.com\/wp-content\/uploads\/2023\/11\/HORECA-2--1024x437.png 1024w, https:\/\/www.cameraitalianabarcelona.com\/wp-content\/uploads\/2023\/11\/HORECA-2--768x327.png 768w, https:\/\/www.cameraitalianabarcelona.com\/wp-content\/uploads\/2023\/11\/HORECA-2--330x141.png 330w, https:\/\/www.cameraitalianabarcelona.com\/wp-content\/uploads\/2023\/11\/HORECA-2--736x314.png 736w, https:\/\/www.cameraitalianabarcelona.com\/wp-content\/uploads\/2023\/11\/HORECA-2--1280x546.png 1280w, https:\/\/www.cameraitalianabarcelona.com\/wp-content\/uploads\/2023\/11\/HORECA-2--414x177.png 414w\" sizes=\"auto, (max-width: 1351px) 100vw, 1351px\" \/><\/a><\/h6>\n<h3 style=\"text-align: center;\" data-wp-editing=\"1\"><a href=\"https:\/\/www.cameraitalianabarcelona.com\/33576-2\/\"><span style=\"color: #000000;\">HORECA BALEARES&nbsp;<\/span><\/a><\/h3>\n<p style=\"text-align: center;\"><a href=\"https:\/\/www.cameraitalianabarcelona.com\/33576-2\/\"><span style=\"color: #000000;\">Sector: alimentos<\/span><\/a><\/p>\n<p style=\"text-align: center;\">&nbsp;<\/p>\n[\/vc_column_text][\/vc_column][\/vc_row][vc_row fullwidth=&#8221;true&#8221; equal_columns=&#8221;true&#8221; css=&#8221;.vc_custom_1579255670378{margin-top: 0px !important;margin-right: 0px !important;margin-bottom: 0px !important;margin-left: 0px !important;border-top-width: 0px !important;border-right-width: 0px !important;border-bottom-width: 0px !important;border-left-width: 0px !important;padding-top: 0px !important;padding-right: 0px !important;padding-bottom: 0px !important;padding-left: 0px !important;}&#8221;][vc_column border_color=&#8221;rgba(255,255,255,0.29)&#8221; width=&#8221;1\/4&#8243; css=&#8221;.vc_custom_1568708963985{margin-top: 20px !important;margin-bottom: 20px !important;margin-left: 69px !important;border-top-width: 4px !important;border-right-width: 4px !important;border-bottom-width: 4px !important;border-left-width: 4px !important;padding-top: 8px !important;padding-right: 8px !important;padding-bottom: 8px !important;padding-left: 8px !important;border-left-color: rgba(13,181,10,0.29) !important;border-left-style: solid !important;border-right-color: rgba(13,181,10,0.29) !important;border-right-style: solid !important;border-top-color: rgba(13,181,10,0.29) !important;border-top-style: solid !important;border-bottom-color: rgba(13,181,10,0.29) !important;border-bottom-style: solid !important;}&#8221;][vc_column_text title=&#8221;18 &#8211; 21 MARZO&#8221; align=&#8221;center&#8221;]\n<p>&nbsp;<\/p>\n<h6 style=\"text-align: center;\" data-wp-editing=\"1\"><span style=\"color: #000000;\"><strong><a href=\"https:\/\/www.cameraitalianabarcelona.com\/alimentaria-2024\/\"><img loading=\"lazy\" decoding=\"async\" class=\"aligncenter wp-image-33248 size-medium\" src=\"https:\/\/www.cameraitalianabarcelona.com\/wp-content\/uploads\/2023\/10\/03-300x168.png\" alt=\"\" width=\"300\" height=\"168\" srcset=\"https:\/\/www.cameraitalianabarcelona.com\/wp-content\/uploads\/2023\/10\/03-300x168.png 300w, https:\/\/www.cameraitalianabarcelona.com\/wp-content\/uploads\/2023\/10\/03-1024x572.png 1024w, https:\/\/www.cameraitalianabarcelona.com\/wp-content\/uploads\/2023\/10\/03-768x429.png 768w, https:\/\/www.cameraitalianabarcelona.com\/wp-content\/uploads\/2023\/10\/03-330x184.png 330w, https:\/\/www.cameraitalianabarcelona.com\/wp-content\/uploads\/2023\/10\/03-736x411.png 736w, https:\/\/www.cameraitalianabarcelona.com\/wp-content\/uploads\/2023\/10\/03-414x231.png 414w, https:\/\/www.cameraitalianabarcelona.com\/wp-content\/uploads\/2023\/10\/03.png 1213w\" sizes=\"auto, (max-width: 300px) 100vw, 300px\" \/><\/a><\/strong><\/span><\/h6>\n<h6 style=\"text-align: center;\" data-wp-editing=\"1\">&nbsp;<\/h6>\n<h3 style=\"text-align: center;\" data-wp-editing=\"1\"><a href=\"https:\/\/www.cameraitalianabarcelona.com\/alimentaria-2024\/\"><span style=\"color: #000000;\">ALIMENTARIA<\/span><\/a><\/h3>\n<p style=\"text-align: center;\" data-wp-editing=\"1\"><a href=\"https:\/\/www.cameraitalianabarcelona.com\/alimentaria-2024\/\">Sector: Alimentaci\u00f3n, Bebidas, Food Service<\/a><\/p>\n<p data-wp-editing=\"1\">&nbsp;<\/p>\n<p data-wp-editing=\"1\">[\/vc_column_text][\/vc_column][vc_column width=&#8221;1\/4&#8243; css=&#8221;.vc_custom_1568708991256{margin-top: 20px !important;margin-right: 69px !important;margin-bottom: 20px !important;margin-left: 69px !important;border-top-width: 4px !important;border-right-width: 4px !important;border-bottom-width: 4px !important;border-left-width: 4px !important;padding-top: 8px !important;padding-right: 8px !important;padding-bottom: 8px !important;padding-left: 8px !important;border-left-color: rgba(13,181,10,0.29) !important;border-left-style: solid !important;border-right-color: rgba(13,181,10,0.29) !important;border-right-style: solid !important;border-top-color: rgba(13,181,10,0.29) !important;border-top-style: solid !important;border-bottom-color: rgba(13,181,10,0.29) !important;border-bottom-style: solid !important;}&#8221;][vc_column_text title=&#8221;14 &#8211; 17 SEPTIEMBRE&#8221; align=&#8221;center&#8221;]\n<p data-wp-editing=\"1\">&nbsp;<\/p>\n<p><a href=\"https:\/\/www.cameraitalianabarcelona.com\/milano-fashion-jewels-settembre-24\/\"><img loading=\"lazy\" decoding=\"async\" class=\"size-full wp-image-35815 aligncenter\" src=\"http:\/\/www.cameraitalianabarcelona.com\/wp-content\/uploads\/2024\/05\/anteprima-e1715614651175.jpg\" alt=\"\" width=\"1020\" height=\"510\"><\/a><\/p>\n<h6 data-wp-editing=\"1\">&nbsp;<\/h6>\n<h3 style=\"text-align: center;\" data-wp-editing=\"1\"><a href=\"https:\/\/www.cameraitalianabarcelona.com\/milano-fashion-jewels-settembre-24\/\">MILANO FASHION&amp;JEWELS&nbsp;<\/a><\/h3>\n<p style=\"text-align: center;\"><a href=\"https:\/\/www.cameraitalianabarcelona.com\/milano-fashion-jewels-settembre-24\/\"><span style=\"color: #000000;\">Sector: <\/span><\/a><a href=\"https:\/\/www.cameraitalianabarcelona.com\/na-cita-imperdible-la-proxima-edicion-de-homi-fashionjewels\/\">Joyeria, Bisuteria, Complementos, Moda<\/a><\/p>\n[\/vc_column_text][\/vc_column][\/vc_row][vc_row][vc_column][vc_empty_space height=&#8221;64px&#8221;][vc_column_text title=&#8221;2023&#8243; align=&#8221;center&#8221;][\/vc_column_text][vc_empty_space][\/vc_column][\/vc_row][vc_row fullwidth=&#8221;true&#8221; equal_columns=&#8221;true&#8221; css=&#8221;.vc_custom_1579255670378{margin-top: 0px !important;margin-right: 0px !important;margin-bottom: 0px !important;margin-left: 0px !important;border-top-width: 0px !important;border-right-width: 0px !important;border-bottom-width: 0px !important;border-left-width: 0px !important;padding-top: 0px !important;padding-right: 0px !important;padding-bottom: 0px !important;padding-left: 0px !important;}&#8221;][vc_column border_color=&#8221;rgba(255,255,255,0.29)&#8221; width=&#8221;1\/4&#8243; css=&#8221;.vc_custom_1568708963985{margin-top: 20px !important;margin-bottom: 20px !important;margin-left: 69px !important;border-top-width: 4px !important;border-right-width: 4px !important;border-bottom-width: 4px !important;border-left-width: 4px !important;padding-top: 8px !important;padding-right: 8px !important;padding-bottom: 8px !important;padding-left: 8px !important;border-left-color: rgba(13,181,10,0.29) !important;border-left-style: solid !important;border-right-color: rgba(13,181,10,0.29) !important;border-right-style: solid !important;border-top-color: rgba(13,181,10,0.29) !important;border-top-style: solid !important;border-bottom-color: rgba(13,181,10,0.29) !important;border-bottom-style: solid !important;}&#8221;][vc_column_text title=&#8221;26 &#8211; 29 Enero&#8221; align=&#8221;center&#8221;]\n<h3 style=\"text-align: center;\" data-wp-editing=\"1\"><a href=\"https:\/\/www.cameraitalianabarcelona.com\/homi\/\"><img loading=\"lazy\" decoding=\"async\" class=\"aligncenter wp-image-32326 size-large\" src=\"https:\/\/www.cameraitalianabarcelona.com\/wp-content\/uploads\/2022\/11\/04-1024x682.jpeg\" alt=\"\" width=\"1024\" height=\"682\" srcset=\"https:\/\/www.cameraitalianabarcelona.com\/wp-content\/uploads\/2022\/11\/04-1024x682.jpeg 1024w, https:\/\/www.cameraitalianabarcelona.com\/wp-content\/uploads\/2022\/11\/04-300x200.jpeg 300w, https:\/\/www.cameraitalianabarcelona.com\/wp-content\/uploads\/2022\/11\/04-768x512.jpeg 768w, https:\/\/www.cameraitalianabarcelona.com\/wp-content\/uploads\/2022\/11\/04-150x100.jpeg 150w, https:\/\/www.cameraitalianabarcelona.com\/wp-content\/uploads\/2022\/11\/04-330x220.jpeg 330w, https:\/\/www.cameraitalianabarcelona.com\/wp-content\/uploads\/2022\/11\/04-900x600.jpeg 900w, https:\/\/www.cameraitalianabarcelona.com\/wp-content\/uploads\/2022\/11\/04-736x490.jpeg 736w, https:\/\/www.cameraitalianabarcelona.com\/wp-content\/uploads\/2022\/11\/04-621x414.jpeg 621w, https:\/\/www.cameraitalianabarcelona.com\/wp-content\/uploads\/2022\/11\/04-414x276.jpeg 414w, https:\/\/www.cameraitalianabarcelona.com\/wp-content\/uploads\/2022\/11\/04.jpeg 1280w\" sizes=\"auto, (max-width: 1024px) 100vw, 1024px\" \/><\/a><a href=\"https:\/\/www.cameraitalianabarcelona.com\/homi\/\"><span style=\"color: #000000;\">HOMI &#8211; THE LIFESTYLE TRADE FARE<\/span><\/a><\/h3>\n<p style=\"text-align: center;\"><a href=\"https:\/\/www.cameraitalianabarcelona.com\/homi\/\"><span style=\"color: #000000;\">Sector:&nbsp;<\/span>Decoraci\u00f3n, Regalo, Textiles, Vajillas, Fragrancias, Complementos<\/a><\/p>\n[\/vc_column_text][\/vc_column][vc_column width=&#8221;1\/4&#8243; css=&#8221;.vc_custom_1568708991256{margin-top: 20px !important;margin-right: 69px !important;margin-bottom: 20px !important;margin-left: 69px !important;border-top-width: 4px !important;border-right-width: 4px !important;border-bottom-width: 4px !important;border-left-width: 4px !important;padding-top: 8px !important;padding-right: 8px !important;padding-bottom: 8px !important;padding-left: 8px !important;border-left-color: rgba(13,181,10,0.29) !important;border-left-style: solid !important;border-right-color: rgba(13,181,10,0.29) !important;border-right-style: solid !important;border-top-color: rgba(13,181,10,0.29) !important;border-top-style: solid !important;border-bottom-color: rgba(13,181,10,0.29) !important;border-bottom-style: solid !important;}&#8221;][vc_column_text title=&#8221;17-20 FEBRERO&#8221; align=&#8221;center&#8221;]\n<h6 style=\"text-align: center;\" data-wp-editing=\"1\"><span style=\"color: #000000;\"><strong><a href=\"https:\/\/www.cameraitalianabarcelona.com\/na-cita-imperdible-la-proxima-edicion-de-homi-fashionjewels\/\"><img loading=\"lazy\" decoding=\"async\" class=\"alignnone wp-image-32508 size-medium\" src=\"https:\/\/www.cameraitalianabarcelona.com\/wp-content\/uploads\/2023\/03\/anteprima-1-300x200.jpg\" alt=\"\" width=\"300\" height=\"200\" srcset=\"https:\/\/www.cameraitalianabarcelona.com\/wp-content\/uploads\/2023\/03\/anteprima-1-300x200.jpg 300w, https:\/\/www.cameraitalianabarcelona.com\/wp-content\/uploads\/2023\/03\/anteprima-1-1024x683.jpg 1024w, https:\/\/www.cameraitalianabarcelona.com\/wp-content\/uploads\/2023\/03\/anteprima-1-768x512.jpg 768w, https:\/\/www.cameraitalianabarcelona.com\/wp-content\/uploads\/2023\/03\/anteprima-1-150x100.jpg 150w, https:\/\/www.cameraitalianabarcelona.com\/wp-content\/uploads\/2023\/03\/anteprima-1-330x220.jpg 330w, https:\/\/www.cameraitalianabarcelona.com\/wp-content\/uploads\/2023\/03\/anteprima-1-900x600.jpg 900w, https:\/\/www.cameraitalianabarcelona.com\/wp-content\/uploads\/2023\/03\/anteprima-1-736x490.jpg 736w, https:\/\/www.cameraitalianabarcelona.com\/wp-content\/uploads\/2023\/03\/anteprima-1-621x414.jpg 621w, https:\/\/www.cameraitalianabarcelona.com\/wp-content\/uploads\/2023\/03\/anteprima-1-414x276.jpg 414w, https:\/\/www.cameraitalianabarcelona.com\/wp-content\/uploads\/2023\/03\/anteprima-1.jpg 1200w\" sizes=\"auto, (max-width: 300px) 100vw, 300px\" \/><\/a><\/strong><\/span><\/h6>\n<h3 style=\"text-align: center;\" data-wp-editing=\"1\"><span style=\"color: #000000;\"><a href=\"https:\/\/www.cameraitalianabarcelona.com\/na-cita-imperdible-la-proxima-edicion-de-homi-fashionjewels\/\">HOMI FASHION &amp; JEWELS<\/a><\/span><\/h3>\n<p style=\"text-align: center;\"><a href=\"https:\/\/www.cameraitalianabarcelona.com\/na-cita-imperdible-la-proxima-edicion-de-homi-fashionjewels\/\"><span style=\"color: #000000;\">Sector: Joyeria, Bisuteria, Complementos, Moda<\/span><\/a><\/p>\n[\/vc_column_text][\/vc_column][vc_column width=&#8221;1\/4&#8243; css=&#8221;.vc_custom_1572278451534{margin-top: 20px !important;margin-right: 69px !important;margin-bottom: 20px !important;margin-left: 0px !important;border-top-width: 4px !important;border-right-width: 4px !important;border-bottom-width: 4px !important;border-left-width: 4px !important;padding-top: 8px !important;padding-right: 8px !important;padding-bottom: 8px !important;padding-left: 8px !important;border-left-color: rgba(13,181,10,0.29) !important;border-left-style: solid !important;border-right-color: rgba(13,181,10,0.29) !important;border-right-style: solid !important;border-top-color: rgba(13,181,10,0.29) !important;border-top-style: solid !important;border-bottom-color: rgba(13,181,10,0.29) !important;border-bottom-style: solid !important;}&#8221;][vc_column_text title=&#8221;19 &#8211; 22 febrero&#8221; align=&#8221;center&#8221;]\n<h6 style=\"text-align: center;\" data-wp-editing=\"1\"><span style=\"color: #000000;\"><strong><a href=\"https:\/\/www.cameraitalianabarcelona.com\/theone-milano\/\"><img loading=\"lazy\" decoding=\"async\" class=\"alignnone wp-image-32294 size-medium\" src=\"https:\/\/www.cameraitalianabarcelona.com\/wp-content\/uploads\/2022\/10\/07-300x200.jpg\" alt=\"\" width=\"300\" height=\"200\" srcset=\"https:\/\/www.cameraitalianabarcelona.com\/wp-content\/uploads\/2022\/10\/07-300x200.jpg 300w, https:\/\/www.cameraitalianabarcelona.com\/wp-content\/uploads\/2022\/10\/07-1024x683.jpg 1024w, https:\/\/www.cameraitalianabarcelona.com\/wp-content\/uploads\/2022\/10\/07-768x512.jpg 768w, https:\/\/www.cameraitalianabarcelona.com\/wp-content\/uploads\/2022\/10\/07-150x100.jpg 150w, https:\/\/www.cameraitalianabarcelona.com\/wp-content\/uploads\/2022\/10\/07-330x220.jpg 330w, https:\/\/www.cameraitalianabarcelona.com\/wp-content\/uploads\/2022\/10\/07-900x600.jpg 900w, https:\/\/www.cameraitalianabarcelona.com\/wp-content\/uploads\/2022\/10\/07-736x490.jpg 736w, https:\/\/www.cameraitalianabarcelona.com\/wp-content\/uploads\/2022\/10\/07-621x414.jpg 621w, https:\/\/www.cameraitalianabarcelona.com\/wp-content\/uploads\/2022\/10\/07-414x276.jpg 414w, https:\/\/www.cameraitalianabarcelona.com\/wp-content\/uploads\/2022\/10\/07.jpg 1200w\" sizes=\"auto, (max-width: 300px) 100vw, 300px\" \/><\/a><br \/>\n<\/strong><\/span><\/h6>\n<h3 style=\"text-align: center;\" data-wp-editing=\"1\"><span style=\"color: #000000;\"><a href=\"https:\/\/www.cameraitalianabarcelona.com\/theone-milano\/\">THEONE MILANO<\/a><\/span><\/h3>\n<p style=\"text-align: center;\"><a href=\"https:\/\/www.cameraitalianabarcelona.com\/theone-milano\/\"><span style=\"color: #000000;\">Sector: Moda en piel, Haute a&#8217; porte, prendas de punto y complementos<\/span><\/a><\/p>\n[\/vc_column_text][\/vc_column][\/vc_row][vc_row fullwidth=&#8221;true&#8221; equal_columns=&#8221;true&#8221; css=&#8221;.vc_custom_1579255670378{margin-top: 0px !important;margin-right: 0px !important;margin-bottom: 0px !important;margin-left: 0px !important;border-top-width: 0px !important;border-right-width: 0px !important;border-bottom-width: 0px !important;border-left-width: 0px !important;padding-top: 0px !important;padding-right: 0px !important;padding-bottom: 0px !important;padding-left: 0px !important;}&#8221;][vc_column border_color=&#8221;rgba(255,255,255,0.29)&#8221; width=&#8221;1\/4&#8243; css=&#8221;.vc_custom_1568708963985{margin-top: 20px !important;margin-bottom: 20px !important;margin-left: 69px !important;border-top-width: 4px !important;border-right-width: 4px !important;border-bottom-width: 4px !important;border-left-width: 4px !important;padding-top: 8px !important;padding-right: 8px !important;padding-bottom: 8px !important;padding-left: 8px !important;border-left-color: rgba(13,181,10,0.29) !important;border-left-style: solid !important;border-right-color: rgba(13,181,10,0.29) !important;border-right-style: solid !important;border-top-color: rgba(13,181,10,0.29) !important;border-top-style: solid !important;border-bottom-color: rgba(13,181,10,0.29) !important;border-bottom-style: solid !important;}&#8221;][vc_column_text title=&#8221;19 &#8211; 22 febrero&#8221; align=&#8221;center&#8221;]\n<h6 style=\"text-align: center;\" data-wp-editing=\"1\"><a href=\" https:\/\/www.cameraitalianabarcelona.com\/beer-food-attraction-y-bbtech\/\"><img loading=\"lazy\" decoding=\"async\" class=\"alignnone wp-image-32599 size-medium\" src=\"https:\/\/www.cameraitalianabarcelona.com\/wp-content\/uploads\/2023\/04\/anteprima-2-300x192.jpg\" alt=\"\" width=\"300\" height=\"192\" srcset=\"https:\/\/www.cameraitalianabarcelona.com\/wp-content\/uploads\/2023\/04\/anteprima-2-300x192.jpg 300w, https:\/\/www.cameraitalianabarcelona.com\/wp-content\/uploads\/2023\/04\/anteprima-2-330x211.jpg 330w, https:\/\/www.cameraitalianabarcelona.com\/wp-content\/uploads\/2023\/04\/anteprima-2-414x265.jpg 414w, https:\/\/www.cameraitalianabarcelona.com\/wp-content\/uploads\/2023\/04\/anteprima-2.jpg 433w\" sizes=\"auto, (max-width: 300px) 100vw, 300px\" \/><\/a><\/h6>\n<h6 data-wp-editing=\"1\">&nbsp;<\/h6>\n<h3 style=\"text-align: center;\" data-wp-editing=\"1\"><a href=\"https:\/\/www.cameraitalianabarcelona.com\/beer-food-attraction-y-bbtech\/\"><span style=\"color: #000000;\">BEER&amp;FOOD ATTRACTION <\/span><\/a><\/h3>\n<h3 style=\"text-align: center;\" data-wp-editing=\"1\"><a href=\"https:\/\/www.cameraitalianabarcelona.com\/beer-food-attraction-y-bbtech\/\"><span style=\"color: #000000;\">BB TECH EXPO<\/span><\/a><\/h3>\n<p style=\"text-align: center;\"><a href=\"https:\/\/www.cameraitalianabarcelona.com\/beer-food-attraction-y-bbtech\/\"><span style=\"color: #000000;\">Sector: Cervezas artesanales, bebidas, food, tecnologia, accessorios, materias primas&nbsp;<\/span><\/a><\/p>\n[\/vc_column_text][\/vc_column][vc_column width=&#8221;1\/4&#8243; css=&#8221;.vc_custom_1568708991256{margin-top: 20px !important;margin-right: 69px !important;margin-bottom: 20px !important;margin-left: 69px !important;border-top-width: 4px !important;border-right-width: 4px !important;border-bottom-width: 4px !important;border-left-width: 4px !important;padding-top: 8px !important;padding-right: 8px !important;padding-bottom: 8px !important;padding-left: 8px !important;border-left-color: rgba(13,181,10,0.29) !important;border-left-style: solid !important;border-right-color: rgba(13,181,10,0.29) !important;border-right-style: solid !important;border-top-color: rgba(13,181,10,0.29) !important;border-top-style: solid !important;border-bottom-color: rgba(13,181,10,0.29) !important;border-bottom-style: solid !important;}&#8221;][vc_column_text title=&#8221; 8-11 MAYO&#8221; align=&#8221;center&#8221;]\n<h6 style=\"text-align: center;\" data-wp-editing=\"1\"><span style=\"color: #000000;\"><strong><a href=\"https:\/\/www.cameraitalianabarcelona.com\/32722-2\/\"><img loading=\"lazy\" decoding=\"async\" class=\"aligncenter wp-image-32737 size-medium\" src=\"https:\/\/www.cameraitalianabarcelona.com\/wp-content\/uploads\/2023\/05\/anteprima-300x172.jpg\" alt=\"\" width=\"300\" height=\"172\" srcset=\"https:\/\/www.cameraitalianabarcelona.com\/wp-content\/uploads\/2023\/05\/anteprima-300x172.jpg 300w, https:\/\/www.cameraitalianabarcelona.com\/wp-content\/uploads\/2023\/05\/anteprima-768x440.jpg 768w, https:\/\/www.cameraitalianabarcelona.com\/wp-content\/uploads\/2023\/05\/anteprima-330x189.jpg 330w, https:\/\/www.cameraitalianabarcelona.com\/wp-content\/uploads\/2023\/05\/anteprima-722x414.jpg 722w, https:\/\/www.cameraitalianabarcelona.com\/wp-content\/uploads\/2023\/05\/anteprima-414x237.jpg 414w, https:\/\/www.cameraitalianabarcelona.com\/wp-content\/uploads\/2023\/05\/anteprima.jpg 951w\" sizes=\"auto, (max-width: 300px) 100vw, 300px\" \/><\/a><\/strong><\/span><\/h6>\n<h3 style=\"text-align: center;\" data-wp-editing=\"1\"><span style=\"color: #000000;\"><a href=\"https:\/\/www.cameraitalianabarcelona.com\/32722-2\/\">TUTTO FOOD<\/a><\/span><\/h3>\n<p style=\"text-align: center;\"><a href=\"https:\/\/www.cameraitalianabarcelona.com\/32722-2\/\"><span style=\"color: #000000;\">Sector: Alimentaci\u00f2n, Bebidas y gastronomia<\/span><\/a><\/p>\n[\/vc_column_text][\/vc_column][vc_column width=&#8221;1\/4&#8243; css=&#8221;.vc_custom_1572278451534{margin-top: 20px !important;margin-right: 69px !important;margin-bottom: 20px !important;margin-left: 0px !important;border-top-width: 4px !important;border-right-width: 4px !important;border-bottom-width: 4px !important;border-left-width: 4px !important;padding-top: 8px !important;padding-right: 8px !important;padding-bottom: 8px !important;padding-left: 8px !important;border-left-color: rgba(13,181,10,0.29) !important;border-left-style: solid !important;border-right-color: rgba(13,181,10,0.29) !important;border-right-style: solid !important;border-top-color: rgba(13,181,10,0.29) !important;border-top-style: solid !important;border-bottom-color: rgba(13,181,10,0.29) !important;border-bottom-style: solid !important;}&#8221;][vc_column_text title=&#8221;15 &#8211; 18 Septiembre&#8221; align=&#8221;center&#8221;]\n<h6 style=\"text-align: center;\" data-wp-editing=\"1\"><a href=\" https:\/\/www.cameraitalianabarcelona.com\/32562-2\/\"><img loading=\"lazy\" decoding=\"async\" class=\"alignnone wp-image-32576 size-full\" src=\"https:\/\/www.cameraitalianabarcelona.com\/wp-content\/uploads\/2023\/04\/anteprima-ORIGINALE-2.webp\" alt=\"\" width=\"1006\" height=\"455\"><\/a><\/h6>\n<h6 data-wp-editing=\"1\">&nbsp;<\/h6>\n<h3 style=\"text-align: center;\" data-wp-editing=\"1\"><a href=\"https:\/\/www.cameraitalianabarcelona.com\/32562-2\/\"><span style=\"color: #000000;\">HOMI FASHION AND JEWELS<\/span><\/a><\/h3>\n<p style=\"text-align: center;\"><a href=\"https:\/\/www.cameraitalianabarcelona.com\/32562-2\/\"><span style=\"color: #000000;\">Sector:&nbsp;<\/span>Joyer\u00eda, bisuteria, complementos y moda<\/a><\/p>\n[\/vc_column_text][\/vc_column][\/vc_row][vc_row fullwidth=&#8221;true&#8221; equal_columns=&#8221;true&#8221; css=&#8221;.vc_custom_1579255670378{margin-top: 0px !important;margin-right: 0px !important;margin-bottom: 0px !important;margin-left: 0px !important;border-top-width: 0px !important;border-right-width: 0px !important;border-bottom-width: 0px !important;border-left-width: 0px !important;padding-top: 0px !important;padding-right: 0px !important;padding-bottom: 0px !important;padding-left: 0px !important;}&#8221;][vc_column border_color=&#8221;rgba(255,255,255,0.29)&#8221; width=&#8221;1\/4&#8243; css=&#8221;.vc_custom_1568708963985{margin-top: 20px !important;margin-bottom: 20px !important;margin-left: 69px !important;border-top-width: 4px !important;border-right-width: 4px !important;border-bottom-width: 4px !important;border-left-width: 4px !important;padding-top: 8px !important;padding-right: 8px !important;padding-bottom: 8px !important;padding-left: 8px !important;border-left-color: rgba(13,181,10,0.29) !important;border-left-style: solid !important;border-right-color: rgba(13,181,10,0.29) !important;border-right-style: solid !important;border-top-color: rgba(13,181,10,0.29) !important;border-top-style: solid !important;border-bottom-color: rgba(13,181,10,0.29) !important;border-bottom-style: solid !important;}&#8221;][vc_column_text title=&#8221;13 &#8211; 17 octubre&#8221; align=&#8221;center&#8221;]\n<h3 style=\"text-align: center;\" data-wp-editing=\"1\"><a href=\"https:\/\/www.cameraitalianabarcelona.com\/hostmilano-regresa-para-celebrar-el-sector-de-la-hospitalidad-profesional-a-nivel-mundial-del-13-al-17-de-octubre-2023-en-fieramilano\/\/\"><img loading=\"lazy\" decoding=\"async\" class=\"aligncenter wp-image-32872\" src=\"https:\/\/www.cameraitalianabarcelona.com\/wp-content\/uploads\/2023\/06\/EMU-Host-Milano-2023.jpg\" alt=\"\" width=\"218\" height=\"145\" srcset=\"https:\/\/www.cameraitalianabarcelona.com\/wp-content\/uploads\/2023\/06\/EMU-Host-Milano-2023.jpg 800w, https:\/\/www.cameraitalianabarcelona.com\/wp-content\/uploads\/2023\/06\/EMU-Host-Milano-2023-300x200.jpg 300w, https:\/\/www.cameraitalianabarcelona.com\/wp-content\/uploads\/2023\/06\/EMU-Host-Milano-2023-768x513.jpg 768w, https:\/\/www.cameraitalianabarcelona.com\/wp-content\/uploads\/2023\/06\/EMU-Host-Milano-2023-150x100.jpg 150w, https:\/\/www.cameraitalianabarcelona.com\/wp-content\/uploads\/2023\/06\/EMU-Host-Milano-2023-330x220.jpg 330w, https:\/\/www.cameraitalianabarcelona.com\/wp-content\/uploads\/2023\/06\/EMU-Host-Milano-2023-736x490.jpg 736w, https:\/\/www.cameraitalianabarcelona.com\/wp-content\/uploads\/2023\/06\/EMU-Host-Milano-2023-620x414.jpg 620w, https:\/\/www.cameraitalianabarcelona.com\/wp-content\/uploads\/2023\/06\/EMU-Host-Milano-2023-414x276.jpg 414w\" sizes=\"auto, (max-width: 218px) 100vw, 218px\" \/><\/a><strong><a href=\"https:\/\/www.cameraitalianabarcelona.com\/hostmilano-regresa-para-celebrar-el-sector-de-la-hospitalidad-profesional-a-nivel-mundial-del-13-al-17-de-octubre-2023-en-fieramilano\/\/\"><img loading=\"lazy\" decoding=\"async\" class=\"aligncenter wp-image-32860\" src=\"https:\/\/www.cameraitalianabarcelona.com\/wp-content\/uploads\/2023\/06\/03-1.jpeg\" alt=\"\" width=\"345\" height=\"230\" srcset=\"https:\/\/www.cameraitalianabarcelona.com\/wp-content\/uploads\/2023\/06\/03-1.jpeg 1280w, https:\/\/www.cameraitalianabarcelona.com\/wp-content\/uploads\/2023\/06\/03-1-300x200.jpeg 300w, https:\/\/www.cameraitalianabarcelona.com\/wp-content\/uploads\/2023\/06\/03-1-1024x682.jpeg 1024w, https:\/\/www.cameraitalianabarcelona.com\/wp-content\/uploads\/2023\/06\/03-1-768x512.jpeg 768w, https:\/\/www.cameraitalianabarcelona.com\/wp-content\/uploads\/2023\/06\/03-1-150x100.jpeg 150w, https:\/\/www.cameraitalianabarcelona.com\/wp-content\/uploads\/2023\/06\/03-1-330x220.jpeg 330w, https:\/\/www.cameraitalianabarcelona.com\/wp-content\/uploads\/2023\/06\/03-1-900x600.jpeg 900w, https:\/\/www.cameraitalianabarcelona.com\/wp-content\/uploads\/2023\/06\/03-1-736x490.jpeg 736w, https:\/\/www.cameraitalianabarcelona.com\/wp-content\/uploads\/2023\/06\/03-1-621x414.jpeg 621w, https:\/\/www.cameraitalianabarcelona.com\/wp-content\/uploads\/2023\/06\/03-1-414x276.jpeg 414w\" sizes=\"auto, (max-width: 345px) 100vw, 345px\" \/><\/a><\/strong><a href=\"https:\/\/www.cameraitalianabarcelona.com\/hostmilano-regresa-para-celebrar-el-sector-de-la-hospitalidad-profesional-a-nivel-mundial-del-13-al-17-de-octubre-2023-en-fieramilano\/\">HOSTMILANO<\/a><\/h3>\n<p style=\"text-align: center;\"><a href=\"https:\/\/www.cameraitalianabarcelona.com\/hostmilano-regresa-para-celebrar-el-sector-de-la-hospitalidad-profesional-a-nivel-mundial-del-13-al-17-de-octubre-2023-en-fieramilano\/\"><span style=\"color: #000000;\">Sector: Hosteleria, Foodservice, Ho.Re.Ca<\/span><\/a><\/p>\n[\/vc_column_text][\/vc_column][vc_column width=&#8221;1\/4&#8243; css=&#8221;.vc_custom_1568708991256{margin-top: 20px !important;margin-right: 69px !important;margin-bottom: 20px !important;margin-left: 69px !important;border-top-width: 4px !important;border-right-width: 4px !important;border-bottom-width: 4px !important;border-left-width: 4px !important;padding-top: 8px !important;padding-right: 8px !important;padding-bottom: 8px !important;padding-left: 8px !important;border-left-color: rgba(13,181,10,0.29) !important;border-left-style: solid !important;border-right-color: rgba(13,181,10,0.29) !important;border-right-style: solid !important;border-top-color: rgba(13,181,10,0.29) !important;border-top-style: solid !important;border-bottom-color: rgba(13,181,10,0.29) !important;border-bottom-style: solid !important;}&#8221;][vc_column_text title=&#8221;15 &#8211; 17 Noviembre&#8221; align=&#8221;center&#8221;]\n<h6 style=\"text-align: center;\" data-wp-editing=\"1\"><a href=\"https:\/\/www.cameraitalianabarcelona.com\/la-nueva-edicion-de-sicurezza-vuelve-en-fieramilano-del-15-al-17-de-noviembre-2023\/\"><img loading=\"lazy\" decoding=\"async\" class=\"aligncenter wp-image-32826 size-full\" src=\"https:\/\/www.cameraitalianabarcelona.com\/wp-content\/uploads\/2023\/06\/immagine-anteprima.jpg\" alt=\"\" width=\"375\" height=\"305\" srcset=\"https:\/\/www.cameraitalianabarcelona.com\/wp-content\/uploads\/2023\/06\/immagine-anteprima.jpg 375w, https:\/\/www.cameraitalianabarcelona.com\/wp-content\/uploads\/2023\/06\/immagine-anteprima-300x244.jpg 300w, https:\/\/www.cameraitalianabarcelona.com\/wp-content\/uploads\/2023\/06\/immagine-anteprima-320x260.jpg 320w\" sizes=\"auto, (max-width: 375px) 100vw, 375px\" \/><\/a><\/h6>\n<h3 style=\"text-align: center;\" data-wp-editing=\"1\"><a href=\"https:\/\/www.cameraitalianabarcelona.com\/la-nueva-edicion-de-sicurezza-vuelve-en-fieramilano-del-15-al-17-de-noviembre-2023\/\"><span style=\"color: #000000;\">SICUREZZA<\/span><\/a><\/h3>\n<p style=\"text-align: center;\"><a href=\"https:\/\/www.cameraitalianabarcelona.com\/la-nueva-edicion-de-sicurezza-vuelve-en-fieramilano-del-15-al-17-de-noviembre-2023\/\"><span style=\"color: #000000;\">Sector: Seguridad y prevencion de incendios<\/span><\/a><\/p>\n[\/vc_column_text][\/vc_column][\/vc_row][vc_row][vc_column][vc_empty_space height=&#8221;64px&#8221;][vc_column_text title=&#8221;2022&#8243; align=&#8221;center&#8221;][\/vc_column_text][vc_empty_space][\/vc_column][\/vc_row][vc_row fullwidth=&#8221;true&#8221; equal_columns=&#8221;true&#8221; css=&#8221;.vc_custom_1579255670378{margin-top: 0px !important;margin-right: 0px !important;margin-bottom: 0px !important;margin-left: 0px !important;border-top-width: 0px !important;border-right-width: 0px !important;border-bottom-width: 0px !important;border-left-width: 0px !important;padding-top: 0px !important;padding-right: 0px !important;padding-bottom: 0px !important;padding-left: 0px !important;}&#8221;][vc_column border_color=&#8221;rgba(255,255,255,0.29)&#8221; width=&#8221;1\/4&#8243; css=&#8221;.vc_custom_1568708963985{margin-top: 20px !important;margin-bottom: 20px !important;margin-left: 69px !important;border-top-width: 4px !important;border-right-width: 4px !important;border-bottom-width: 4px !important;border-left-width: 4px !important;padding-top: 8px !important;padding-right: 8px !important;padding-bottom: 8px !important;padding-left: 8px !important;border-left-color: rgba(13,181,10,0.29) !important;border-left-style: solid !important;border-right-color: rgba(13,181,10,0.29) !important;border-right-style: solid !important;border-top-color: rgba(13,181,10,0.29) !important;border-top-style: solid !important;border-bottom-color: rgba(13,181,10,0.29) !important;border-bottom-style: solid !important;}&#8221;][vc_column_text title=&#8221;11 &#8211; 12 Febrero&#8221; align=&#8221;center&#8221;]\n<h6 style=\"text-align: center;\" data-wp-editing=\"1\"><a href=\"http:\/\/www.cameraitalianabarcelona.com\/it\/buy-wine-2022-vuelve-en-formato-presencial\/\"><img loading=\"lazy\" decoding=\"async\" class=\"alignnone wp-image-31442 size-full\" src=\"http:\/\/www.cameraitalianabarcelona.com\/wp-content\/uploads\/2021\/11\/Cattura-4.jpg\" alt=\"\" width=\"951\" height=\"616\" srcset=\"https:\/\/www.cameraitalianabarcelona.com\/wp-content\/uploads\/2021\/11\/Cattura-4.jpg 951w, https:\/\/www.cameraitalianabarcelona.com\/wp-content\/uploads\/2021\/11\/Cattura-4-300x194.jpg 300w, https:\/\/www.cameraitalianabarcelona.com\/wp-content\/uploads\/2021\/11\/Cattura-4-768x497.jpg 768w, https:\/\/www.cameraitalianabarcelona.com\/wp-content\/uploads\/2021\/11\/Cattura-4-600x388.jpg 600w\" sizes=\"auto, (max-width: 951px) 100vw, 951px\" \/><\/a><\/h6>\n<h6 style=\"text-align: center;\" data-wp-editing=\"1\"><span style=\"color: #000000;\"><strong><a style=\"color: #000000;\" href=\"http:\/\/www.cameraitalianabarcelona.com\/it\/buy-wine-2022-vuelve-en-formato-presencial\/\">BUY WINE TOSCANA<\/a><\/strong><\/span><\/h6>\n<p style=\"text-align: center;\"><a href=\"http:\/\/www.cameraitalianabarcelona.com\/it\/buy-wine-2022-vuelve-en-formato-presencial\/\"><span style=\"color: #000000;\"><strong>Sector: Vitivinicola<\/strong><\/span><\/a><\/p>\n[\/vc_column_text][\/vc_column][vc_column width=&#8221;1\/4&#8243; css=&#8221;.vc_custom_1568708991256{margin-top: 20px !important;margin-right: 69px !important;margin-bottom: 20px !important;margin-left: 69px !important;border-top-width: 4px !important;border-right-width: 4px !important;border-bottom-width: 4px !important;border-left-width: 4px !important;padding-top: 8px !important;padding-right: 8px !important;padding-bottom: 8px !important;padding-left: 8px !important;border-left-color: rgba(13,181,10,0.29) !important;border-left-style: solid !important;border-right-color: rgba(13,181,10,0.29) !important;border-right-style: solid !important;border-top-color: rgba(13,181,10,0.29) !important;border-top-style: solid !important;border-bottom-color: rgba(13,181,10,0.29) !important;border-bottom-style: solid !important;}&#8221;][vc_column_text title=&#8221;11 &#8211; 14 Marzo&#8221; align=&#8221;center&#8221;]\n<h6 style=\"text-align: center;\" data-wp-editing=\"1\"><span style=\"color: #000000;\"><strong><a href=\"http:\/\/www.cameraitalianabarcelona.com\/homi-fashionjewels-exhibition\/\"><img loading=\"lazy\" decoding=\"async\" class=\"alignnone wp-image-31552 size-medium\" src=\"http:\/\/www.cameraitalianabarcelona.com\/wp-content\/uploads\/2022\/01\/4cq5dam.web_.1280.1280-300x200.jpeg\" alt=\"\" width=\"300\" height=\"200\" srcset=\"https:\/\/www.cameraitalianabarcelona.com\/wp-content\/uploads\/2022\/01\/4cq5dam.web_.1280.1280-300x200.jpeg 300w, https:\/\/www.cameraitalianabarcelona.com\/wp-content\/uploads\/2022\/01\/4cq5dam.web_.1280.1280-1024x682.jpeg 1024w, https:\/\/www.cameraitalianabarcelona.com\/wp-content\/uploads\/2022\/01\/4cq5dam.web_.1280.1280-768x512.jpeg 768w, https:\/\/www.cameraitalianabarcelona.com\/wp-content\/uploads\/2022\/01\/4cq5dam.web_.1280.1280-150x100.jpeg 150w, https:\/\/www.cameraitalianabarcelona.com\/wp-content\/uploads\/2022\/01\/4cq5dam.web_.1280.1280-330x220.jpeg 330w, https:\/\/www.cameraitalianabarcelona.com\/wp-content\/uploads\/2022\/01\/4cq5dam.web_.1280.1280-900x600.jpeg 900w, https:\/\/www.cameraitalianabarcelona.com\/wp-content\/uploads\/2022\/01\/4cq5dam.web_.1280.1280-736x490.jpeg 736w, https:\/\/www.cameraitalianabarcelona.com\/wp-content\/uploads\/2022\/01\/4cq5dam.web_.1280.1280-621x414.jpeg 621w, https:\/\/www.cameraitalianabarcelona.com\/wp-content\/uploads\/2022\/01\/4cq5dam.web_.1280.1280-414x276.jpeg 414w, https:\/\/www.cameraitalianabarcelona.com\/wp-content\/uploads\/2022\/01\/4cq5dam.web_.1280.1280.jpeg 1280w\" sizes=\"auto, (max-width: 300px) 100vw, 300px\" \/><\/a><br \/>\n<\/strong><\/span><\/h6>\n<h6 style=\"text-align: center;\" data-wp-editing=\"1\"><span style=\"color: #000000;\"><strong><a href=\"http:\/\/www.cameraitalianabarcelona.com\/homi-fashionjewels-exhibition\/\">HOMI FASHION &amp; JEWELS<\/a><\/strong><\/span><\/h6>\n<p style=\"text-align: center;\"><a href=\"http:\/\/www.cameraitalianabarcelona.com\/homi-fashionjewels-exhibition\/\"><span style=\"color: #000000;\"><strong>Sector: Joyeria, Bisuteria, Complementos, Moda<\/strong><\/span><\/a><\/p>\n[\/vc_column_text][\/vc_column][vc_column width=&#8221;1\/4&#8243; css=&#8221;.vc_custom_1572278451534{margin-top: 20px !important;margin-right: 69px !important;margin-bottom: 20px !important;margin-left: 0px !important;border-top-width: 4px !important;border-right-width: 4px !important;border-bottom-width: 4px !important;border-left-width: 4px !important;padding-top: 8px !important;padding-right: 8px !important;padding-bottom: 8px !important;padding-left: 8px !important;border-left-color: rgba(13,181,10,0.29) !important;border-left-style: solid !important;border-right-color: rgba(13,181,10,0.29) !important;border-right-style: solid !important;border-top-color: rgba(13,181,10,0.29) !important;border-top-style: solid !important;border-bottom-color: rgba(13,181,10,0.29) !important;border-bottom-style: solid !important;}&#8221;][vc_column_text title=&#8221;11 &#8211; 14 Marzo&#8221; align=&#8221;center&#8221;]\n<h6 style=\"text-align: center;\" data-wp-editing=\"1\"><a href=\"http:\/\/www.cameraitalianabarcelona.com\/homi-the-lifestyle-trade-fair\/\"><img loading=\"lazy\" decoding=\"async\" class=\"aligncenter wp-image-31584 size-medium\" src=\"http:\/\/www.cameraitalianabarcelona.com\/wp-content\/uploads\/2022\/01\/03-1-300x169.png\" alt=\"\" width=\"300\" height=\"169\" srcset=\"https:\/\/www.cameraitalianabarcelona.com\/wp-content\/uploads\/2022\/01\/03-1-300x169.png 300w, https:\/\/www.cameraitalianabarcelona.com\/wp-content\/uploads\/2022\/01\/03-1-1024x576.png 1024w, https:\/\/www.cameraitalianabarcelona.com\/wp-content\/uploads\/2022\/01\/03-1-768x432.png 768w, https:\/\/www.cameraitalianabarcelona.com\/wp-content\/uploads\/2022\/01\/03-1-736x414.png 736w, https:\/\/www.cameraitalianabarcelona.com\/wp-content\/uploads\/2022\/01\/03-1-600x337.png 600w, https:\/\/www.cameraitalianabarcelona.com\/wp-content\/uploads\/2022\/01\/03-1.png 1280w\" sizes=\"auto, (max-width: 300px) 100vw, 300px\" \/><\/a><\/h6>\n<h6 style=\"text-align: center;\" data-wp-editing=\"1\"><span style=\"color: #000000;\"><strong><a style=\"color: #000000;\" href=\"http:\/\/www.cameraitalianabarcelona.com\/homi-the-lifestyle-trade-fair\/\">HOMI &#8211; THE LIFESTYLE TRADE FAIR<\/a><\/strong><\/span><\/h6>\n<p style=\"text-align: center;\"><a href=\"http:\/\/www.cameraitalianabarcelona.com\/homi-the-lifestyle-trade-fair\/\"><span style=\"color: #000000;\"><strong>Sector: Decoraci\u00f3n, Regalo, Textiles, Vajillas, Fragrancias, Complementos<\/strong><\/span><\/a><\/p>\n[\/vc_column_text][\/vc_column][\/vc_row][vc_row fullwidth=&#8221;true&#8221; equal_columns=&#8221;true&#8221; css=&#8221;.vc_custom_1579255670378{margin-top: 0px !important;margin-right: 0px !important;margin-bottom: 0px !important;margin-left: 0px !important;border-top-width: 0px !important;border-right-width: 0px !important;border-bottom-width: 0px !important;border-left-width: 0px !important;padding-top: 0px !important;padding-right: 0px !important;padding-bottom: 0px !important;padding-left: 0px !important;}&#8221;][vc_column border_color=&#8221;rgba(255,255,255,0.29)&#8221; width=&#8221;1\/4&#8243; css=&#8221;.vc_custom_1568708963985{margin-top: 20px !important;margin-bottom: 20px !important;margin-left: 69px !important;border-top-width: 4px !important;border-right-width: 4px !important;border-bottom-width: 4px !important;border-left-width: 4px !important;padding-top: 8px !important;padding-right: 8px !important;padding-bottom: 8px !important;padding-left: 8px !important;border-left-color: rgba(13,181,10,0.29) !important;border-left-style: solid !important;border-right-color: rgba(13,181,10,0.29) !important;border-right-style: solid !important;border-top-color: rgba(13,181,10,0.29) !important;border-top-style: solid !important;border-bottom-color: rgba(13,181,10,0.29) !important;border-bottom-style: solid !important;}&#8221;][vc_column_text title=&#8221;27 &#8211; 30 Marzo&#8221; align=&#8221;center&#8221;]\n<h6 style=\"text-align: center;\" data-wp-editing=\"1\"><span style=\"color: #000000;\"><strong><a href=\"http:\/\/www.cameraitalianabarcelona.com\/beerfood-attraction\/\"><img loading=\"lazy\" decoding=\"async\" class=\"alignnone wp-image-31421 size-medium\" src=\"http:\/\/www.cameraitalianabarcelona.com\/wp-content\/uploads\/2021\/11\/foto-01-300x167.jpeg\" alt=\"\" width=\"300\" height=\"167\" srcset=\"https:\/\/www.cameraitalianabarcelona.com\/wp-content\/uploads\/2021\/11\/foto-01-300x167.jpeg 300w, https:\/\/www.cameraitalianabarcelona.com\/wp-content\/uploads\/2021\/11\/foto-01-768x427.jpeg 768w, https:\/\/www.cameraitalianabarcelona.com\/wp-content\/uploads\/2021\/11\/foto-01-330x184.jpeg 330w, https:\/\/www.cameraitalianabarcelona.com\/wp-content\/uploads\/2021\/11\/foto-01-736x409.jpeg 736w, https:\/\/www.cameraitalianabarcelona.com\/wp-content\/uploads\/2021\/11\/foto-01-414x230.jpeg 414w, https:\/\/www.cameraitalianabarcelona.com\/wp-content\/uploads\/2021\/11\/foto-01.jpeg 800w\" sizes=\"auto, (max-width: 300px) 100vw, 300px\" \/><\/a><\/strong><\/span><\/h6>\n<h6 style=\"text-align: center;\" data-wp-editing=\"1\"><span style=\"color: #000000;\"><strong><a style=\"color: #000000;\" href=\"http:\/\/www.cameraitalianabarcelona.com\/beerfood-attraction\/\">BEER&amp;FOOD ATTRACTION <\/a><\/strong><\/span><\/h6>\n<h6 style=\"text-align: center;\" data-wp-editing=\"1\"><span style=\"color: #000000;\"><strong><span style=\"color: #000000;\"><a style=\"color: #000000;\" href=\"http:\/\/www.cameraitalianabarcelona.com\/beerfood-attraction\/\">BBTECH EXPO<\/a><\/span><br \/>\n<\/strong><\/span><\/h6>\n<p style=\"text-align: center;\"><a href=\"http:\/\/www.cameraitalianabarcelona.com\/beerfood-attraction\/\"><span style=\"color: #000000;\"><strong>Sector: Cervezas artesanales, bebidas, food, tecnologia, accessorios, materias primas<\/strong><\/span><\/a><\/p>\n[\/vc_column_text][\/vc_column][vc_column width=&#8221;1\/4&#8243; css=&#8221;.vc_custom_1568708991256{margin-top: 20px !important;margin-right: 69px !important;margin-bottom: 20px !important;margin-left: 69px !important;border-top-width: 4px !important;border-right-width: 4px !important;border-bottom-width: 4px !important;border-left-width: 4px !important;padding-top: 8px !important;padding-right: 8px !important;padding-bottom: 8px !important;padding-left: 8px !important;border-left-color: rgba(13,181,10,0.29) !important;border-left-style: solid !important;border-right-color: rgba(13,181,10,0.29) !important;border-right-style: solid !important;border-top-color: rgba(13,181,10,0.29) !important;border-top-style: solid !important;border-bottom-color: rgba(13,181,10,0.29) !important;border-bottom-style: solid !important;}&#8221;][vc_column_text title=&#8221;1 &#8211; 4 Abril&#8221; align=&#8221;center&#8221;]\n<h6 style=\"text-align: center;\" data-wp-editing=\"1\"><span style=\"color: #000000;\"><strong><a href=\"http:\/\/www.cameraitalianabarcelona.com\/firenze-home-textstyle\/\"><img loading=\"lazy\" decoding=\"async\" class=\"alignnone wp-image-31615 size-medium\" src=\"http:\/\/www.cameraitalianabarcelona.com\/wp-content\/uploads\/2022\/01\/01_testatina-300x168.jpg\" alt=\"\" width=\"300\" height=\"168\" srcset=\"https:\/\/www.cameraitalianabarcelona.com\/wp-content\/uploads\/2022\/01\/01_testatina-300x168.jpg 300w, https:\/\/www.cameraitalianabarcelona.com\/wp-content\/uploads\/2022\/01\/01_testatina-1024x575.jpg 1024w, https:\/\/www.cameraitalianabarcelona.com\/wp-content\/uploads\/2022\/01\/01_testatina-768x431.jpg 768w, https:\/\/www.cameraitalianabarcelona.com\/wp-content\/uploads\/2022\/01\/01_testatina-330x185.jpg 330w, https:\/\/www.cameraitalianabarcelona.com\/wp-content\/uploads\/2022\/01\/01_testatina-736x414.jpg 736w, https:\/\/www.cameraitalianabarcelona.com\/wp-content\/uploads\/2022\/01\/01_testatina-1280x719.jpg 1280w, https:\/\/www.cameraitalianabarcelona.com\/wp-content\/uploads\/2022\/01\/01_testatina-414x232.jpg 414w, https:\/\/www.cameraitalianabarcelona.com\/wp-content\/uploads\/2022\/01\/01_testatina.jpg 1443w\" sizes=\"auto, (max-width: 300px) 100vw, 300px\" \/><\/a><br \/>\n<\/strong><\/span><\/h6>\n<h6 style=\"text-align: center;\" data-wp-editing=\"1\"><span style=\"color: #000000;\"><strong><a href=\"http:\/\/www.cameraitalianabarcelona.com\/firenze-home-textstyle\/\">FIRENZE HOME TEXTSTYLE&nbsp;<\/a><\/strong><\/span><\/h6>\n<p style=\"text-align: center;\"><a href=\"http:\/\/www.cameraitalianabarcelona.com\/firenze-home-textstyle\/\"><span style=\"color: #000000;\"><strong>Sector: Textiles para el hogar y la decoraci\u00f3n<\/strong><\/span><\/a><\/p>\n[\/vc_column_text][\/vc_column][vc_column width=&#8221;1\/4&#8243; css=&#8221;.vc_custom_1572278451534{margin-top: 20px !important;margin-right: 69px !important;margin-bottom: 20px !important;margin-left: 0px !important;border-top-width: 4px !important;border-right-width: 4px !important;border-bottom-width: 4px !important;border-left-width: 4px !important;padding-top: 8px !important;padding-right: 8px !important;padding-bottom: 8px !important;padding-left: 8px !important;border-left-color: rgba(13,181,10,0.29) !important;border-left-style: solid !important;border-right-color: rgba(13,181,10,0.29) !important;border-right-style: solid !important;border-top-color: rgba(13,181,10,0.29) !important;border-top-style: solid !important;border-bottom-color: rgba(13,181,10,0.29) !important;border-bottom-style: solid !important;}&#8221;][vc_column_text title=&#8221;4 &#8211; 7 Abril&#8221; align=&#8221;center&#8221;]\n<h6 style=\"text-align: center;\" data-wp-editing=\"1\"><a href=\"http:\/\/www.cameraitalianabarcelona.com\/alimentaria-2022\/\"><img loading=\"lazy\" decoding=\"async\" class=\"aligncenter wp-image-31723 size-medium\" src=\"http:\/\/www.cameraitalianabarcelona.com\/wp-content\/uploads\/2022\/04\/anteprima-300x155.jpg\" alt=\"\" width=\"300\" height=\"155\" srcset=\"https:\/\/www.cameraitalianabarcelona.com\/wp-content\/uploads\/2022\/04\/anteprima-300x155.jpg 300w, https:\/\/www.cameraitalianabarcelona.com\/wp-content\/uploads\/2022\/04\/anteprima-330x171.jpg 330w, https:\/\/www.cameraitalianabarcelona.com\/wp-content\/uploads\/2022\/04\/anteprima.jpg 715w, https:\/\/www.cameraitalianabarcelona.com\/wp-content\/uploads\/2022\/04\/anteprima-414x214.jpg 414w\" sizes=\"auto, (max-width: 300px) 100vw, 300px\" \/><\/a><\/h6>\n<h6 style=\"text-align: center;\" data-wp-editing=\"1\"><a href=\"http:\/\/www.cameraitalianabarcelona.com\/alimentaria-2022\/\"><strong>ALIMENTARIA<\/strong><\/a><\/h6>\n<p style=\"text-align: center;\"><a href=\"http:\/\/www.cameraitalianabarcelona.com\/alimentaria-2022\/\"><span style=\"color: #000000;\"><strong>Sector: Alimentaci\u00f3n, Bebidas, Food Service<\/strong><\/span><\/a><\/p>\n[\/vc_column_text][\/vc_column][\/vc_row][vc_row fullwidth=&#8221;true&#8221; equal_columns=&#8221;true&#8221; css=&#8221;.vc_custom_1579255670378{margin-top: 0px !important;margin-right: 0px !important;margin-bottom: 0px !important;margin-left: 0px !important;border-top-width: 0px !important;border-right-width: 0px !important;border-bottom-width: 0px !important;border-left-width: 0px !important;padding-top: 0px !important;padding-right: 0px !important;padding-bottom: 0px !important;padding-left: 0px !important;}&#8221;][vc_column border_color=&#8221;rgba(255,255,255,0.29)&#8221; width=&#8221;1\/4&#8243; css=&#8221;.vc_custom_1568708963985{margin-top: 20px !important;margin-bottom: 20px !important;margin-left: 69px !important;border-top-width: 4px !important;border-right-width: 4px !important;border-bottom-width: 4px !important;border-left-width: 4px !important;padding-top: 8px !important;padding-right: 8px !important;padding-bottom: 8px !important;padding-left: 8px !important;border-left-color: rgba(13,181,10,0.29) !important;border-left-style: solid !important;border-right-color: rgba(13,181,10,0.29) !important;border-right-style: solid !important;border-top-color: rgba(13,181,10,0.29) !important;border-top-style: solid !important;border-bottom-color: rgba(13,181,10,0.29) !important;border-bottom-style: solid !important;}&#8221;][vc_column_text title=&#8221;2 &#8211; 27 Mayo&#8221; align=&#8221;center&#8221;]\n<h6 style=\"text-align: center;\" data-wp-editing=\"1\"><span style=\"color: #000000;\"><strong><a href=\"http:\/\/www.cameraitalianabarcelona.com\/eu-match-2\/\"><img loading=\"lazy\" decoding=\"async\" class=\"wp-image-31046 size-medium aligncenter\" src=\"http:\/\/www.cameraitalianabarcelona.com\/wp-content\/uploads\/2021\/06\/Social-EUMatch-Barcellona-300x300.png\" alt=\"\" width=\"300\" height=\"300\" srcset=\"https:\/\/www.cameraitalianabarcelona.com\/wp-content\/uploads\/2021\/06\/Social-EUMatch-Barcellona-300x300.png 300w, https:\/\/www.cameraitalianabarcelona.com\/wp-content\/uploads\/2021\/06\/Social-EUMatch-Barcellona-1024x1024.png 1024w, https:\/\/www.cameraitalianabarcelona.com\/wp-content\/uploads\/2021\/06\/Social-EUMatch-Barcellona-150x150.png 150w, https:\/\/www.cameraitalianabarcelona.com\/wp-content\/uploads\/2021\/06\/Social-EUMatch-Barcellona-768x768.png 768w, https:\/\/www.cameraitalianabarcelona.com\/wp-content\/uploads\/2021\/06\/Social-EUMatch-Barcellona-550x550.png 550w, https:\/\/www.cameraitalianabarcelona.com\/wp-content\/uploads\/2021\/06\/Social-EUMatch-Barcellona-500x500.png 500w, https:\/\/www.cameraitalianabarcelona.com\/wp-content\/uploads\/2021\/06\/Social-EUMatch-Barcellona-225x225.png 225w, https:\/\/www.cameraitalianabarcelona.com\/wp-content\/uploads\/2021\/06\/Social-EUMatch-Barcellona-200x200.png 200w, https:\/\/www.cameraitalianabarcelona.com\/wp-content\/uploads\/2021\/06\/Social-EUMatch-Barcellona-400x400.png 400w, https:\/\/www.cameraitalianabarcelona.com\/wp-content\/uploads\/2021\/06\/Social-EUMatch-Barcellona-260x260.png 260w, https:\/\/www.cameraitalianabarcelona.com\/wp-content\/uploads\/2021\/06\/Social-EUMatch-Barcellona-600x600.png 600w, https:\/\/www.cameraitalianabarcelona.com\/wp-content\/uploads\/2021\/06\/Social-EUMatch-Barcellona-414x414.png 414w, https:\/\/www.cameraitalianabarcelona.com\/wp-content\/uploads\/2021\/06\/Social-EUMatch-Barcellona-60x60.png 60w, https:\/\/www.cameraitalianabarcelona.com\/wp-content\/uploads\/2021\/06\/Social-EUMatch-Barcellona.png 1080w\" sizes=\"auto, (max-width: 300px) 100vw, 300px\" \/><\/a><\/strong><\/span><\/h6>\n<h6 style=\"text-align: center;\" data-wp-editing=\"1\"><span style=\"color: #000000;\"><strong><a style=\"color: #000000;\" href=\"http:\/\/www.cameraitalianabarcelona.com\/eu-match-2\/\">EU MATCH<\/a><\/strong><\/span><\/h6>\n<p style=\"text-align: center;\"><a href=\"http:\/\/www.cameraitalianabarcelona.com\/beerfood-attraction\/\"><span style=\"color: #000000;\"><strong>Sector: Food&amp;Wine <\/strong><\/span><\/a><a href=\"http:\/\/www.cameraitalianabarcelona.com\/beerfood-attraction\/\"><span style=\"color: #000000;\"><strong>online B2B<\/strong><\/span><\/a><\/p>\n<p>&nbsp;[\/vc_column_text][\/vc_column][vc_column width=&#8221;1\/4&#8243; css=&#8221;.vc_custom_1568708991256{margin-top: 20px !important;margin-right: 69px !important;margin-bottom: 20px !important;margin-left: 69px !important;border-top-width: 4px !important;border-right-width: 4px !important;border-bottom-width: 4px !important;border-left-width: 4px !important;padding-top: 8px !important;padding-right: 8px !important;padding-bottom: 8px !important;padding-left: 8px !important;border-left-color: rgba(13,181,10,0.29) !important;border-left-style: solid !important;border-right-color: rgba(13,181,10,0.29) !important;border-right-style: solid !important;border-top-color: rgba(13,181,10,0.29) !important;border-top-style: solid !important;border-bottom-color: rgba(13,181,10,0.29) !important;border-bottom-style: solid !important;}&#8221;][vc_column_text title=&#8221;16 &#8211; 19 Septiembre&#8221; align=&#8221;center&#8221;]\n<h6 style=\"text-align: center;\" data-wp-editing=\"1\"><span style=\"color: #000000;\"><strong><a href=\"http:\/\/www.cameraitalianabarcelona.com\/homi-indipendent\/\"><img loading=\"lazy\" decoding=\"async\" class=\"aligncenter wp-image-31959 size-medium\" src=\"http:\/\/www.cameraitalianabarcelona.com\/wp-content\/uploads\/2022\/06\/cq5dam.web_.1280.1280-2-300x200.jpeg\" alt=\"\" width=\"300\" height=\"200\" srcset=\"https:\/\/www.cameraitalianabarcelona.com\/wp-content\/uploads\/2022\/06\/cq5dam.web_.1280.1280-2-300x200.jpeg 300w, https:\/\/www.cameraitalianabarcelona.com\/wp-content\/uploads\/2022\/06\/cq5dam.web_.1280.1280-2-1024x682.jpeg 1024w, https:\/\/www.cameraitalianabarcelona.com\/wp-content\/uploads\/2022\/06\/cq5dam.web_.1280.1280-2-768x512.jpeg 768w, https:\/\/www.cameraitalianabarcelona.com\/wp-content\/uploads\/2022\/06\/cq5dam.web_.1280.1280-2-150x100.jpeg 150w, https:\/\/www.cameraitalianabarcelona.com\/wp-content\/uploads\/2022\/06\/cq5dam.web_.1280.1280-2-330x220.jpeg 330w, https:\/\/www.cameraitalianabarcelona.com\/wp-content\/uploads\/2022\/06\/cq5dam.web_.1280.1280-2-900x600.jpeg 900w, https:\/\/www.cameraitalianabarcelona.com\/wp-content\/uploads\/2022\/06\/cq5dam.web_.1280.1280-2-736x490.jpeg 736w, https:\/\/www.cameraitalianabarcelona.com\/wp-content\/uploads\/2022\/06\/cq5dam.web_.1280.1280-2-621x414.jpeg 621w, https:\/\/www.cameraitalianabarcelona.com\/wp-content\/uploads\/2022\/06\/cq5dam.web_.1280.1280-2-414x276.jpeg 414w, https:\/\/www.cameraitalianabarcelona.com\/wp-content\/uploads\/2022\/06\/cq5dam.web_.1280.1280-2.jpeg 1280w\" sizes=\"auto, (max-width: 300px) 100vw, 300px\" \/><\/a><br \/>\n<a href=\"http:\/\/www.cameraitalianabarcelona.com\/homi-indipendent\/\">HOMI Independent<\/a><\/strong><\/span><\/h6>\n<p style=\"text-align: center;\"><a href=\"http:\/\/www.cameraitalianabarcelona.com\/homi-indipendent\/\"><strong><span style=\"color: #000000;\">Sector: Decoraci\u00f3n, Regalo, Textiles, Vajillas, Fragrancias, Complementos<\/span><\/strong><\/a><\/p>\n[\/vc_column_text][\/vc_column][vc_column width=&#8221;1\/4&#8243; css=&#8221;.vc_custom_1572278451534{margin-top: 20px !important;margin-right: 69px !important;margin-bottom: 20px !important;margin-left: 0px !important;border-top-width: 4px !important;border-right-width: 4px !important;border-bottom-width: 4px !important;border-left-width: 4px !important;padding-top: 8px !important;padding-right: 8px !important;padding-bottom: 8px !important;padding-left: 8px !important;border-left-color: rgba(13,181,10,0.29) !important;border-left-style: solid !important;border-right-color: rgba(13,181,10,0.29) !important;border-right-style: solid !important;border-top-color: rgba(13,181,10,0.29) !important;border-top-style: solid !important;border-bottom-color: rgba(13,181,10,0.29) !important;border-bottom-style: solid !important;}&#8221;][vc_column_text title=&#8221;16 &#8211; 19 Septiembre&#8221; align=&#8221;center&#8221;]\n<h6 style=\"text-align: center;\" data-wp-editing=\"1\"><span style=\"color: #000000;\"><strong><a href=\"http:\/\/www.cameraitalianabarcelona.com\/homi-fashion-jewels-exhibition\/\"><img loading=\"lazy\" decoding=\"async\" class=\"aligncenter wp-image-31968 size-medium\" src=\"http:\/\/www.cameraitalianabarcelona.com\/wp-content\/uploads\/2022\/06\/cq5dam.web_.1280.1280-300x200.jpeg\" alt=\"\" width=\"300\" height=\"200\" srcset=\"https:\/\/www.cameraitalianabarcelona.com\/wp-content\/uploads\/2022\/06\/cq5dam.web_.1280.1280-300x200.jpeg 300w, https:\/\/www.cameraitalianabarcelona.com\/wp-content\/uploads\/2022\/06\/cq5dam.web_.1280.1280-1024x682.jpeg 1024w, https:\/\/www.cameraitalianabarcelona.com\/wp-content\/uploads\/2022\/06\/cq5dam.web_.1280.1280-768x512.jpeg 768w, https:\/\/www.cameraitalianabarcelona.com\/wp-content\/uploads\/2022\/06\/cq5dam.web_.1280.1280-150x100.jpeg 150w, https:\/\/www.cameraitalianabarcelona.com\/wp-content\/uploads\/2022\/06\/cq5dam.web_.1280.1280-330x220.jpeg 330w, https:\/\/www.cameraitalianabarcelona.com\/wp-content\/uploads\/2022\/06\/cq5dam.web_.1280.1280-900x600.jpeg 900w, https:\/\/www.cameraitalianabarcelona.com\/wp-content\/uploads\/2022\/06\/cq5dam.web_.1280.1280-736x490.jpeg 736w, https:\/\/www.cameraitalianabarcelona.com\/wp-content\/uploads\/2022\/06\/cq5dam.web_.1280.1280-621x414.jpeg 621w, https:\/\/www.cameraitalianabarcelona.com\/wp-content\/uploads\/2022\/06\/cq5dam.web_.1280.1280-414x276.jpeg 414w, https:\/\/www.cameraitalianabarcelona.com\/wp-content\/uploads\/2022\/06\/cq5dam.web_.1280.1280.jpeg 1280w\" sizes=\"auto, (max-width: 300px) 100vw, 300px\" \/><\/a><\/strong><br \/>\n<a href=\"http:\/\/www.cameraitalianabarcelona.com\/homi-fashion-jewels-exhibition\/\"><strong>HOMI FASHION &amp; JEWELS<\/strong><\/a><\/span><\/h6>\n<p style=\"text-align: center;\"><a href=\"http:\/\/www.cameraitalianabarcelona.com\/homi-indipendent\/\"><strong><span style=\"color: #000000;\">Sector: Bisuteria, moda y complementos<\/span><\/strong><\/a><\/p>\n[\/vc_column_text][\/vc_column][\/vc_row][vc_row][vc_column][vc_empty_space height=&#8221;64px&#8221;][vc_column_text title=&#8221;2021&#8243; align=&#8221;center&#8221;][\/vc_column_text][vc_empty_space][\/vc_column][\/vc_row][vc_row fullwidth=&#8221;true&#8221; equal_columns=&#8221;true&#8221; css=&#8221;.vc_custom_1579255670378{margin-top: 0px !important;margin-right: 0px !important;margin-bottom: 0px !important;margin-left: 0px !important;border-top-width: 0px !important;border-right-width: 0px !important;border-bottom-width: 0px !important;border-left-width: 0px !important;padding-top: 0px !important;padding-right: 0px !important;padding-bottom: 0px !important;padding-left: 0px !important;}&#8221;][vc_column border_color=&#8221;rgba(255,255,255,0.29)&#8221; width=&#8221;1\/4&#8243; css=&#8221;.vc_custom_1568708963985{margin-top: 20px !important;margin-bottom: 20px !important;margin-left: 69px !important;border-top-width: 4px !important;border-right-width: 4px !important;border-bottom-width: 4px !important;border-left-width: 4px !important;padding-top: 8px !important;padding-right: 8px !important;padding-bottom: 8px !important;padding-left: 8px !important;border-left-color: rgba(13,181,10,0.29) !important;border-left-style: solid !important;border-right-color: rgba(13,181,10,0.29) !important;border-right-style: solid !important;border-top-color: rgba(13,181,10,0.29) !important;border-top-style: solid !important;border-bottom-color: rgba(13,181,10,0.29) !important;border-bottom-style: solid !important;}&#8221;][vc_column_text title=&#8221;5 &#8211; 8 Febrero&#8221; align=&#8221;center&#8221;]\n<h6 style=\"text-align: center;\" data-wp-editing=\"1\"><a href=\"http:\/\/www.cameraitalianabarcelona.com\/firenze-home-textil\/\" target=\"_blank\" rel=\"noopener noreferrer\"><img loading=\"lazy\" decoding=\"async\" class=\"aligncenter wp-image-30530 size-large\" src=\"http:\/\/www.cameraitalianabarcelona.com\/wp-content\/uploads\/2020\/12\/Immagine-1-1024x736.jpg\" alt=\"\" width=\"1024\" height=\"736\" srcset=\"https:\/\/www.cameraitalianabarcelona.com\/wp-content\/uploads\/2020\/12\/Immagine-1-1024x736.jpg 1024w, https:\/\/www.cameraitalianabarcelona.com\/wp-content\/uploads\/2020\/12\/Immagine-1-300x215.jpg 300w, https:\/\/www.cameraitalianabarcelona.com\/wp-content\/uploads\/2020\/12\/Immagine-1-768x552.jpg 768w, https:\/\/www.cameraitalianabarcelona.com\/wp-content\/uploads\/2020\/12\/Immagine-1.jpg 1484w\" sizes=\"auto, (max-width: 1024px) 100vw, 1024px\" \/><\/a><strong><a href=\"http:\/\/www.cameraitalianabarcelona.com\/firenze-home-textil\/\" target=\"_blank\" rel=\"noopener noreferrer\">FIRENZE HOME TEXSTYLE<\/a><\/strong><\/h6>\n<p style=\"text-align: center;\"><a href=\"http:\/\/www.cameraitalianabarcelona.com\/firenze-home-textil\/\"><span style=\"color: #000000;\"><strong>Sector: Textiles para el hogar y la decoraci\u00f3n<\/strong><\/span><\/a><\/p>\n[\/vc_column_text][\/vc_column][vc_column width=&#8221;1\/4&#8243; css=&#8221;.vc_custom_1568708991256{margin-top: 20px !important;margin-right: 69px !important;margin-bottom: 20px !important;margin-left: 69px !important;border-top-width: 4px !important;border-right-width: 4px !important;border-bottom-width: 4px !important;border-left-width: 4px !important;padding-top: 8px !important;padding-right: 8px !important;padding-bottom: 8px !important;padding-left: 8px !important;border-left-color: rgba(13,181,10,0.29) !important;border-left-style: solid !important;border-right-color: rgba(13,181,10,0.29) !important;border-right-style: solid !important;border-top-color: rgba(13,181,10,0.29) !important;border-top-style: solid !important;border-bottom-color: rgba(13,181,10,0.29) !important;border-bottom-style: solid !important;}&#8221;][vc_column_text title=&#8221;11 &#8211; 14 Abril&#8221; align=&#8221;center&#8221;]\n<h6 style=\"text-align: center;\" data-wp-editing=\"1\"><span style=\"color: #000000;\"><strong><a href=\"http:\/\/www.cameraitalianabarcelona.com\/beerfood-attraction-2021\/\"><img loading=\"lazy\" decoding=\"async\" class=\"aligncenter wp-image-30339 size-large\" src=\"http:\/\/www.cameraitalianabarcelona.com\/wp-content\/uploads\/2020\/10\/bicchiere-1024x511.jpeg\" alt=\"\" width=\"1024\" height=\"511\" srcset=\"https:\/\/www.cameraitalianabarcelona.com\/wp-content\/uploads\/2020\/10\/bicchiere-1024x511.jpeg 1024w, https:\/\/www.cameraitalianabarcelona.com\/wp-content\/uploads\/2020\/10\/bicchiere-300x150.jpeg 300w, https:\/\/www.cameraitalianabarcelona.com\/wp-content\/uploads\/2020\/10\/bicchiere-768x383.jpeg 768w, https:\/\/www.cameraitalianabarcelona.com\/wp-content\/uploads\/2020\/10\/bicchiere-1536x766.jpeg 1536w, https:\/\/www.cameraitalianabarcelona.com\/wp-content\/uploads\/2020\/10\/bicchiere-330x165.jpeg 330w, https:\/\/www.cameraitalianabarcelona.com\/wp-content\/uploads\/2020\/10\/bicchiere-600x300.jpeg 600w, https:\/\/www.cameraitalianabarcelona.com\/wp-content\/uploads\/2020\/10\/bicchiere-1200x600.jpeg 1200w, https:\/\/www.cameraitalianabarcelona.com\/wp-content\/uploads\/2020\/10\/bicchiere-736x367.jpeg 736w, https:\/\/www.cameraitalianabarcelona.com\/wp-content\/uploads\/2020\/10\/bicchiere-1280x638.jpeg 1280w, https:\/\/www.cameraitalianabarcelona.com\/wp-content\/uploads\/2020\/10\/bicchiere-414x206.jpeg 414w, https:\/\/www.cameraitalianabarcelona.com\/wp-content\/uploads\/2020\/10\/bicchiere.jpeg 1604w\" sizes=\"auto, (max-width: 1024px) 100vw, 1024px\" \/><\/a><br \/>\n<a href=\"http:\/\/www.cameraitalianabarcelona.com\/beerfood-attraction-2021\/\">BEER&amp;FOOD ATTRACTION<\/a><br \/>\n<\/strong><\/span><\/h6>\n<p style=\"text-align: center;\"><a href=\"http:\/\/www.cameraitalianabarcelona.com\/beerfood-attraction-2021\/\"><span style=\"color: #000000;\"><strong>Sector:&nbsp;Cervezas artesanales, cervezas especiales, comida, vino y licores, agua y refrescos<\/strong><\/span><\/a><\/p>\n[\/vc_column_text][\/vc_column][vc_column width=&#8221;1\/4&#8243; css=&#8221;.vc_custom_1572278451534{margin-top: 20px !important;margin-right: 69px !important;margin-bottom: 20px !important;margin-left: 0px !important;border-top-width: 4px !important;border-right-width: 4px !important;border-bottom-width: 4px !important;border-left-width: 4px !important;padding-top: 8px !important;padding-right: 8px !important;padding-bottom: 8px !important;padding-left: 8px !important;border-left-color: rgba(13,181,10,0.29) !important;border-left-style: solid !important;border-right-color: rgba(13,181,10,0.29) !important;border-right-style: solid !important;border-top-color: rgba(13,181,10,0.29) !important;border-top-style: solid !important;border-bottom-color: rgba(13,181,10,0.29) !important;border-bottom-style: solid !important;}&#8221;][vc_column_text title=&#8221;7 Junio &#8211; 9 Julio&#8221; align=&#8221;center&#8221;]\n<h6 style=\"text-align: center;\"><a href=\"http:\/\/www.cameraitalianabarcelona.com\/eu-match\/\"><img loading=\"lazy\" decoding=\"async\" class=\"aligncenter wp-image-31046 size-large\" src=\"http:\/\/www.cameraitalianabarcelona.com\/wp-content\/uploads\/2021\/06\/Social-EUMatch-Barcellona-1024x1024.png\" alt=\"\" width=\"1024\" height=\"1024\" srcset=\"https:\/\/www.cameraitalianabarcelona.com\/wp-content\/uploads\/2021\/06\/Social-EUMatch-Barcellona-1024x1024.png 1024w, https:\/\/www.cameraitalianabarcelona.com\/wp-content\/uploads\/2021\/06\/Social-EUMatch-Barcellona-300x300.png 300w, https:\/\/www.cameraitalianabarcelona.com\/wp-content\/uploads\/2021\/06\/Social-EUMatch-Barcellona-150x150.png 150w, https:\/\/www.cameraitalianabarcelona.com\/wp-content\/uploads\/2021\/06\/Social-EUMatch-Barcellona-768x768.png 768w, https:\/\/www.cameraitalianabarcelona.com\/wp-content\/uploads\/2021\/06\/Social-EUMatch-Barcellona-550x550.png 550w, https:\/\/www.cameraitalianabarcelona.com\/wp-content\/uploads\/2021\/06\/Social-EUMatch-Barcellona-500x500.png 500w, https:\/\/www.cameraitalianabarcelona.com\/wp-content\/uploads\/2021\/06\/Social-EUMatch-Barcellona-225x225.png 225w, https:\/\/www.cameraitalianabarcelona.com\/wp-content\/uploads\/2021\/06\/Social-EUMatch-Barcellona-200x200.png 200w, https:\/\/www.cameraitalianabarcelona.com\/wp-content\/uploads\/2021\/06\/Social-EUMatch-Barcellona-400x400.png 400w, https:\/\/www.cameraitalianabarcelona.com\/wp-content\/uploads\/2021\/06\/Social-EUMatch-Barcellona-260x260.png 260w, https:\/\/www.cameraitalianabarcelona.com\/wp-content\/uploads\/2021\/06\/Social-EUMatch-Barcellona-600x600.png 600w, https:\/\/www.cameraitalianabarcelona.com\/wp-content\/uploads\/2021\/06\/Social-EUMatch-Barcellona-414x414.png 414w, https:\/\/www.cameraitalianabarcelona.com\/wp-content\/uploads\/2021\/06\/Social-EUMatch-Barcellona-60x60.png 60w, https:\/\/www.cameraitalianabarcelona.com\/wp-content\/uploads\/2021\/06\/Social-EUMatch-Barcellona.png 1080w\" sizes=\"auto, (max-width: 1024px) 100vw, 1024px\" \/><span style=\"color: #000000;\"><strong>EU Match<\/strong><\/span><\/a><\/h6>\n<p style=\"text-align: center;\"><a href=\"http:\/\/www.cameraitalianabarcelona.com\/eu-match\/\"><span style=\"color: #000000;\"><strong>Sector: Agroalimentario<\/strong><\/span><\/a><\/p>\n[\/vc_column_text][\/vc_column][\/vc_row][vc_row fullwidth=&#8221;true&#8221; equal_columns=&#8221;true&#8221; css=&#8221;.vc_custom_1579255670378{margin-top: 0px !important;margin-right: 0px !important;margin-bottom: 0px !important;margin-left: 0px !important;border-top-width: 0px !important;border-right-width: 0px !important;border-bottom-width: 0px !important;border-left-width: 0px !important;padding-top: 0px !important;padding-right: 0px !important;padding-bottom: 0px !important;padding-left: 0px !important;}&#8221;][vc_column border_color=&#8221;rgba(255,255,255,0.29)&#8221; width=&#8221;1\/4&#8243; css=&#8221;.vc_custom_1568708963985{margin-top: 20px !important;margin-bottom: 20px !important;margin-left: 69px !important;border-top-width: 4px !important;border-right-width: 4px !important;border-bottom-width: 4px !important;border-left-width: 4px !important;padding-top: 8px !important;padding-right: 8px !important;padding-bottom: 8px !important;padding-left: 8px !important;border-left-color: rgba(13,181,10,0.29) !important;border-left-style: solid !important;border-right-color: rgba(13,181,10,0.29) !important;border-right-style: solid !important;border-top-color: rgba(13,181,10,0.29) !important;border-top-style: solid !important;border-bottom-color: rgba(13,181,10,0.29) !important;border-bottom-style: solid !important;}&#8221;][vc_column_text title=&#8221;5 &#8211; 8 Septiembre &#8221; align=&#8221;center&#8221;]\n<h6 style=\"text-align: center;\"><a href=\"http:\/\/www.cameraitalianabarcelona.com\/homi-the-lifestyle-trade-fair-2021\/\"><img loading=\"lazy\" decoding=\"async\" class=\"aligncenter wp-image-30616 size-large\" src=\"http:\/\/www.cameraitalianabarcelona.com\/wp-content\/uploads\/2021\/02\/01-1024x682.jpg\" alt=\"\" width=\"1024\" height=\"682\" srcset=\"https:\/\/www.cameraitalianabarcelona.com\/wp-content\/uploads\/2021\/02\/01-1024x682.jpg 1024w, https:\/\/www.cameraitalianabarcelona.com\/wp-content\/uploads\/2021\/02\/01-300x200.jpg 300w, https:\/\/www.cameraitalianabarcelona.com\/wp-content\/uploads\/2021\/02\/01-768x512.jpg 768w, https:\/\/www.cameraitalianabarcelona.com\/wp-content\/uploads\/2021\/02\/01-150x100.jpg 150w, https:\/\/www.cameraitalianabarcelona.com\/wp-content\/uploads\/2021\/02\/01-900x600.jpg 900w, https:\/\/www.cameraitalianabarcelona.com\/wp-content\/uploads\/2021\/02\/01-1800x1200.jpg 1800w, https:\/\/www.cameraitalianabarcelona.com\/wp-content\/uploads\/2021\/02\/01-736x490.jpg 736w, https:\/\/www.cameraitalianabarcelona.com\/wp-content\/uploads\/2021\/02\/01-1920x1280.jpg 1920w, https:\/\/www.cameraitalianabarcelona.com\/wp-content\/uploads\/2021\/02\/01-600x399.jpg 600w, https:\/\/www.cameraitalianabarcelona.com\/wp-content\/uploads\/2021\/02\/01.jpg 2000w\" sizes=\"auto, (max-width: 1024px) 100vw, 1024px\" \/><\/a><a href=\"http:\/\/www.cameraitalianabarcelona.com\/homi-the-lifestyle-trade-fair-2021\/\"><span style=\"color: #000000;\"><strong style=\"color: #000000;\">HOMI &#8211;&nbsp;The lifestyle Trade Fair<\/strong><\/span><\/a><\/h6>\n<p style=\"text-align: center;\"><a href=\"http:\/\/www.cameraitalianabarcelona.com\/homi-the-lifestyle-trade-fair-2021\/\"><span style=\"color: #000000;\"><strong>Sector: Decoraci\u00f3n, Regalo, Textiles, Vajillas, Fragrancias, Complementos<\/strong><\/span><\/a><\/p>\n[\/vc_column_text][\/vc_column][vc_column width=&#8221;1\/4&#8243; css=&#8221;.vc_custom_1568708991256{margin-top: 20px !important;margin-right: 69px !important;margin-bottom: 20px !important;margin-left: 69px !important;border-top-width: 4px !important;border-right-width: 4px !important;border-bottom-width: 4px !important;border-left-width: 4px !important;padding-top: 8px !important;padding-right: 8px !important;padding-bottom: 8px !important;padding-left: 8px !important;border-left-color: rgba(13,181,10,0.29) !important;border-left-style: solid !important;border-right-color: rgba(13,181,10,0.29) !important;border-right-style: solid !important;border-top-color: rgba(13,181,10,0.29) !important;border-top-style: solid !important;border-bottom-color: rgba(13,181,10,0.29) !important;border-bottom-style: solid !important;}&#8221;][vc_column_text title=&#8221;18 &#8211; 20 SEPTIEMBRE&#8221; align=&#8221;center&#8221;]\n<h6 style=\"text-align: center;\" data-wp-editing=\"1\"><a href=\"http:\/\/www.cameraitalianabarcelona.com\/homi-fashion-jewels-2\/\" target=\"_blank\" rel=\"noopener noreferrer\"><img loading=\"lazy\" decoding=\"async\" class=\"aligncenter wp-image-31219 size-large\" src=\"http:\/\/www.cameraitalianabarcelona.com\/wp-content\/uploads\/2021\/09\/05-2-scaled-1024x683.jpg\" alt=\"\" width=\"1024\" height=\"683\" srcset=\"https:\/\/www.cameraitalianabarcelona.com\/wp-content\/uploads\/2021\/09\/05-2-1024x683.jpg 1024w, https:\/\/www.cameraitalianabarcelona.com\/wp-content\/uploads\/2021\/09\/05-2-scaled-300x200.jpg 300w, https:\/\/www.cameraitalianabarcelona.com\/wp-content\/uploads\/2021\/09\/05-2-768x512.jpg 768w, https:\/\/www.cameraitalianabarcelona.com\/wp-content\/uploads\/2021\/09\/05-2-1536x1024.jpg 1536w, https:\/\/www.cameraitalianabarcelona.com\/wp-content\/uploads\/2021\/09\/05-2-2048x1365.jpg 2048w, https:\/\/www.cameraitalianabarcelona.com\/wp-content\/uploads\/2021\/09\/05-2-150x100.jpg 150w, https:\/\/www.cameraitalianabarcelona.com\/wp-content\/uploads\/2021\/09\/05-2-330x220.jpg 330w, https:\/\/www.cameraitalianabarcelona.com\/wp-content\/uploads\/2021\/09\/05-2-900x600.jpg 900w, https:\/\/www.cameraitalianabarcelona.com\/wp-content\/uploads\/2021\/09\/05-2-1800x1200.jpg 1800w, https:\/\/www.cameraitalianabarcelona.com\/wp-content\/uploads\/2021\/09\/05-2-736x490.jpg 736w, https:\/\/www.cameraitalianabarcelona.com\/wp-content\/uploads\/2021\/09\/05-2-1920x1280.jpg 1920w, https:\/\/www.cameraitalianabarcelona.com\/wp-content\/uploads\/2021\/09\/05-2-621x414.jpg 621w, https:\/\/www.cameraitalianabarcelona.com\/wp-content\/uploads\/2021\/09\/05-2-1280x853.jpg 1280w, https:\/\/www.cameraitalianabarcelona.com\/wp-content\/uploads\/2021\/09\/05-2-414x276.jpg 414w\" sizes=\"auto, (max-width: 1024px) 100vw, 1024px\" \/><strong>HOMI FASHION &amp; JEWELS<\/strong><\/a><\/h6>\n<p style=\"text-align: center;\"><a href=\"http:\/\/www.cameraitalianabarcelona.com\/homi-fashion-jewels-2\/\"><span style=\"color: #000000;\"><strong>Sector: Bisuteria, moda y complementos<\/strong><\/span><\/a><\/p>\n[\/vc_column_text][\/vc_column][vc_column width=&#8221;1\/4&#8243; css=&#8221;.vc_custom_1572278451534{margin-top: 20px !important;margin-right: 69px !important;margin-bottom: 20px !important;margin-left: 0px !important;border-top-width: 4px !important;border-right-width: 4px !important;border-bottom-width: 4px !important;border-left-width: 4px !important;padding-top: 8px !important;padding-right: 8px !important;padding-bottom: 8px !important;padding-left: 8px !important;border-left-color: rgba(13,181,10,0.29) !important;border-left-style: solid !important;border-right-color: rgba(13,181,10,0.29) !important;border-right-style: solid !important;border-top-color: rgba(13,181,10,0.29) !important;border-top-style: solid !important;border-bottom-color: rgba(13,181,10,0.29) !important;border-bottom-style: solid !important;}&#8221;][vc_column_text title=&#8221;11 &#8211; 29 OCTUBRE&#8221; align=&#8221;center&#8221;]\n<h6 style=\"text-align: center;\" data-wp-editing=\"1\"><a href=\"http:\/\/www.cameraitalianabarcelona.com\/eumatch\/\" target=\"_blank\" rel=\"noopener noreferrer\"><img loading=\"lazy\" decoding=\"async\" class=\"aligncenter wp-image-31231 size-large\" src=\"http:\/\/www.cameraitalianabarcelona.com\/wp-content\/uploads\/2021\/09\/Social-EUMatch-Barcellona-EUMatch-III-1-1024x1024.png\" alt=\"\" width=\"1024\" height=\"1024\" srcset=\"https:\/\/www.cameraitalianabarcelona.com\/wp-content\/uploads\/2021\/09\/Social-EUMatch-Barcellona-EUMatch-III-1-1024x1024.png 1024w, https:\/\/www.cameraitalianabarcelona.com\/wp-content\/uploads\/2021\/09\/Social-EUMatch-Barcellona-EUMatch-III-1-300x300.png 300w, https:\/\/www.cameraitalianabarcelona.com\/wp-content\/uploads\/2021\/09\/Social-EUMatch-Barcellona-EUMatch-III-1-150x150.png 150w, https:\/\/www.cameraitalianabarcelona.com\/wp-content\/uploads\/2021\/09\/Social-EUMatch-Barcellona-EUMatch-III-1-768x768.png 768w, https:\/\/www.cameraitalianabarcelona.com\/wp-content\/uploads\/2021\/09\/Social-EUMatch-Barcellona-EUMatch-III-1-550x550.png 550w, https:\/\/www.cameraitalianabarcelona.com\/wp-content\/uploads\/2021\/09\/Social-EUMatch-Barcellona-EUMatch-III-1-500x500.png 500w, https:\/\/www.cameraitalianabarcelona.com\/wp-content\/uploads\/2021\/09\/Social-EUMatch-Barcellona-EUMatch-III-1-225x225.png 225w, https:\/\/www.cameraitalianabarcelona.com\/wp-content\/uploads\/2021\/09\/Social-EUMatch-Barcellona-EUMatch-III-1-200x200.png 200w, https:\/\/www.cameraitalianabarcelona.com\/wp-content\/uploads\/2021\/09\/Social-EUMatch-Barcellona-EUMatch-III-1-400x400.png 400w, https:\/\/www.cameraitalianabarcelona.com\/wp-content\/uploads\/2021\/09\/Social-EUMatch-Barcellona-EUMatch-III-1-260x260.png 260w, https:\/\/www.cameraitalianabarcelona.com\/wp-content\/uploads\/2021\/09\/Social-EUMatch-Barcellona-EUMatch-III-1-600x600.png 600w, https:\/\/www.cameraitalianabarcelona.com\/wp-content\/uploads\/2021\/09\/Social-EUMatch-Barcellona-EUMatch-III-1-414x414.png 414w, https:\/\/www.cameraitalianabarcelona.com\/wp-content\/uploads\/2021\/09\/Social-EUMatch-Barcellona-EUMatch-III-1-60x60.png 60w, https:\/\/www.cameraitalianabarcelona.com\/wp-content\/uploads\/2021\/09\/Social-EUMatch-Barcellona-EUMatch-III-1.png 1080w\" sizes=\"auto, (max-width: 1024px) 100vw, 1024px\" \/><\/a><strong><a href=\"http:\/\/www.cameraitalianabarcelona.com\/eumatch\/\">EU MATCH<\/a><\/strong><\/h6>\n<p style=\"text-align: center;\"><a href=\"http:\/\/www.cameraitalianabarcelona.com\/eumatch\/\"><span style=\"color: #000000;\"><strong>Sector: Agroalimentario<\/strong><\/span><\/a><\/p>\n[\/vc_column_text][\/vc_column][\/vc_row][vc_row fullwidth=&#8221;true&#8221; equal_columns=&#8221;true&#8221; css=&#8221;.vc_custom_1579255670378{margin-top: 0px !important;margin-right: 0px !important;margin-bottom: 0px !important;margin-left: 0px !important;border-top-width: 0px !important;border-right-width: 0px !important;border-bottom-width: 0px !important;border-left-width: 0px !important;padding-top: 0px !important;padding-right: 0px !important;padding-bottom: 0px !important;padding-left: 0px !important;}&#8221;][vc_column border_color=&#8221;rgba(255,255,255,0.29)&#8221; width=&#8221;1\/4&#8243; css=&#8221;.vc_custom_1568708963985{margin-top: 20px !important;margin-bottom: 20px !important;margin-left: 69px !important;border-top-width: 4px !important;border-right-width: 4px !important;border-bottom-width: 4px !important;border-left-width: 4px !important;padding-top: 8px !important;padding-right: 8px !important;padding-bottom: 8px !important;padding-left: 8px !important;border-left-color: rgba(13,181,10,0.29) !important;border-left-style: solid !important;border-right-color: rgba(13,181,10,0.29) !important;border-right-style: solid !important;border-top-color: rgba(13,181,10,0.29) !important;border-top-style: solid !important;border-bottom-color: rgba(13,181,10,0.29) !important;border-bottom-style: solid !important;}&#8221;][vc_column_text title=&#8221;18 &#8211; 19 OCTUBRE&#8221; align=&#8221;center&#8221;]\n<h6 style=\"text-align: center;\" data-wp-editing=\"1\"><a href=\"http:\/\/www.cameraitalianabarcelona.com\/buyfood-toscana-2021\/\" target=\"_blank\" rel=\"noopener noreferrer\"><img loading=\"lazy\" decoding=\"async\" class=\"aligncenter wp-image-31139 size-full\" src=\"http:\/\/www.cameraitalianabarcelona.com\/wp-content\/uploads\/2021\/09\/07-1.jpg\" alt=\"\" width=\"895\" height=\"782\" srcset=\"https:\/\/www.cameraitalianabarcelona.com\/wp-content\/uploads\/2021\/09\/07-1.jpg 895w, https:\/\/www.cameraitalianabarcelona.com\/wp-content\/uploads\/2021\/09\/07-1-300x262.jpg 300w, https:\/\/www.cameraitalianabarcelona.com\/wp-content\/uploads\/2021\/09\/07-1-768x671.jpg 768w, https:\/\/www.cameraitalianabarcelona.com\/wp-content\/uploads\/2021\/09\/07-1-298x260.jpg 298w, https:\/\/www.cameraitalianabarcelona.com\/wp-content\/uploads\/2021\/09\/07-1-879x768.jpg 879w, https:\/\/www.cameraitalianabarcelona.com\/wp-content\/uploads\/2021\/09\/07-1-474x414.jpg 474w, https:\/\/www.cameraitalianabarcelona.com\/wp-content\/uploads\/2021\/09\/07-1-414x362.jpg 414w\" sizes=\"auto, (max-width: 895px) 100vw, 895px\" \/><\/a><a href=\"http:\/\/www.cameraitalianabarcelona.com\/buyfood-toscana-2021\/\"><strong>BUY_FOOD TOSCANA<\/strong>&nbsp;<\/a><\/h6>\n<p style=\"text-align: center;\"><a href=\"http:\/\/www.cameraitalianabarcelona.com\/buyfood-toscana-2021\/\"><span style=\"color: #000000;\"><strong>Sector: Agroalimentario<\/strong><\/span><\/a><\/p>\n[\/vc_column_text][\/vc_column][vc_column width=&#8221;1\/4&#8243; css=&#8221;.vc_custom_1568708991256{margin-top: 20px !important;margin-right: 69px !important;margin-bottom: 20px !important;margin-left: 69px !important;border-top-width: 4px !important;border-right-width: 4px !important;border-bottom-width: 4px !important;border-left-width: 4px !important;padding-top: 8px !important;padding-right: 8px !important;padding-bottom: 8px !important;padding-left: 8px !important;border-left-color: rgba(13,181,10,0.29) !important;border-left-style: solid !important;border-right-color: rgba(13,181,10,0.29) !important;border-right-style: solid !important;border-top-color: rgba(13,181,10,0.29) !important;border-top-style: solid !important;border-bottom-color: rgba(13,181,10,0.29) !important;border-bottom-style: solid !important;}&#8221;][vc_column_text title=&#8221;22 &#8211; 26 Octubre&#8221; align=&#8221;center&#8221;]\n<h6 style=\"text-align: center;\" data-wp-editing=\"1\"><span style=\"color: #000000;\"><strong><br \/>\n<a href=\"http:\/\/www.cameraitalianabarcelona.com\/hostmilano\/\"><img loading=\"lazy\" decoding=\"async\" class=\"aligncenter wp-image-30924 size-full\" src=\"http:\/\/www.cameraitalianabarcelona.com\/wp-content\/uploads\/2021\/05\/05.jpg\" alt=\"\" width=\"300\" height=\"250\"><\/a><\/strong><\/span><span style=\"color: #000000;\"><strong><a href=\"http:\/\/www.cameraitalianabarcelona.com\/hostmilano\/\">HOSTMilano<\/a><\/strong><\/span><\/h6>\n<p style=\"text-align: center;\"><a href=\"http:\/\/www.cameraitalianabarcelona.com\/hostmilano\/\"><span style=\"color: #000000;\"><strong>Sector:&nbsp;Hosteleria, Foodservice, Ho.Re.Ca<\/strong><\/span><\/a><\/p>\n[\/vc_column_text][\/vc_column][vc_column width=&#8221;1\/4&#8243; css=&#8221;.vc_custom_1572278451534{margin-top: 20px !important;margin-right: 69px !important;margin-bottom: 20px !important;margin-left: 0px !important;border-top-width: 4px !important;border-right-width: 4px !important;border-bottom-width: 4px !important;border-left-width: 4px !important;padding-top: 8px !important;padding-right: 8px !important;padding-bottom: 8px !important;padding-left: 8px !important;border-left-color: rgba(13,181,10,0.29) !important;border-left-style: solid !important;border-right-color: rgba(13,181,10,0.29) !important;border-right-style: solid !important;border-top-color: rgba(13,181,10,0.29) !important;border-top-style: solid !important;border-bottom-color: rgba(13,181,10,0.29) !important;border-bottom-style: solid !important;}&#8221;][vc_column_text title=&#8221;22 &#8211; 26 Octubre&#8221; align=&#8221;center&#8221;]\n<h6 style=\"text-align: center;\" data-wp-editing=\"1\"><a href=\"http:\/\/www.cameraitalianabarcelona.com\/tuttofood-2021\/\" target=\"_blank\" rel=\"noopener noreferrer\"><img loading=\"lazy\" decoding=\"async\" class=\"aligncenter wp-image-30725 size-full\" src=\"http:\/\/www.cameraitalianabarcelona.com\/wp-content\/uploads\/2021\/03\/Immagine-quadratino-anteprima.jpg\" alt=\"\" width=\"600\" height=\"314\" srcset=\"https:\/\/www.cameraitalianabarcelona.com\/wp-content\/uploads\/2021\/03\/Immagine-quadratino-anteprima.jpg 600w, https:\/\/www.cameraitalianabarcelona.com\/wp-content\/uploads\/2021\/03\/Immagine-quadratino-anteprima-300x157.jpg 300w, https:\/\/www.cameraitalianabarcelona.com\/wp-content\/uploads\/2021\/03\/Immagine-quadratino-anteprima-330x173.jpg 330w, https:\/\/www.cameraitalianabarcelona.com\/wp-content\/uploads\/2021\/03\/Immagine-quadratino-anteprima-414x217.jpg 414w\" sizes=\"auto, (max-width: 600px) 100vw, 600px\" \/><\/a><a href=\"http:\/\/www.cameraitalianabarcelona.com\/tuttofood-2021\/\"><span style=\"color: #000000;\"><strong>TUTTOFOOD<\/strong><\/span><\/a><\/h6>\n<p style=\"text-align: center;\"><a href=\"http:\/\/www.cameraitalianabarcelona.com\/tuttofood-2021\/\"><span style=\"color: #000000;\"><strong>Sector: Alimentaci\u00f3n, Bebidas y Gastronom\u00eda<\/strong><\/span><\/a><\/p>\n<p style=\"text-align: center;\">&nbsp;<\/p>\n[\/vc_column_text][\/vc_column][\/vc_row][vc_row][vc_column][vc_empty_space height=&#8221;64px&#8221;][vc_column_text title=&#8221;2020&#8243; align=&#8221;center&#8221;][\/vc_column_text][vc_empty_space][\/vc_column][\/vc_row][vc_row fullwidth=&#8221;true&#8221; equal_columns=&#8221;true&#8221; css=&#8221;.vc_custom_1579255670378{margin-top: 0px !important;margin-right: 0px !important;margin-bottom: 0px !important;margin-left: 0px !important;border-top-width: 0px !important;border-right-width: 0px !important;border-bottom-width: 0px !important;border-left-width: 0px !important;padding-top: 0px !important;padding-right: 0px !important;padding-bottom: 0px !important;padding-left: 0px !important;}&#8221;][vc_column border_color=&#8221;rgba(255,255,255,0.29)&#8221; width=&#8221;1\/4&#8243; css=&#8221;.vc_custom_1568708963985{margin-top: 20px !important;margin-bottom: 20px !important;margin-left: 69px !important;border-top-width: 4px !important;border-right-width: 4px !important;border-bottom-width: 4px !important;border-left-width: 4px !important;padding-top: 8px !important;padding-right: 8px !important;padding-bottom: 8px !important;padding-left: 8px !important;border-left-color: rgba(13,181,10,0.29) !important;border-left-style: solid !important;border-right-color: rgba(13,181,10,0.29) !important;border-right-style: solid !important;border-top-color: rgba(13,181,10,0.29) !important;border-top-style: solid !important;border-bottom-color: rgba(13,181,10,0.29) !important;border-bottom-style: solid !important;}&#8221;][vc_column_text title=&#8221;18-22 Enero&#8221; align=&#8221;center&#8221;]\n<h6 style=\"text-align: center;\" data-wp-editing=\"1\"><a href=\"http:\/\/www.cameraitalianabarcelona.com\/sigep-2020\/\" target=\"_blank\" rel=\"noopener noreferrer\"><img loading=\"lazy\" decoding=\"async\" class=\"aligncenter wp-image-28785 size-medium\" src=\"http:\/\/www.cameraitalianabarcelona.com\/wp-content\/uploads\/2019\/07\/Testatina_MKT_Estero_SPA-300x90.jpg\" alt=\"\" width=\"300\" height=\"90\" srcset=\"https:\/\/www.cameraitalianabarcelona.com\/wp-content\/uploads\/2019\/07\/Testatina_MKT_Estero_SPA-300x90.jpg 300w, https:\/\/www.cameraitalianabarcelona.com\/wp-content\/uploads\/2019\/07\/Testatina_MKT_Estero_SPA-768x230.jpg 768w, https:\/\/www.cameraitalianabarcelona.com\/wp-content\/uploads\/2019\/07\/Testatina_MKT_Estero_SPA-1024x307.jpg 1024w, https:\/\/www.cameraitalianabarcelona.com\/wp-content\/uploads\/2019\/07\/Testatina_MKT_Estero_SPA-330x99.jpg 330w, https:\/\/www.cameraitalianabarcelona.com\/wp-content\/uploads\/2019\/07\/Testatina_MKT_Estero_SPA-736x221.jpg 736w, https:\/\/www.cameraitalianabarcelona.com\/wp-content\/uploads\/2019\/07\/Testatina_MKT_Estero_SPA-414x124.jpg 414w, https:\/\/www.cameraitalianabarcelona.com\/wp-content\/uploads\/2019\/07\/Testatina_MKT_Estero_SPA.jpg 1250w\" sizes=\"auto, (max-width: 300px) 100vw, 300px\" \/><\/a><a href=\"http:\/\/www.cameraitalianabarcelona.com\/sigep-2020\/\" target=\"_blank\" rel=\"noopener noreferrer\"><span style=\"color: #000000;\"><strong>SIGEP<\/strong><\/span><\/a><\/h6>\n<p style=\"text-align: center;\"><span style=\"color: #000000;\"><a style=\"color: #000000;\" href=\"http:\/\/www.cameraitalianabarcelona.com\/sigep-2020\/\" target=\"_blank\" rel=\"noopener noreferrer\"><strong>Sector: Pasteler\u00eda y Helader\u00eda<\/strong><\/a><\/span><\/p>\n[\/vc_column_text][\/vc_column][vc_column width=&#8221;1\/4&#8243; css=&#8221;.vc_custom_1568708991256{margin-top: 20px !important;margin-right: 69px !important;margin-bottom: 20px !important;margin-left: 69px !important;border-top-width: 4px !important;border-right-width: 4px !important;border-bottom-width: 4px !important;border-left-width: 4px !important;padding-top: 8px !important;padding-right: 8px !important;padding-bottom: 8px !important;padding-left: 8px !important;border-left-color: rgba(13,181,10,0.29) !important;border-left-style: solid !important;border-right-color: rgba(13,181,10,0.29) !important;border-right-style: solid !important;border-top-color: rgba(13,181,10,0.29) !important;border-top-style: solid !important;border-bottom-color: rgba(13,181,10,0.29) !important;border-bottom-style: solid !important;}&#8221;][vc_column_text title=&#8221;24 &#8211; 27 ENERO&#8221; align=&#8221;center&#8221;]\n<h6 style=\"text-align: center;\" data-wp-editing=\"1\"><span style=\"color: #000000;\"><strong><a href=\"http:\/\/www.cameraitalianabarcelona.com\/homi-milano\/\"><img loading=\"lazy\" decoding=\"async\" class=\"aligncenter wp-image-29595 size-full\" src=\"http:\/\/www.cameraitalianabarcelona.com\/wp-content\/uploads\/2020\/01\/HOMI-MILANO-LOGO-1.png\" alt=\"\" width=\"656\" height=\"323\" srcset=\"https:\/\/www.cameraitalianabarcelona.com\/wp-content\/uploads\/2020\/01\/HOMI-MILANO-LOGO-1.png 656w, https:\/\/www.cameraitalianabarcelona.com\/wp-content\/uploads\/2020\/01\/HOMI-MILANO-LOGO-1-300x148.png 300w, https:\/\/www.cameraitalianabarcelona.com\/wp-content\/uploads\/2020\/01\/HOMI-MILANO-LOGO-1-330x162.png 330w, https:\/\/www.cameraitalianabarcelona.com\/wp-content\/uploads\/2020\/01\/HOMI-MILANO-LOGO-1-414x204.png 414w\" sizes=\"auto, (max-width: 656px) 100vw, 656px\" \/><\/a><br \/>\n<span style=\"color: #000000;\"><a style=\"color: #000000;\" href=\"http:\/\/www.cameraitalianabarcelona.com\/homi-milano\/\">HOMI<\/a>&nbsp;<\/span><\/strong><\/span><\/h6>\n<p style=\"text-align: center;\"><span style=\"color: #000000;\"><a style=\"color: #000000;\" href=\"http:\/\/www.cameraitalianabarcelona.com\/homi-milano\/\" target=\"_blank\" rel=\"noopener noreferrer\"><strong>Sector: Lifestyle<\/strong><\/a><\/span><\/p>\n[\/vc_column_text][\/vc_column][vc_column width=&#8221;1\/4&#8243; css=&#8221;.vc_custom_1572278451534{margin-top: 20px !important;margin-right: 69px !important;margin-bottom: 20px !important;margin-left: 0px !important;border-top-width: 4px !important;border-right-width: 4px !important;border-bottom-width: 4px !important;border-left-width: 4px !important;padding-top: 8px !important;padding-right: 8px !important;padding-bottom: 8px !important;padding-left: 8px !important;border-left-color: rgba(13,181,10,0.29) !important;border-left-style: solid !important;border-right-color: rgba(13,181,10,0.29) !important;border-right-style: solid !important;border-top-color: rgba(13,181,10,0.29) !important;border-top-style: solid !important;border-bottom-color: rgba(13,181,10,0.29) !important;border-bottom-style: solid !important;}&#8221;][vc_column_text title=&#8221;15-18 FEBRERO&#8221; align=&#8221;center&#8221;]\n<h6 style=\"text-align: center;\"><a href=\"http:\/\/www.cameraitalianabarcelona.com\/homi-fashionjewels\/\" target=\"_blank\" rel=\"noopener noreferrer\"><span style=\"color: #000000;\"><strong><img loading=\"lazy\" decoding=\"async\" class=\"aligncenter size-full wp-image-29602\" src=\"http:\/\/www.cameraitalianabarcelona.com\/wp-content\/uploads\/2020\/01\/homi_en_bottom-1.jpg\" alt=\"\" width=\"1000\" height=\"377\" srcset=\"https:\/\/www.cameraitalianabarcelona.com\/wp-content\/uploads\/2020\/01\/homi_en_bottom-1.jpg 1000w, https:\/\/www.cameraitalianabarcelona.com\/wp-content\/uploads\/2020\/01\/homi_en_bottom-1-300x113.jpg 300w, https:\/\/www.cameraitalianabarcelona.com\/wp-content\/uploads\/2020\/01\/homi_en_bottom-1-768x290.jpg 768w, https:\/\/www.cameraitalianabarcelona.com\/wp-content\/uploads\/2020\/01\/homi_en_bottom-1-330x124.jpg 330w, https:\/\/www.cameraitalianabarcelona.com\/wp-content\/uploads\/2020\/01\/homi_en_bottom-1-736x277.jpg 736w, https:\/\/www.cameraitalianabarcelona.com\/wp-content\/uploads\/2020\/01\/homi_en_bottom-1-414x156.jpg 414w\" sizes=\"auto, (max-width: 1000px) 100vw, 1000px\" \/><\/strong><\/span><\/a><\/h6>\n<h6 style=\"text-align: center;\"><span style=\"color: #000000;\"><a style=\"color: #000000;\" href=\"http:\/\/www.cameraitalianabarcelona.com\/homi-fashionjewels\/\" target=\"_blank\" rel=\"noopener noreferrer\"><strong>HOMI &#8211; Fashion and jewels<\/strong><\/a><\/span><\/h6>\n<p style=\"text-align: center;\"><span style=\"color: #000000;\"><strong><a style=\"color: #000000;\" href=\"http:\/\/www.cameraitalianabarcelona.com\/homi-fashionjewels\/\" target=\"_blank\" rel=\"noopener noreferrer\">Sector: Fashion and jewels<\/a><\/strong><\/span><\/p>\n[\/vc_column_text][\/vc_column][\/vc_row][vc_row fullwidth=&#8221;true&#8221; equal_columns=&#8221;true&#8221; css=&#8221;.vc_custom_1579255670378{margin-top: 0px !important;margin-right: 0px !important;margin-bottom: 0px !important;margin-left: 0px !important;border-top-width: 0px !important;border-right-width: 0px !important;border-bottom-width: 0px !important;border-left-width: 0px !important;padding-top: 0px !important;padding-right: 0px !important;padding-bottom: 0px !important;padding-left: 0px !important;}&#8221;][vc_column border_color=&#8221;rgba(255,255,255,0.29)&#8221; width=&#8221;1\/4&#8243; css=&#8221;.vc_custom_1568708963985{margin-top: 20px !important;margin-bottom: 20px !important;margin-left: 69px !important;border-top-width: 4px !important;border-right-width: 4px !important;border-bottom-width: 4px !important;border-left-width: 4px !important;padding-top: 8px !important;padding-right: 8px !important;padding-bottom: 8px !important;padding-left: 8px !important;border-left-color: rgba(13,181,10,0.29) !important;border-left-style: solid !important;border-right-color: rgba(13,181,10,0.29) !important;border-right-style: solid !important;border-top-color: rgba(13,181,10,0.29) !important;border-top-style: solid !important;border-bottom-color: rgba(13,181,10,0.29) !important;border-bottom-style: solid !important;}&#8221;][vc_column_text title=&#8221;18-22 Febrero&#8221; align=&#8221;center&#8221;]\n<h6 style=\"text-align: center;\" data-wp-editing=\"1\"><a href=\"http:\/\/www.cameraitalianabarcelona.com\/?page_id=28936%2F&amp;preview=true\" target=\"_blank\" rel=\"noopener noreferrer\"><img loading=\"lazy\" decoding=\"async\" class=\"aligncenter wp-image-29666 size-large\" src=\"http:\/\/www.cameraitalianabarcelona.com\/wp-content\/uploads\/2020\/02\/01-20-1024x445.jpg\" alt=\"\" width=\"1024\" height=\"445\" srcset=\"https:\/\/www.cameraitalianabarcelona.com\/wp-content\/uploads\/2020\/02\/01-20-1024x445.jpg 1024w, https:\/\/www.cameraitalianabarcelona.com\/wp-content\/uploads\/2020\/02\/01-20-300x130.jpg 300w, https:\/\/www.cameraitalianabarcelona.com\/wp-content\/uploads\/2020\/02\/01-20-768x334.jpg 768w, https:\/\/www.cameraitalianabarcelona.com\/wp-content\/uploads\/2020\/02\/01-20-330x143.jpg 330w, https:\/\/www.cameraitalianabarcelona.com\/wp-content\/uploads\/2020\/02\/01-20-736x320.jpg 736w, https:\/\/www.cameraitalianabarcelona.com\/wp-content\/uploads\/2020\/02\/01-20-414x180.jpg 414w, https:\/\/www.cameraitalianabarcelona.com\/wp-content\/uploads\/2020\/02\/01-20.jpg 1158w\" sizes=\"auto, (max-width: 1024px) 100vw, 1024px\" \/><strong>BEER AND FOOD ATTRACTION<\/strong><\/a><\/h6>\n<p style=\"text-align: center;\"><a href=\"http:\/\/www.cameraitalianabarcelona.com\/?page_id=28936%2F&amp;preview=true\"><span style=\"color: #000000;\"><strong>Sector: Food &amp; Cervezas<\/strong><\/span><\/a><\/p>\n<p>&nbsp;<\/p>\n<p>&nbsp;[\/vc_column_text][\/vc_column][vc_column width=&#8221;1\/4&#8243; css=&#8221;.vc_custom_1568708991256{margin-top: 20px !important;margin-right: 69px !important;margin-bottom: 20px !important;margin-left: 69px !important;border-top-width: 4px !important;border-right-width: 4px !important;border-bottom-width: 4px !important;border-left-width: 4px !important;padding-top: 8px !important;padding-right: 8px !important;padding-bottom: 8px !important;padding-left: 8px !important;border-left-color: rgba(13,181,10,0.29) !important;border-left-style: solid !important;border-right-color: rgba(13,181,10,0.29) !important;border-right-style: solid !important;border-top-color: rgba(13,181,10,0.29) !important;border-top-style: solid !important;border-bottom-color: rgba(13,181,10,0.29) !important;border-bottom-style: solid !important;}&#8221;][vc_column_text title=&#8221;30 Abril &#8211; 11 Mayo&#8221; align=&#8221;center&#8221;]\n<h6 style=\"text-align: center;\" data-wp-editing=\"1\"><span style=\"color: #000000;\"><strong><a href=\"http:\/\/www.cameraitalianabarcelona.com\/foire_de_paris\/\"><img loading=\"lazy\" decoding=\"async\" class=\"aligncenter wp-image-29678 size-full\" src=\"http:\/\/www.cameraitalianabarcelona.com\/wp-content\/uploads\/2020\/02\/30-ABRIL-11-MAYO-2020.jpg\" alt=\"\" width=\"1011\" height=\"636\" srcset=\"https:\/\/www.cameraitalianabarcelona.com\/wp-content\/uploads\/2020\/02\/30-ABRIL-11-MAYO-2020.jpg 1011w, https:\/\/www.cameraitalianabarcelona.com\/wp-content\/uploads\/2020\/02\/30-ABRIL-11-MAYO-2020-300x189.jpg 300w, https:\/\/www.cameraitalianabarcelona.com\/wp-content\/uploads\/2020\/02\/30-ABRIL-11-MAYO-2020-768x483.jpg 768w, https:\/\/www.cameraitalianabarcelona.com\/wp-content\/uploads\/2020\/02\/30-ABRIL-11-MAYO-2020-330x208.jpg 330w, https:\/\/www.cameraitalianabarcelona.com\/wp-content\/uploads\/2020\/02\/30-ABRIL-11-MAYO-2020-658x414.jpg 658w, https:\/\/www.cameraitalianabarcelona.com\/wp-content\/uploads\/2020\/02\/30-ABRIL-11-MAYO-2020-414x260.jpg 414w\" sizes=\"auto, (max-width: 1011px) 100vw, 1011px\" \/><\/a><br \/>\n<a href=\"http:\/\/www.cameraitalianabarcelona.com\/foire_de_paris\/\">FOIR DE PARIS<\/a><\/strong><\/span><\/h6>\n<p style=\"text-align: center;\"><a href=\"http:\/\/www.cameraitalianabarcelona.com\/foire_de_paris\/\"><span style=\"color: #000000;\"><strong>Sector: Artesania<\/strong><\/span><\/a><\/p>\n[\/vc_column_text][\/vc_column][vc_column width=&#8221;1\/4&#8243; css=&#8221;.vc_custom_1572278451534{margin-top: 20px !important;margin-right: 69px !important;margin-bottom: 20px !important;margin-left: 0px !important;border-top-width: 4px !important;border-right-width: 4px !important;border-bottom-width: 4px !important;border-left-width: 4px !important;padding-top: 8px !important;padding-right: 8px !important;padding-bottom: 8px !important;padding-left: 8px !important;border-left-color: rgba(13,181,10,0.29) !important;border-left-style: solid !important;border-right-color: rgba(13,181,10,0.29) !important;border-right-style: solid !important;border-top-color: rgba(13,181,10,0.29) !important;border-top-style: solid !important;border-bottom-color: rgba(13,181,10,0.29) !important;border-bottom-style: solid !important;}&#8221;][vc_column_text title=&#8221;14 &#8211; 17 Septiembre&#8221; align=&#8221;center&#8221;]\n<h6 style=\"text-align: center;\"><a href=\"http:\/\/www.cameraitalianabarcelona.com\/alimentaria-2020-2\/\"><img loading=\"lazy\" decoding=\"async\" class=\"aligncenter wp-image-28782 size-full\" src=\"http:\/\/www.cameraitalianabarcelona.com\/wp-content\/uploads\/2019\/07\/TESTATINA.png\" alt=\"\" width=\"820\" height=\"360\" srcset=\"https:\/\/www.cameraitalianabarcelona.com\/wp-content\/uploads\/2019\/07\/TESTATINA.png 820w, https:\/\/www.cameraitalianabarcelona.com\/wp-content\/uploads\/2019\/07\/TESTATINA-300x132.png 300w, https:\/\/www.cameraitalianabarcelona.com\/wp-content\/uploads\/2019\/07\/TESTATINA-768x337.png 768w, https:\/\/www.cameraitalianabarcelona.com\/wp-content\/uploads\/2019\/07\/TESTATINA-330x145.png 330w, https:\/\/www.cameraitalianabarcelona.com\/wp-content\/uploads\/2019\/07\/TESTATINA-736x323.png 736w, https:\/\/www.cameraitalianabarcelona.com\/wp-content\/uploads\/2019\/07\/TESTATINA-414x182.png 414w\" sizes=\"auto, (max-width: 820px) 100vw, 820px\" \/><\/a><\/h6>\n<h6 style=\"text-align: center;\"><a href=\"http:\/\/www.cameraitalianabarcelona.com\/alimentaria-2020-2\/\"><span style=\"color: #000000;\"><strong style=\"color: #000000;\">ALIMENTARIA<\/strong><\/span><\/a><\/h6>\n<p style=\"text-align: center;\"><a href=\"http:\/\/www.cameraitalianabarcelona.com\/alimentaria-2020-2\/\"><span style=\"color: #000000;\"><strong>Sector: Food&amp;Beverage<\/strong><\/span><\/a><\/p>\n[\/vc_column_text][\/vc_column][\/vc_row][vc_row fullwidth=&#8221;true&#8221; equal_columns=&#8221;true&#8221; css=&#8221;.vc_custom_1579255670378{margin-top: 0px !important;margin-right: 0px !important;margin-bottom: 0px !important;margin-left: 0px !important;border-top-width: 0px !important;border-right-width: 0px !important;border-bottom-width: 0px !important;border-left-width: 0px !important;padding-top: 0px !important;padding-right: 0px !important;padding-bottom: 0px !important;padding-left: 0px !important;}&#8221;][vc_column border_color=&#8221;rgba(255,255,255,0.29)&#8221; width=&#8221;1\/4&#8243; css=&#8221;.vc_custom_1568708963985{margin-top: 20px !important;margin-bottom: 20px !important;margin-left: 69px !important;border-top-width: 4px !important;border-right-width: 4px !important;border-bottom-width: 4px !important;border-left-width: 4px !important;padding-top: 8px !important;padding-right: 8px !important;padding-bottom: 8px !important;padding-left: 8px !important;border-left-color: rgba(13,181,10,0.29) !important;border-left-style: solid !important;border-right-color: rgba(13,181,10,0.29) !important;border-right-style: solid !important;border-top-color: rgba(13,181,10,0.29) !important;border-top-style: solid !important;border-bottom-color: rgba(13,181,10,0.29) !important;border-bottom-style: solid !important;}&#8221;][vc_column_text title=&#8221;19-22 Septiembre&#8221; align=&#8221;center&#8221;]\n<h6 style=\"text-align: center;\"><a href=\"http:\/\/www.cameraitalianabarcelona.com\/homi-fashionjewels-septiembre-2020\/\"><img loading=\"lazy\" decoding=\"async\" class=\"aligncenter wp-image-30158 size-full\" src=\"http:\/\/www.cameraitalianabarcelona.com\/wp-content\/uploads\/2020\/10\/SETTEMBRE-HOMI-FJ.jpg\" alt=\"\" width=\"664\" height=\"190\" srcset=\"https:\/\/www.cameraitalianabarcelona.com\/wp-content\/uploads\/2020\/10\/SETTEMBRE-HOMI-FJ.jpg 664w, https:\/\/www.cameraitalianabarcelona.com\/wp-content\/uploads\/2020\/10\/SETTEMBRE-HOMI-FJ-300x86.jpg 300w, https:\/\/www.cameraitalianabarcelona.com\/wp-content\/uploads\/2020\/10\/SETTEMBRE-HOMI-FJ-330x94.jpg 330w, https:\/\/www.cameraitalianabarcelona.com\/wp-content\/uploads\/2020\/10\/SETTEMBRE-HOMI-FJ-414x118.jpg 414w\" sizes=\"auto, (max-width: 664px) 100vw, 664px\" \/><\/a><\/h6>\n<h6 style=\"text-align: center;\"><a href=\"http:\/\/www.cameraitalianabarcelona.com\/homi-fashion-jewels\/\"><span style=\"color: #000000;\"><strong>HOMI FASHION &amp; JEWELS<\/strong><\/span><\/a><\/h6>\n<p style=\"text-align: center;\"><a href=\"http:\/\/www.cameraitalianabarcelona.com\/homi-fashionjewels-septiembre-2020\/\"><strong><span style=\"color: #000000;\">Sector: Bisuteria, moda y complementos<\/span><\/strong><\/a><\/p>\n[\/vc_column_text][\/vc_column][\/vc_row][vc_row][vc_column][vc_empty_space height=&#8221;64px&#8221;][vc_column_text title=&#8221;2019&#8243; align=&#8221;center&#8221;][\/vc_column_text][vc_empty_space][\/vc_column][\/vc_row][vc_row fullwidth=&#8221;true&#8221; equal_columns=&#8221;true&#8221; css=&#8221;.vc_custom_1568709051676{padding-top: 0px !important;padding-right: 0px !important;padding-bottom: 0px !important;padding-left: 0px !important;}&#8221;][vc_column width=&#8221;1\/4&#8243; css=&#8221;.vc_custom_1568709099343{margin-top: 20px !important;margin-right: 0px !important;margin-bottom: 20px !important;margin-left: 69px !important;border-top-width: 4px !important;border-right-width: 4px !important;border-bottom-width: 4px !important;border-left-width: 4px !important;padding-top: 8px !important;padding-right: 8px !important;padding-bottom: 8px !important;padding-left: 8px !important;border-left-color: rgba(13,181,10,0.29) !important;border-left-style: solid !important;border-right-color: rgba(13,181,10,0.29) !important;border-right-style: solid !important;border-top-color: rgba(13,181,10,0.29) !important;border-top-style: solid !important;border-bottom-color: rgba(13,181,10,0.29) !important;border-bottom-style: solid !important;}&#8221;][vc_column_text title=&#8221;19-23 Enero&#8221; align=&#8221;center&#8221;]\n<h6 style=\"text-align: center;\"><a href=\"http:\/\/www.cameraitalianabarcelona.com\/sigep-feria-rimini-2019\/\" target=\"_blank\" rel=\"noopener noreferrer\"><img loading=\"lazy\" decoding=\"async\" class=\"aligncenter wp-image-22741\" src=\"http:\/\/www.cameraitalianabarcelona.com\/wp-content\/uploads\/2017\/11\/SIGEP2018-logo.jpg\" alt=\"\" width=\"255\" height=\"150\" srcset=\"https:\/\/www.cameraitalianabarcelona.com\/wp-content\/uploads\/2017\/11\/SIGEP2018-logo.jpg 375w, https:\/\/www.cameraitalianabarcelona.com\/wp-content\/uploads\/2017\/11\/SIGEP2018-logo-300x177.jpg 300w, https:\/\/www.cameraitalianabarcelona.com\/wp-content\/uploads\/2017\/11\/SIGEP2018-logo-330x194.jpg 330w, https:\/\/www.cameraitalianabarcelona.com\/wp-content\/uploads\/2017\/11\/SIGEP2018-logo-100x60.jpg 100w\" sizes=\"auto, (max-width: 255px) 100vw, 255px\" \/><\/a><a href=\"http:\/\/www.cameraitalianabarcelona.com\/sigep-feria-rimini-2019\/\" target=\"_blank\" rel=\"noopener noreferrer\"><span style=\"color: #000000;\"><strong>SIGEP<\/strong><\/span><\/a><\/h6>\n<p style=\"text-align: center;\"><span style=\"color: #000000;\"><a style=\"color: #000000;\" href=\"http:\/\/www.cameraitalianabarcelona.com\/sigep-feria-rimini-2019\/\" target=\"_blank\" rel=\"noopener noreferrer\"><strong>Sector: Pasteler\u00eda y Helader\u00eda<\/strong><\/a><\/span><\/p>\n[\/vc_column_text][\/vc_column][vc_column width=&#8221;1\/4&#8243; css=&#8221;.vc_custom_1568709167894{margin-top: 20px !important;margin-right: 69px !important;margin-bottom: 20px !important;margin-left: 69px !important;border-top-width: 4px !important;border-right-width: 4px !important;border-bottom-width: 4px !important;border-left-width: 4px !important;padding-top: 8px !important;padding-right: 8px !important;padding-bottom: 8px !important;padding-left: 8px !important;border-left-color: rgba(13,181,10,0.29) !important;border-left-style: solid !important;border-right-color: rgba(13,181,10,0.29) !important;border-right-style: solid !important;border-top-color: rgba(13,181,10,0.29) !important;border-top-style: solid !important;border-bottom-color: rgba(13,181,10,0.29) !important;border-bottom-style: solid !important;}&#8221;][vc_column_text title=&#8221;25 &#8211; 28 Enero&#8221; align=&#8221;center&#8221;]\n<h6 style=\"text-align: center;\"><a href=\"http:\/\/www.cameraitalianabarcelona.com\/homi-milano-2019\/\" target=\"_blank\" rel=\"noopener noreferrer\"><img loading=\"lazy\" decoding=\"async\" class=\"aligncenter wp-image-24884 size-thumbnail\" src=\"http:\/\/www.cameraitalianabarcelona.com\/wp-content\/uploads\/2018\/06\/Homi-150x150.png\" alt=\"\" width=\"150\" height=\"150\" srcset=\"https:\/\/www.cameraitalianabarcelona.com\/wp-content\/uploads\/2018\/06\/Homi-150x150.png 150w, https:\/\/www.cameraitalianabarcelona.com\/wp-content\/uploads\/2018\/06\/Homi-300x300.png 300w, https:\/\/www.cameraitalianabarcelona.com\/wp-content\/uploads\/2018\/06\/Homi-500x498.png 500w, https:\/\/www.cameraitalianabarcelona.com\/wp-content\/uploads\/2018\/06\/Homi-225x225.png 225w, https:\/\/www.cameraitalianabarcelona.com\/wp-content\/uploads\/2018\/06\/Homi-200x200.png 200w, https:\/\/www.cameraitalianabarcelona.com\/wp-content\/uploads\/2018\/06\/Homi-400x400.png 400w, https:\/\/www.cameraitalianabarcelona.com\/wp-content\/uploads\/2018\/06\/Homi-262x260.png 262w, https:\/\/www.cameraitalianabarcelona.com\/wp-content\/uploads\/2018\/06\/Homi-416x414.png 416w, https:\/\/www.cameraitalianabarcelona.com\/wp-content\/uploads\/2018\/06\/Homi-414x412.png 414w, https:\/\/www.cameraitalianabarcelona.com\/wp-content\/uploads\/2018\/06\/Homi.png 501w\" sizes=\"auto, (max-width: 150px) 100vw, 150px\" \/><\/a><a href=\"http:\/\/www.cameraitalianabarcelona.com\/homi-milano-2019\/\" target=\"_blank\" rel=\"noopener noreferrer\"><strong>HOMI Milano<\/strong><\/a><\/h6>\n<p style=\"text-align: center;\"><a href=\"http:\/\/www.cameraitalianabarcelona.com\/homi-milano-2019\/\" target=\"_blank\" rel=\"noopener noreferrer\"><strong>Sector: Decoraci\u00f3n e Interiorismo<\/strong><\/a><\/p>\n[\/vc_column_text][\/vc_column][vc_column width=&#8221;1\/4&#8243; css=&#8221;.vc_custom_1568709190579{margin-top: 20px !important;margin-right: 69px !important;margin-bottom: 20px !important;margin-left: 0px !important;border-top-width: 4px !important;border-right-width: 4px !important;border-bottom-width: 4px !important;border-left-width: 4px !important;padding-top: 8px !important;padding-right: 8px !important;padding-bottom: 8px !important;padding-left: 8px !important;border-left-color: rgba(13,181,10,0.29) !important;border-left-style: solid !important;border-right-color: rgba(13,181,10,0.29) !important;border-right-style: solid !important;border-top-color: rgba(13,181,10,0.29) !important;border-top-style: solid !important;border-bottom-color: rgba(13,181,10,0.29) !important;border-bottom-style: solid !important;}&#8221;][vc_column_text title=&#8221;8-9 FEBRERO&#8221; align=&#8221;center&#8221;]\n<h6 style=\"text-align: center;\"><span style=\"color: #000000;\"><strong data-wp-editing=\"1\"><a href=\"http:\/\/www.cameraitalianabarcelona.com\/buy-wine\/\" target=\"_blank\" rel=\"noopener noreferrer\"><img loading=\"lazy\" decoding=\"async\" class=\"aligncenter wp-image-26018\" src=\"http:\/\/www.cameraitalianabarcelona.com\/wp-content\/uploads\/2018\/10\/copia-2-300x296.png\" alt=\"\" width=\"255\" height=\"252\" srcset=\"https:\/\/www.cameraitalianabarcelona.com\/wp-content\/uploads\/2018\/10\/copia-2-300x296.png 300w, https:\/\/www.cameraitalianabarcelona.com\/wp-content\/uploads\/2018\/10\/copia-2-264x260.png 264w, https:\/\/www.cameraitalianabarcelona.com\/wp-content\/uploads\/2018\/10\/copia-2-420x414.png 420w, https:\/\/www.cameraitalianabarcelona.com\/wp-content\/uploads\/2018\/10\/copia-2-414x408.png 414w, https:\/\/www.cameraitalianabarcelona.com\/wp-content\/uploads\/2018\/10\/copia-2.png 587w\" sizes=\"auto, (max-width: 255px) 100vw, 255px\" \/><\/a><a style=\"color: #000000;\" href=\"http:\/\/www.cameraitalianabarcelona.com\/buy-wine\/\" target=\"_blank\" rel=\"noopener noreferrer\">BUY WINE<\/a><\/strong><\/span><\/h6>\n<p style=\"text-align: center;\"><a href=\"http:\/\/www.cameraitalianabarcelona.com\/buy-wine\/\" target=\"_blank\" rel=\"noopener noreferrer\"><span style=\"color: #000000;\"><strong>Sector: Vin\u00edcula<\/strong><\/span><\/a><\/p>\n[\/vc_column_text][\/vc_column][\/vc_row][vc_row fullwidth=&#8221;true&#8221; equal_columns=&#8221;true&#8221; column_padding=&#8221;5&#8243; css=&#8221;.vc_custom_1568709221712{padding-top: 0px !important;padding-right: 0px !important;padding-bottom: 0px !important;padding-left: 0px !important;}&#8221;][vc_column width=&#8221;1\/4&#8243; css=&#8221;.vc_custom_1568709266079{margin-top: 20px !important;margin-right: 0px !important;margin-bottom: 0px !important;margin-left: 69px !important;border-top-width: 4px !important;border-right-width: 4px !important;border-bottom-width: 4px !important;border-left-width: 4px !important;padding-top: 8px !important;padding-right: 8px !important;padding-bottom: 8px !important;padding-left: 8px !important;border-left-color: rgba(13,181,10,0.29) !important;border-left-style: solid !important;border-right-color: rgba(13,181,10,0.29) !important;border-right-style: solid !important;border-top-color: rgba(13,181,10,0.29) !important;border-top-style: solid !important;border-bottom-color: rgba(13,181,10,0.29) !important;border-bottom-style: solid !important;}&#8221;][vc_column_text title=&#8221;16-19 FEBRERO&#8221; align=&#8221;center&#8221;]\n<h6 style=\"text-align: center;\"><a href=\"http:\/\/www.cameraitalianabarcelona.com\/2018\/09\/beer-attraction-lo-mejor-de-la-produccion-de-cerveza-italiana-e-internacional\/\" target=\"_blank\" rel=\"noopener noreferrer\"><img loading=\"lazy\" decoding=\"async\" class=\"aligncenter wp-image-24882\" src=\"http:\/\/www.cameraitalianabarcelona.com\/wp-content\/uploads\/2018\/06\/logo-beer-attraction-150x150.png\" alt=\"\" width=\"145\" height=\"145\" srcset=\"https:\/\/www.cameraitalianabarcelona.com\/wp-content\/uploads\/2018\/06\/logo-beer-attraction-150x150.png 150w, https:\/\/www.cameraitalianabarcelona.com\/wp-content\/uploads\/2018\/06\/logo-beer-attraction.png 200w\" sizes=\"auto, (max-width: 145px) 100vw, 145px\" \/><\/a><span style=\"color: #000000;\"><strong><a style=\"color: #000000;\" href=\"http:\/\/www.cameraitalianabarcelona.com\/2018\/09\/beer-attraction-lo-mejor-de-la-produccion-de-cerveza-italiana-e-internacional\/\" target=\"_blank\" rel=\"noopener noreferrer\">BEER ATTRACTION<\/a><\/strong><\/span><\/h6>\n<p style=\"text-align: center;\"><a href=\"http:\/\/www.cameraitalianabarcelona.com\/2018\/09\/beer-attraction-lo-mejor-de-la-produccion-de-cerveza-italiana-e-internacional\/\"><span style=\"color: #000000;\"><strong>Sector: Food y Cervezas<\/strong><\/span><\/a><\/p>\n[\/vc_column_text][\/vc_column][vc_column width=&#8221;1\/4&#8243; css=&#8221;.vc_custom_1568709299287{margin-top: 20px !important;margin-right: 69px !important;margin-bottom: 0px !important;margin-left: 69px !important;border-top-width: 4px !important;border-right-width: 4px !important;border-bottom-width: 4px !important;border-left-width: 4px !important;padding-top: 8px !important;padding-right: 8px !important;padding-bottom: 8px !important;padding-left: 8px !important;border-left-color: rgba(13,181,10,0.29) !important;border-left-style: solid !important;border-right-color: rgba(13,181,10,0.29) !important;border-right-style: solid !important;border-top-color: rgba(13,181,10,0.29) !important;border-top-style: solid !important;border-bottom-color: rgba(13,181,10,0.29) !important;border-bottom-style: solid !important;}&#8221;][vc_column_text title=&#8221;21-24 Febrero&#8221; align=&#8221;center&#8221;]\n<h6 style=\"text-align: center;\"><a href=\"http:\/\/www.cameraitalianabarcelona.com\/transpotec-2019\/\" target=\"_blank\" rel=\"noopener noreferrer\"><img loading=\"lazy\" decoding=\"async\" class=\"aligncenter wp-image-25535\" src=\"http:\/\/www.cameraitalianabarcelona.com\/wp-content\/uploads\/2018\/09\/transpologitec-1.jpg\" alt=\"\" width=\"145\" height=\"145\" srcset=\"https:\/\/www.cameraitalianabarcelona.com\/wp-content\/uploads\/2018\/09\/transpologitec-1.jpg 200w, https:\/\/www.cameraitalianabarcelona.com\/wp-content\/uploads\/2018\/09\/transpologitec-1-150x150.jpg 150w\" sizes=\"auto, (max-width: 145px) 100vw, 145px\" \/><\/a><a href=\"http:\/\/www.cameraitalianabarcelona.com\/transpotec-2019\/\" target=\"_blank\" rel=\"noopener noreferrer\"><span style=\"color: #000000;\"><strong>TRANSPOTEC<\/strong><\/span><\/a><\/h6>\n<p style=\"text-align: center;\"><span style=\"color: #000000;\"><a style=\"color: #000000;\" href=\"http:\/\/www.cameraitalianabarcelona.com\/transpotec-2019\/\" target=\"_blank\" rel=\"noopener noreferrer\"><strong>Sector: Transporte<\/strong><\/a><\/span><\/p>\n[\/vc_column_text][\/vc_column][vc_column width=&#8221;1\/4&#8243; css=&#8221;.vc_custom_1568711325734{margin-top: 20px !important;margin-right: 69px !important;border-top-width: 4px !important;border-right-width: 4px !important;border-bottom-width: 4px !important;border-left-width: 4px !important;padding-top: 8px !important;padding-right: 8px !important;padding-bottom: 8px !important;padding-left: 8px !important;border-left-color: rgba(13,181,10,0.29) !important;border-left-style: solid !important;border-right-color: rgba(13,181,10,0.29) !important;border-right-style: solid !important;border-top-color: rgba(13,181,10,0.29) !important;border-top-style: solid !important;border-bottom-color: rgba(13,181,10,0.29) !important;border-bottom-style: solid !important;}&#8221;][vc_column_text title=&#8221;6-9 Mayo&#8221; align=&#8221;center&#8221;]\n<h6 style=\"text-align: center;\"><strong><a href=\"http:\/\/www.cameraitalianabarcelona.com\/tuttofood-2019\/\" target=\"_blank\" rel=\"noopener noreferrer\"><img loading=\"lazy\" decoding=\"async\" class=\"aligncenter wp-image-25539\" src=\"http:\/\/www.cameraitalianabarcelona.com\/wp-content\/uploads\/2018\/09\/tuttofood9-300x166.jpg\" alt=\"\" width=\"350\" height=\"194\" srcset=\"https:\/\/www.cameraitalianabarcelona.com\/wp-content\/uploads\/2018\/09\/tuttofood9-300x166.jpg 300w, https:\/\/www.cameraitalianabarcelona.com\/wp-content\/uploads\/2018\/09\/tuttofood9-768x426.jpg 768w, https:\/\/www.cameraitalianabarcelona.com\/wp-content\/uploads\/2018\/09\/tuttofood9-1024x567.jpg 1024w, https:\/\/www.cameraitalianabarcelona.com\/wp-content\/uploads\/2018\/09\/tuttofood9-330x183.jpg 330w, https:\/\/www.cameraitalianabarcelona.com\/wp-content\/uploads\/2018\/09\/tuttofood9.jpg 1200w, https:\/\/www.cameraitalianabarcelona.com\/wp-content\/uploads\/2018\/09\/tuttofood9-736x408.jpg 736w, https:\/\/www.cameraitalianabarcelona.com\/wp-content\/uploads\/2018\/09\/tuttofood9-414x229.jpg 414w\" sizes=\"auto, (max-width: 350px) 100vw, 350px\" \/><\/a><a href=\"http:\/\/www.cameraitalianabarcelona.com\/tuttofood-2019\/\" target=\"_blank\" rel=\"noopener noreferrer\">TUTTOFOOD<\/a><\/strong><\/h6>\n<p style=\"text-align: center;\"><a href=\"http:\/\/www.cameraitalianabarcelona.com\/tuttofood-2019\/\" target=\"_blank\" rel=\"noopener noreferrer\"><strong>Sector: Food &amp; Beverage<\/strong><\/a><\/p>\n[\/vc_column_text][\/vc_column][\/vc_row][vc_row fullwidth=&#8221;true&#8221; equal_columns=&#8221;true&#8221; column_padding=&#8221;5&#8243; css=&#8221;.vc_custom_1568709338627{padding-top: 0px !important;padding-right: 0px !important;padding-bottom: 0px !important;padding-left: 0px !important;}&#8221;][vc_column width=&#8221;1\/4&#8243; css=&#8221;.vc_custom_1568711388357{margin-top: 20px !important;margin-right: 0px !important;margin-bottom: 0px !important;margin-left: 69px !important;border-top-width: 4px !important;border-right-width: 4px !important;border-bottom-width: 4px !important;border-left-width: 4px !important;padding-top: 8px !important;padding-right: 8px !important;padding-bottom: 8px !important;padding-left: 8px !important;border-left-color: rgba(13,181,10,0.29) !important;border-left-style: solid !important;border-right-color: rgba(13,181,10,0.29) !important;border-right-style: solid !important;border-top-color: rgba(13,181,10,0.29) !important;border-top-style: solid !important;border-bottom-color: rgba(13,181,10,0.29) !important;border-bottom-style: solid !important;}&#8221;][vc_column_text title=&#8221;17-20 MAYO&#8221; align=&#8221;center&#8221;]\n<h6 style=\"text-align: center;\"><span style=\"color: #000000;\"><strong data-wp-editing=\"1\"><a href=\"http:\/\/www.cameraitalianabarcelona.com\/chibimart\/\"><img loading=\"lazy\" decoding=\"async\" class=\"aligncenter wp-image-28007 size-medium\" src=\"http:\/\/www.cameraitalianabarcelona.com\/wp-content\/uploads\/2019\/04\/LOGOCHIMBAERT-300x114.jpg\" alt=\"\" width=\"300\" height=\"114\" srcset=\"https:\/\/www.cameraitalianabarcelona.com\/wp-content\/uploads\/2019\/04\/LOGOCHIMBAERT-300x114.jpg 300w, https:\/\/www.cameraitalianabarcelona.com\/wp-content\/uploads\/2019\/04\/LOGOCHIMBAERT-768x292.jpg 768w, https:\/\/www.cameraitalianabarcelona.com\/wp-content\/uploads\/2019\/04\/LOGOCHIMBAERT-330x126.jpg 330w, https:\/\/www.cameraitalianabarcelona.com\/wp-content\/uploads\/2019\/04\/LOGOCHIMBAERT-736x280.jpg 736w, https:\/\/www.cameraitalianabarcelona.com\/wp-content\/uploads\/2019\/04\/LOGOCHIMBAERT-414x158.jpg 414w, https:\/\/www.cameraitalianabarcelona.com\/wp-content\/uploads\/2019\/04\/LOGOCHIMBAERT.jpg 828w\" sizes=\"auto, (max-width: 300px) 100vw, 300px\" \/><\/a><a style=\"color: #000000;\" href=\"http:\/\/www.cameraitalianabarcelona.com\/chibimart\/\" target=\"_blank\" rel=\"noopener noreferrer\">CHIBIMART<\/a><\/strong><\/span><\/h6>\n<p style=\"text-align: center;\"><a href=\"http:\/\/www.cameraitalianabarcelona.com\/chibimart\/\" target=\"_blank\" rel=\"noopener noreferrer\"><strong>Sector: Bisuter\u00eda y moda<\/strong><\/a><\/p>\n[\/vc_column_text][\/vc_column][vc_column width=&#8221;1\/4&#8243; css=&#8221;.vc_custom_1568711400172{margin-top: 20px !important;margin-right: 69px !important;margin-left: 69px !important;border-top-width: 4px !important;border-right-width: 4px !important;border-bottom-width: 4px !important;border-left-width: 4px !important;padding-top: 8px !important;padding-right: 8px !important;padding-bottom: 8px !important;padding-left: 8px !important;border-left-color: rgba(13,181,10,0.29) !important;border-left-style: solid !important;border-right-color: rgba(13,181,10,0.29) !important;border-right-style: solid !important;border-top-color: rgba(13,181,10,0.29) !important;border-top-style: solid !important;border-bottom-color: rgba(13,181,10,0.29) !important;border-bottom-style: solid !important;}&#8221;][vc_column_text title=&#8221;13-16 SEPTIEMBRE&#8221; align=&#8221;center&#8221;]\n<p style=\"text-align: center;\"><strong><a href=\"http:\/\/www.cameraitalianabarcelona.com\/homi-septiembre-2019\/\"><img loading=\"lazy\" decoding=\"async\" class=\"aligncenter size-medium wp-image-28554\" src=\"http:\/\/www.cameraitalianabarcelona.com\/wp-content\/uploads\/2019\/06\/logo-per-web-300x209.png\" alt=\"\" width=\"300\" height=\"209\"><\/a><\/strong><\/p>\n<p style=\"text-align: center;\"><strong><a href=\"http:\/\/www.cameraitalianabarcelona.com\/homi-septiembre-2019\/\">HOMI SEPTIEMBRE<\/a><\/strong><\/p>\n<p style=\"text-align: center;\"><a href=\"http:\/\/www.cameraitalianabarcelona.com\/homi-septiembre-2019\/\" target=\"_blank\" rel=\"noopener noreferrer\"><strong>Sector: Decoraci\u00f3n e Interiorismo<\/strong><\/a><\/p>\n[\/vc_column_text][\/vc_column][vc_column border_color=&#8221;rgba(13,181,10,0.29)&#8221; width=&#8221;1\/4&#8243; css=&#8221;.vc_custom_1568711416770{margin-top: 20px !important;margin-right: 69px !important;border-top-width: 4px !important;border-right-width: 4px !important;border-bottom-width: 4px !important;border-left-width: 4px !important;padding-top: 8px !important;padding-right: 8px !important;padding-bottom: 8px !important;padding-left: 8px !important;border-left-color: rgba(13,181,10,0.29) !important;border-left-style: solid !important;border-right-color: rgba(13,181,10,0.29) !important;border-right-style: solid !important;border-top-color: rgba(13,181,10,0.29) !important;border-top-style: solid !important;border-bottom-color: rgba(13,181,10,0.29) !important;border-bottom-style: solid !important;}&#8221;][vc_column_text title=&#8221;9-11 OCTUBRE&#8221; align=&#8221;center&#8221;]\n<h6 style=\"text-align: center;\"><strong data-wp-editing=\"1\"><a href=\"http:\/\/www.cameraitalianabarcelona.com\/italia-repubblica-creativa\/sia-2019\/\"><img loading=\"lazy\" decoding=\"async\" class=\"aligncenter wp-image-28652\" src=\"http:\/\/www.cameraitalianabarcelona.com\/wp-content\/uploads\/2019\/07\/sia-guest.jpg\" alt=\"\" width=\"255\" height=\"240\" srcset=\"https:\/\/www.cameraitalianabarcelona.com\/wp-content\/uploads\/2019\/07\/sia-guest.jpg 374w, https:\/\/www.cameraitalianabarcelona.com\/wp-content\/uploads\/2019\/07\/sia-guest-300x282.jpg 300w, https:\/\/www.cameraitalianabarcelona.com\/wp-content\/uploads\/2019\/07\/sia-guest-276x260.jpg 276w\" sizes=\"auto, (max-width: 255px) 100vw, 255px\" \/><\/a><\/strong><strong data-wp-editing=\"1\"><a href=\"http:\/\/www.cameraitalianabarcelona.com\/italia-repubblica-creativa\/sia-2019\/\" target=\"_blank\" rel=\"noopener noreferrer\"><span style=\"color: #000000;\">SIA GUEST<\/span><\/a><\/strong><\/h6>\n<p style=\"text-align: center;\"><span style=\"color: #000000;\"><a style=\"color: #000000;\" href=\"http:\/\/www.cameraitalianabarcelona.com\/italia-repubblica-creativa\/sia-2019\/\" target=\"_blank\" rel=\"noopener noreferrer\"><strong>Sector: Hospitalidad, hoteler\u00eda<\/strong><\/a><\/span><\/p>\n[\/vc_column_text][\/vc_column][\/vc_row][vc_row fullwidth=&#8221;true&#8221; equal_columns=&#8221;true&#8221; column_padding=&#8221;5&#8243; css=&#8221;.vc_custom_1568709441198{padding-top: 0px !important;padding-right: 0px !important;padding-bottom: 0px !important;padding-left: 0px !important;}&#8221;][vc_column width=&#8221;1\/4&#8243; css=&#8221;.vc_custom_1568711430428{margin-top: 20px !important;margin-left: 69px !important;border-top-width: 4px !important;border-right-width: 4px !important;border-bottom-width: 4px !important;border-left-width: 4px !important;padding-top: 8px !important;padding-right: 8px !important;padding-bottom: 8px !important;padding-left: 8px !important;border-left-color: rgba(13,181,10,0.29) !important;border-left-style: solid !important;border-right-color: rgba(13,181,10,0.29) !important;border-right-style: solid !important;border-top-color: rgba(13,181,10,0.29) !important;border-top-style: solid !important;border-bottom-color: rgba(13,181,10,0.29) !important;border-bottom-style: solid !important;}&#8221;][vc_column_text title=&#8221;18-22 OCTUBRE&#8221; align=&#8221;center&#8221;]\n<h6 style=\"text-align: center;\"><a href=\"http:\/\/www.cameraitalianabarcelona.com\/host-milano\/\" target=\"_blank\" rel=\"noopener noreferrer\"><img loading=\"lazy\" decoding=\"async\" class=\"aligncenter wp-image-26824 \" src=\"http:\/\/www.cameraitalianabarcelona.com\/wp-content\/uploads\/2019\/01\/host-fieramilano-it-es-la-feria-2019.jpg\" alt=\"\" width=\"189\" height=\"95\" srcset=\"https:\/\/www.cameraitalianabarcelona.com\/wp-content\/uploads\/2019\/01\/host-fieramilano-it-es-la-feria-2019.jpg 257w, https:\/\/www.cameraitalianabarcelona.com\/wp-content\/uploads\/2019\/01\/host-fieramilano-it-es-la-feria-2019-600x301.jpg 600w\" sizes=\"auto, (max-width: 189px) 100vw, 189px\" \/><\/a><span style=\"color: #000000;\"><strong><a style=\"color: #000000;\" href=\"http:\/\/www.cameraitalianabarcelona.com\/host-milano\/\" target=\"_blank\" rel=\"noopener noreferrer\">HOST<\/a><\/strong><\/span><\/h6>\n<p style=\"text-align: center;\"><a href=\"http:\/\/www.cameraitalianabarcelona.com\/host-milano\/\"><strong>Sector: Hosteler\u00eda y restauraci\u00f3n<\/strong><\/a><\/p>\n[\/vc_column_text][\/vc_column][vc_column width=&#8221;1\/4&#8243; css=&#8221;.vc_custom_1568711440427{margin-top: 20px !important;margin-right: 69px !important;margin-left: 69px !important;border-top-width: 4px !important;border-right-width: 4px !important;border-bottom-width: 4px !important;border-left-width: 4px !important;padding-top: 8px !important;padding-right: 8px !important;padding-bottom: 8px !important;padding-left: 8px !important;border-left-color: rgba(13,181,10,0.29) !important;border-left-style: solid !important;border-right-color: rgba(13,181,10,0.29) !important;border-right-style: solid !important;border-top-color: rgba(13,181,10,0.29) !important;border-top-style: solid !important;border-bottom-color: rgba(13,181,10,0.29) !important;border-bottom-style: solid !important;}&#8221;][vc_column_text title=&#8221;13-15 NOVIEMBRE&#8221; align=&#8221;center&#8221;]\n<h2 style=\"text-align: center;\"><strong data-wp-editing=\"1\"><a href=\"http:\/\/www.cameraitalianabarcelona.com\/italia-repubblica-creativa\/sicurezza-2019\/\"><img loading=\"lazy\" decoding=\"async\" class=\"aligncenter wp-image-28637 size-full\" src=\"http:\/\/www.cameraitalianabarcelona.com\/wp-content\/uploads\/2019\/07\/logo-sicurezza.jpg\" alt=\"\" width=\"446\" height=\"108\" srcset=\"https:\/\/www.cameraitalianabarcelona.com\/wp-content\/uploads\/2019\/07\/logo-sicurezza.jpg 446w, https:\/\/www.cameraitalianabarcelona.com\/wp-content\/uploads\/2019\/07\/logo-sicurezza-300x73.jpg 300w, https:\/\/www.cameraitalianabarcelona.com\/wp-content\/uploads\/2019\/07\/logo-sicurezza-330x80.jpg 330w, https:\/\/www.cameraitalianabarcelona.com\/wp-content\/uploads\/2019\/07\/logo-sicurezza-414x100.jpg 414w\" sizes=\"auto, (max-width: 446px) 100vw, 446px\" \/><\/a><\/strong><\/h2>\n<h6 style=\"text-align: center;\"><strong data-wp-editing=\"1\"><a href=\"http:\/\/www.cameraitalianabarcelona.com\/italia-repubblica-creativa\/sicurezza-2019\/\" target=\"_blank\" rel=\"noopener noreferrer\"><span style=\"color: #000000;\">SICUREZZA<\/span><\/a><\/strong><\/h6>\n<p style=\"text-align: center;\"><span style=\"color: #000000;\"><a style=\"color: #000000;\" href=\"http:\/\/www.cameraitalianabarcelona.com\/italia-repubblica-creativa\/sicurezza-2019\/\" target=\"_blank\" rel=\"noopener noreferrer\"><strong>Sector: Seguridad<\/strong><\/a><\/span><\/p>\n[\/vc_column_text][\/vc_column][vc_column border_color=&#8221;rgba(13,181,10,0.29)&#8221; width=&#8221;1\/4&#8243; css=&#8221;.vc_custom_1568711459082{margin-top: 20px !important;margin-right: 69px !important;border-top-width: 4px !important;border-right-width: 4px !important;border-bottom-width: 4px !important;border-left-width: 4px !important;padding-top: 8px !important;padding-right: 8px !important;padding-bottom: 8px !important;padding-left: 8px !important;border-left-color: rgba(13,181,10,0.29) !important;border-right-color: rgba(13,181,10,0.29) !important;border-top-color: rgba(13,181,10,0.29) !important;border-bottom-color: rgba(13,181,10,0.29) !important;}&#8221;][vc_column_text title=&#8221;19-22 NOVIEMBRE&#8221; align=&#8221;center&#8221;]\n<h2 style=\"text-align: center;\"><strong data-wp-editing=\"1\"><a href=\"http:\/\/www.cameraitalianabarcelona.com\/italia-repubblica-creativa\/simei-2019\/\"><img loading=\"lazy\" decoding=\"async\" class=\"aligncenter wp-image-28434 size-medium\" src=\"http:\/\/www.cameraitalianabarcelona.com\/wp-content\/uploads\/2019\/05\/simei-300x85.png\" alt=\"\" width=\"300\" height=\"85\" srcset=\"https:\/\/www.cameraitalianabarcelona.com\/wp-content\/uploads\/2019\/05\/simei-300x85.png 300w, https:\/\/www.cameraitalianabarcelona.com\/wp-content\/uploads\/2019\/05\/simei-768x216.png 768w, https:\/\/www.cameraitalianabarcelona.com\/wp-content\/uploads\/2019\/05\/simei-1024x289.png 1024w, https:\/\/www.cameraitalianabarcelona.com\/wp-content\/uploads\/2019\/05\/simei-330x93.png 330w, https:\/\/www.cameraitalianabarcelona.com\/wp-content\/uploads\/2019\/05\/simei-736x207.png 736w, https:\/\/www.cameraitalianabarcelona.com\/wp-content\/uploads\/2019\/05\/simei-1280x361.png 1280w, https:\/\/www.cameraitalianabarcelona.com\/wp-content\/uploads\/2019\/05\/simei-414x117.png 414w, https:\/\/www.cameraitalianabarcelona.com\/wp-content\/uploads\/2019\/05\/simei.png 1654w\" sizes=\"auto, (max-width: 300px) 100vw, 300px\" \/><\/a><\/strong><\/h2>\n<h6 style=\"text-align: center;\"><strong data-wp-editing=\"1\"><a href=\"http:\/\/www.cameraitalianabarcelona.com\/italia-repubblica-creativa\/simei-2019\/\" target=\"_blank\" rel=\"noopener noreferrer\"><span style=\"color: #000000;\">SIMEI<\/span><\/a><\/strong><\/h6>\n<p style=\"text-align: center;\"><span style=\"color: #000000;\"><a style=\"color: #000000;\" href=\"http:\/\/www.cameraitalianabarcelona.com\/italia-repubblica-creativa\/simei-2019\/\" target=\"_blank\" rel=\"noopener noreferrer\"><strong>Sector: Tecnolog\u00eda<\/strong><\/a><\/span><\/p>\n[\/vc_column_text][\/vc_column][\/vc_row][vc_row fullwidth=&#8221;true&#8221; equal_columns=&#8221;true&#8221; column_padding=&#8221;5&#8243; css=&#8221;.vc_custom_1568709563063{padding-top: 0px !important;padding-right: 0px !important;padding-bottom: 0px !important;padding-left: 0px !important;}&#8221;][vc_column border_color=&#8221;rgba(13,181,10,0.29)&#8221; width=&#8221;1\/4&#8243; css=&#8221;.vc_custom_1568709581619{margin-top: 20px !important;margin-left: 69px !important;border-top-width: 4px !important;border-right-width: 4px !important;border-bottom-width: 4px !important;border-left-width: 4px !important;padding-top: 8px !important;padding-right: 8px !important;padding-bottom: 8px !important;padding-left: 8px !important;border-left-color: rgba(13,181,10,0.29) !important;border-right-color: rgba(13,181,10,0.29) !important;border-top-color: rgba(13,181,10,0.29) !important;border-bottom-color: rgba(13,181,10,0.29) !important;}&#8221;][vc_column_text title=&#8221;30 NOVIEMBRE- 8 DICIEMBRE&#8221; align=&#8221;center&#8221;]\n<h6 style=\"text-align: center;\"><a href=\"http:\/\/www.cameraitalianabarcelona.com\/lartigiano-in-fiera-3\/\" target=\"_blank\" rel=\"noopener noreferrer\"><img loading=\"lazy\" decoding=\"async\" class=\"aligncenter wp-image-26826 \" src=\"http:\/\/www.cameraitalianabarcelona.com\/wp-content\/uploads\/2019\/01\/artigianoinfiera-it-es-home-es-2019-300x189.jpg\" alt=\"\" width=\"178\" height=\"112\" srcset=\"https:\/\/www.cameraitalianabarcelona.com\/wp-content\/uploads\/2019\/01\/artigianoinfiera-it-es-home-es-2019-300x189.jpg 300w, https:\/\/www.cameraitalianabarcelona.com\/wp-content\/uploads\/2019\/01\/artigianoinfiera-it-es-home-es-2019-330x208.jpg 330w, https:\/\/www.cameraitalianabarcelona.com\/wp-content\/uploads\/2019\/01\/artigianoinfiera-it-es-home-es-2019.jpg 358w\" sizes=\"auto, (max-width: 178px) 100vw, 178px\" \/><\/a><a href=\"http:\/\/www.cameraitalianabarcelona.com\/lartigiano-in-fiera-3\/\" target=\"_blank\" rel=\"noopener noreferrer\"><span style=\"color: #000000;\"><strong>L&#8217;ARTIGIANO IN FIERA<\/strong><\/span><\/a><\/h6>\n<p style=\"text-align: center;\"><span style=\"color: #000000;\"><a style=\"color: #000000;\" href=\"http:\/\/www.cameraitalianabarcelona.com\/lartigiano-in-fiera-3\/\" target=\"_blank\" rel=\"noopener noreferrer\"><strong>Sector: Artesan\u00eda<\/strong><\/a><\/span><\/p>\n[\/vc_column_text][\/vc_column][\/vc_row][vc_row][vc_column][vc_empty_space height=&#8221;64px&#8221;][vc_column_text title=&#8221;2018&#8243; align=&#8221;center&#8221;][\/vc_column_text][vc_empty_space][\/vc_column][\/vc_row][vc_row fullwidth=&#8221;true&#8221; equal_columns=&#8221;true&#8221; css=&#8221;.vc_custom_1568709653954{padding-top: 0px !important;padding-right: 0px !important;padding-bottom: 0px !important;padding-left: 0px !important;}&#8221;][vc_column width=&#8221;1\/4&#8243; css=&#8221;.vc_custom_1568709686981{margin-top: 20px !important;margin-right: 0px !important;margin-bottom: 20px !important;margin-left: 69px !important;border-top-width: 4px !important;border-right-width: 4px !important;border-bottom-width: 4px !important;border-left-width: 4px !important;padding-top: 8px !important;padding-right: 8px !important;padding-bottom: 8px !important;padding-left: 8px !important;border-left-color: rgba(13,181,10,0.29) !important;border-left-style: solid !important;border-right-color: rgba(13,181,10,0.29) !important;border-right-style: solid !important;border-top-color: rgba(13,181,10,0.29) !important;border-top-style: solid !important;border-bottom-color: rgba(13,181,10,0.29) !important;border-bottom-style: solid !important;}&#8221;][vc_column_text title=&#8221;21 &#8211; 25 Enero&#8221; align=&#8221;center&#8221;]\n<h6 style=\"text-align: center;\"><a href=\"http:\/\/www.cameraitalianabarcelona.com\/2017\/11\/sigep-feria-de-rimini-2018\/\"><img loading=\"lazy\" decoding=\"async\" class=\"aligncenter wp-image-22741\" src=\"http:\/\/www.cameraitalianabarcelona.com\/wp-content\/uploads\/2017\/11\/SIGEP2018-logo.jpg\" alt=\"\" width=\"255\" height=\"150\" srcset=\"https:\/\/www.cameraitalianabarcelona.com\/wp-content\/uploads\/2017\/11\/SIGEP2018-logo.jpg 375w, https:\/\/www.cameraitalianabarcelona.com\/wp-content\/uploads\/2017\/11\/SIGEP2018-logo-300x177.jpg 300w, https:\/\/www.cameraitalianabarcelona.com\/wp-content\/uploads\/2017\/11\/SIGEP2018-logo-330x194.jpg 330w, https:\/\/www.cameraitalianabarcelona.com\/wp-content\/uploads\/2017\/11\/SIGEP2018-logo-100x60.jpg 100w\" sizes=\"auto, (max-width: 255px) 100vw, 255px\" \/><\/a><span style=\"color: #000000;\"><strong><a style=\"color: #000000;\" href=\"http:\/\/www.cameraitalianabarcelona.com\/2017\/11\/sigep-feria-de-rimini-2018\/\" target=\"_blank\" rel=\"noopener noreferrer\">SIGEP<\/a><\/strong><\/span><\/h6>\n<p style=\"text-align: center;\"><span style=\"color: #000000;\"><a style=\"color: #000000;\" href=\"http:\/\/www.cameraitalianabarcelona.com\/2017\/11\/sigep-feria-de-rimini-2018\/\" target=\"_blank\" rel=\"noopener noreferrer\"><strong>Sector: Pasteler\u00eda y Helader\u00eda<\/strong><\/a><\/span><\/p>\n[\/vc_column_text][\/vc_column][vc_column width=&#8221;1\/4&#8243; css=&#8221;.vc_custom_1568709710974{margin-top: 20px !important;margin-right: 69px !important;margin-bottom: 20px !important;margin-left: 69px !important;border-top-width: 4px !important;border-right-width: 4px !important;border-bottom-width: 4px !important;border-left-width: 4px !important;padding-top: 8px !important;padding-right: 8px !important;padding-bottom: 8px !important;padding-left: 8px !important;border-left-color: rgba(13,181,10,0.29) !important;border-left-style: solid !important;border-right-color: rgba(13,181,10,0.29) !important;border-right-style: solid !important;border-top-color: rgba(13,181,10,0.29) !important;border-top-style: solid !important;border-bottom-color: rgba(13,181,10,0.29) !important;border-bottom-style: solid !important;}&#8221;][vc_column_text title=&#8221;26 &#8211; 29 Enero&#8221; align=&#8221;center&#8221;]\n<h6 style=\"text-align: center;\"><a href=\"http:\/\/www.cameraitalianabarcelona.com\/homi-salon-internacional-de-la-decoracion-fiera-milano-septiembre-2018\/\"><img loading=\"lazy\" decoding=\"async\" class=\"aligncenter wp-image-24884 size-thumbnail\" src=\"http:\/\/www.cameraitalianabarcelona.com\/wp-content\/uploads\/2018\/06\/Homi-150x150.png\" alt=\"\" width=\"150\" height=\"150\" srcset=\"https:\/\/www.cameraitalianabarcelona.com\/wp-content\/uploads\/2018\/06\/Homi-150x150.png 150w, https:\/\/www.cameraitalianabarcelona.com\/wp-content\/uploads\/2018\/06\/Homi-300x300.png 300w, https:\/\/www.cameraitalianabarcelona.com\/wp-content\/uploads\/2018\/06\/Homi-500x498.png 500w, https:\/\/www.cameraitalianabarcelona.com\/wp-content\/uploads\/2018\/06\/Homi-225x225.png 225w, https:\/\/www.cameraitalianabarcelona.com\/wp-content\/uploads\/2018\/06\/Homi-200x200.png 200w, https:\/\/www.cameraitalianabarcelona.com\/wp-content\/uploads\/2018\/06\/Homi-400x400.png 400w, https:\/\/www.cameraitalianabarcelona.com\/wp-content\/uploads\/2018\/06\/Homi-262x260.png 262w, https:\/\/www.cameraitalianabarcelona.com\/wp-content\/uploads\/2018\/06\/Homi-416x414.png 416w, https:\/\/www.cameraitalianabarcelona.com\/wp-content\/uploads\/2018\/06\/Homi-414x412.png 414w, https:\/\/www.cameraitalianabarcelona.com\/wp-content\/uploads\/2018\/06\/Homi.png 501w\" sizes=\"auto, (max-width: 150px) 100vw, 150px\" \/><\/a><a href=\"http:\/\/www.cameraitalianabarcelona.com\/2017\/11\/22756\/\" target=\"_blank\" rel=\"noopener noreferrer\"><strong>HOMI Milano<\/strong><\/a><\/h6>\n<p style=\"text-align: center;\"><a href=\"http:\/\/www.cameraitalianabarcelona.com\/2017\/11\/22756\/\" target=\"_blank\" rel=\"noopener noreferrer\"><strong>Sector: Decoraci\u00f3n e Interiorismo<\/strong><\/a><\/p>\n[\/vc_column_text][\/vc_column][vc_column width=&#8221;1\/4&#8243; css=&#8221;.vc_custom_1568709777810{margin-top: 20px !important;margin-right: 69px !important;margin-bottom: 20px !important;margin-left: 0px !important;border-top-width: 4px !important;border-right-width: 4px !important;border-bottom-width: 4px !important;border-left-width: 4px !important;padding-top: 8px !important;padding-right: 8px !important;padding-bottom: 8px !important;padding-left: 8px !important;border-left-color: rgba(13,181,10,0.29) !important;border-left-style: solid !important;border-right-color: rgba(13,181,10,0.29) !important;border-right-style: solid !important;border-top-color: rgba(13,181,10,0.29) !important;border-top-style: solid !important;border-bottom-color: rgba(13,181,10,0.29) !important;border-bottom-style: solid !important;}&#8221;][vc_column_text title=&#8221;17-20 FEBRERO&#8221; align=&#8221;center&#8221;]\n<h6 style=\"text-align: center;\"><a href=\"http:\/\/www.cameraitalianabarcelona.com\/beer-attraction-il-meglio-della-produzione-birraria-italiana-e-internazionale\/\" target=\"_blank\" rel=\"noopener noreferrer\"><img loading=\"lazy\" decoding=\"async\" class=\"aligncenter wp-image-24882\" src=\"http:\/\/www.cameraitalianabarcelona.com\/wp-content\/uploads\/2018\/06\/logo-beer-attraction-150x150.png\" alt=\"\" width=\"150\" height=\"150\" srcset=\"https:\/\/www.cameraitalianabarcelona.com\/wp-content\/uploads\/2018\/06\/logo-beer-attraction-150x150.png 150w, https:\/\/www.cameraitalianabarcelona.com\/wp-content\/uploads\/2018\/06\/logo-beer-attraction.png 200w\" sizes=\"auto, (max-width: 150px) 100vw, 150px\" \/><\/a><span style=\"color: #000000;\"><strong><a style=\"color: #000000;\" href=\"http:\/\/www.cameraitalianabarcelona.com\/beer-attraction-il-meglio-della-produzione-birraria-italiana-e-internazionale\/\" target=\"_blank\" rel=\"noopener noreferrer\">BEER ATTRACTION<\/a><\/strong><\/span><\/h6>\n<p style=\"text-align: center;\"><span style=\"color: #000000;\"><strong>Sector: Food y Cervezas<\/strong><\/span><\/p>\n[\/vc_column_text][\/vc_column][\/vc_row][vc_row fullwidth=&#8221;true&#8221; equal_columns=&#8221;true&#8221; css=&#8221;.vc_custom_1568709804545{padding-top: 0px !important;padding-right: 0px !important;padding-bottom: 0px !important;padding-left: 0px !important;}&#8221;][vc_column width=&#8221;1\/4&#8243; css=&#8221;.vc_custom_1568709833726{margin-top: 20px !important;margin-right: 0px !important;margin-bottom: 0px !important;margin-left: 69px !important;border-top-width: 4px !important;border-right-width: 4px !important;border-bottom-width: 4px !important;border-left-width: 4px !important;padding-top: 8px !important;padding-right: 8px !important;padding-bottom: 8px !important;padding-left: 8px !important;border-left-color: rgba(13,181,10,0.29) !important;border-left-style: solid !important;border-right-color: rgba(13,181,10,0.29) !important;border-right-style: solid !important;border-top-color: rgba(13,181,10,0.29) !important;border-top-style: solid !important;border-bottom-color: rgba(13,181,10,0.29) !important;border-bottom-style: solid !important;}&#8221;][vc_column_text title=&#8221;16 \u2013 19 Abril&#8221; align=&#8221;center&#8221;]\n<h6 style=\"text-align: center;\"><a href=\"http:\/\/www.cameraitalianabarcelona.com\/alimentaria-salon-internacional-del-food-beverage-barcelona-fira-gran-via\/\"><img loading=\"lazy\" decoding=\"async\" class=\"aligncenter wp-image-24142\" src=\"http:\/\/www.cameraitalianabarcelona.com\/wp-content\/uploads\/2018\/04\/Alimentaria.jpg\" alt=\"\" width=\"105\" height=\"149\" srcset=\"https:\/\/www.cameraitalianabarcelona.com\/wp-content\/uploads\/2018\/04\/Alimentaria.jpg 389w, https:\/\/www.cameraitalianabarcelona.com\/wp-content\/uploads\/2018\/04\/Alimentaria-212x300.jpg 212w, https:\/\/www.cameraitalianabarcelona.com\/wp-content\/uploads\/2018\/04\/Alimentaria-184x260.jpg 184w, https:\/\/www.cameraitalianabarcelona.com\/wp-content\/uploads\/2018\/04\/Alimentaria-292x414.jpg 292w, https:\/\/www.cameraitalianabarcelona.com\/wp-content\/uploads\/2018\/04\/Alimentaria-600x849.jpg 600w\" sizes=\"auto, (max-width: 105px) 100vw, 105px\" \/><\/a><a href=\"http:\/\/www.cameraitalianabarcelona.com\/alimentaria-salon-internacional-del-food-beverage-barcelona-fira-gran-via\/\"><span style=\"color: #000000;\"><b>ALIMENTARIA<\/b><\/span><\/a><\/h6>\n<p style=\"text-align: center;\"><strong><span style=\"color: #000000;\"><a style=\"color: #000000;\" href=\"http:\/\/www.cameraitalianabarcelona.com\/alimentaria-salon-internacional-del-food-beverage-barcelona-fira-gran-via\/\">Sector: Food &amp; Beverage<\/a><\/span><\/strong><\/p>\n[\/vc_column_text][\/vc_column][vc_column width=&#8221;1\/4&#8243; css=&#8221;.vc_custom_1568709869527{margin-top: 20px !important;margin-right: 69px !important;margin-bottom: 0px !important;margin-left: 69px !important;border-top-width: 4px !important;border-right-width: 4px !important;border-bottom-width: 4px !important;border-left-width: 4px !important;padding-top: 8px !important;padding-right: 8px !important;padding-bottom: 8px !important;padding-left: 8px !important;border-left-color: rgba(13,181,10,0.29) !important;border-left-style: solid !important;border-right-color: rgba(13,181,10,0.29) !important;border-right-style: solid !important;border-top-color: rgba(13,181,10,0.29) !important;border-top-style: solid !important;border-bottom-color: rgba(13,181,10,0.29) !important;border-bottom-style: solid !important;}&#8221;][vc_column_text title=&#8221;29 MAYO &#8211; 1 JUNIO&#8221; align=&#8221;center&#8221;]\n<h6 style=\"text-align: center;\"><a href=\"http:\/\/www.cameraitalianabarcelona.com\/?page_id=24012%2F&amp;preview=true\"><img loading=\"lazy\" decoding=\"async\" class=\"aligncenter wp-image-24009\" src=\"http:\/\/www.cameraitalianabarcelona.com\/wp-content\/uploads\/2018\/03\/IPACK-IMA-White2018.jpg\" alt=\"\" width=\"157\" height=\"150\" srcset=\"https:\/\/www.cameraitalianabarcelona.com\/wp-content\/uploads\/2018\/03\/IPACK-IMA-White2018.jpg 1200w, https:\/\/www.cameraitalianabarcelona.com\/wp-content\/uploads\/2018\/03\/IPACK-IMA-White2018-300x288.jpg 300w, https:\/\/www.cameraitalianabarcelona.com\/wp-content\/uploads\/2018\/03\/IPACK-IMA-White2018-768x736.jpg 768w, https:\/\/www.cameraitalianabarcelona.com\/wp-content\/uploads\/2018\/03\/IPACK-IMA-White2018-1024x981.jpg 1024w, https:\/\/www.cameraitalianabarcelona.com\/wp-content\/uploads\/2018\/03\/IPACK-IMA-White2018-271x260.jpg 271w, https:\/\/www.cameraitalianabarcelona.com\/wp-content\/uploads\/2018\/03\/IPACK-IMA-White2018-801x768.jpg 801w, https:\/\/www.cameraitalianabarcelona.com\/wp-content\/uploads\/2018\/03\/IPACK-IMA-White2018-432x414.jpg 432w, https:\/\/www.cameraitalianabarcelona.com\/wp-content\/uploads\/2018\/03\/IPACK-IMA-White2018-414x397.jpg 414w, https:\/\/www.cameraitalianabarcelona.com\/wp-content\/uploads\/2018\/03\/IPACK-IMA-White2018-600x575.jpg 600w\" sizes=\"auto, (max-width: 157px) 100vw, 157px\" \/><\/a><span style=\"color: #000000;\"><a style=\"color: #000000;\" href=\"http:\/\/www.cameraitalianabarcelona.com\/?page_id=24012%2F&amp;preview=true\"><strong>IPACK-IMA<\/strong><\/a><\/span><\/h6>\n<p style=\"text-align: center;\"><span style=\"color: #000000;\"><a style=\"color: #000000;\" href=\"http:\/\/www.cameraitalianabarcelona.com\/?page_id=24012%2F&amp;preview=true\"><strong>Sector: Processing &amp;<\/strong><strong>&nbsp;Packaging<\/strong><\/a><\/span><\/p>\n[\/vc_column_text][\/vc_column][vc_column width=&#8221;1\/4&#8243; css=&#8221;.vc_custom_1568709894561{margin-top: 20px !important;margin-right: 69px !important;margin-bottom: 0px !important;margin-left: 0px !important;border-top-width: 4px !important;border-right-width: 4px !important;border-bottom-width: 4px !important;border-left-width: 4px !important;padding-top: 8px !important;padding-right: 8px !important;padding-bottom: 8px !important;padding-left: 8px !important;border-left-color: rgba(13,181,10,0.29) !important;border-left-style: solid !important;border-right-color: rgba(13,181,10,0.29) !important;border-right-style: solid !important;border-top-color: rgba(13,181,10,0.29) !important;border-top-style: solid !important;border-bottom-color: rgba(13,181,10,0.29) !important;border-bottom-style: solid !important;}&#8221;][vc_column_text title=&#8221;14 &#8211; 17 Septiembre&#8221; align=&#8221;center&#8221;]<strong><span style=\"color: #000000;\"><a href=\"http:\/\/www.cameraitalianabarcelona.com\/homi-salon-internacional-de-la-decoracion-fiera-milano-septiembre-2018\/\"><img loading=\"lazy\" decoding=\"async\" class=\"aligncenter wp-image-24884 size-thumbnail\" src=\"http:\/\/www.cameraitalianabarcelona.com\/wp-content\/uploads\/2018\/06\/Homi-150x150.png\" alt=\"\" width=\"150\" height=\"150\" srcset=\"https:\/\/www.cameraitalianabarcelona.com\/wp-content\/uploads\/2018\/06\/Homi-150x150.png 150w, https:\/\/www.cameraitalianabarcelona.com\/wp-content\/uploads\/2018\/06\/Homi-300x300.png 300w, https:\/\/www.cameraitalianabarcelona.com\/wp-content\/uploads\/2018\/06\/Homi-500x498.png 500w, https:\/\/www.cameraitalianabarcelona.com\/wp-content\/uploads\/2018\/06\/Homi-225x225.png 225w, https:\/\/www.cameraitalianabarcelona.com\/wp-content\/uploads\/2018\/06\/Homi-200x200.png 200w, https:\/\/www.cameraitalianabarcelona.com\/wp-content\/uploads\/2018\/06\/Homi-400x400.png 400w, https:\/\/www.cameraitalianabarcelona.com\/wp-content\/uploads\/2018\/06\/Homi-262x260.png 262w, https:\/\/www.cameraitalianabarcelona.com\/wp-content\/uploads\/2018\/06\/Homi-416x414.png 416w, https:\/\/www.cameraitalianabarcelona.com\/wp-content\/uploads\/2018\/06\/Homi-414x412.png 414w, https:\/\/www.cameraitalianabarcelona.com\/wp-content\/uploads\/2018\/06\/Homi.png 501w\" sizes=\"auto, (max-width: 150px) 100vw, 150px\" \/><\/a><a style=\"color: #000000;\" href=\"http:\/\/www.cameraitalianabarcelona.com\/homi-salon-internacional-de-la-decoracion-fiera-milano-septiembre-2018\/\">HOMI Milano<\/a><\/span><\/strong><\/p>\n<p style=\"text-align: center;\"><span style=\"color: #000000;\"><a style=\"color: #000000;\" href=\"http:\/\/www.cameraitalianabarcelona.com\/homi-salon-internacional-de-la-decoracion-fiera-milano-septiembre-2018\/\"><strong>Sector: Decoraci\u00f3n e Interiorismo<\/strong><\/a><\/span><\/p>\n[\/vc_column_text][\/vc_column][\/vc_row][vc_row fullwidth=&#8221;true&#8221; equal_columns=&#8221;true&#8221; css=&#8221;.vc_custom_1568709912109{padding-top: 0px !important;padding-right: 0px !important;padding-bottom: 0px !important;padding-left: 0px !important;}&#8221;][vc_column width=&#8221;1\/4&#8243; css=&#8221;.vc_custom_1568709941255{margin-top: 20px !important;margin-right: 0px !important;margin-bottom: 0px !important;margin-left: 69px !important;border-top-width: 4px !important;border-right-width: 4px !important;border-bottom-width: 4px !important;border-left-width: 4px !important;padding-top: 8px !important;padding-right: 8px !important;padding-bottom: 8px !important;padding-left: 8px !important;border-left-color: rgba(13,181,10,0.29) !important;border-left-style: solid !important;border-right-color: rgba(13,181,10,0.29) !important;border-right-style: solid !important;border-top-color: rgba(13,181,10,0.29) !important;border-top-style: solid !important;border-bottom-color: rgba(13,181,10,0.29) !important;border-bottom-style: solid !important;}&#8221;][vc_column_text title=&#8221;10 &#8211; 12 OCTUBRE&#8221; align=&#8221;center&#8221;]\n<h6 style=\"text-align: center;\"><a href=\"http:\/\/www.cameraitalianabarcelona.com\/sia-guest\/\"><img loading=\"lazy\" decoding=\"async\" class=\"aligncenter wp-image-23968\" src=\"http:\/\/www.cameraitalianabarcelona.com\/wp-content\/uploads\/2018\/03\/logo-3.jpg\" alt=\"\" width=\"145\" height=\"150\" srcset=\"https:\/\/www.cameraitalianabarcelona.com\/wp-content\/uploads\/2018\/03\/logo-3.jpg 300w, https:\/\/www.cameraitalianabarcelona.com\/wp-content\/uploads\/2018\/03\/logo-3-289x300.jpg 289w, https:\/\/www.cameraitalianabarcelona.com\/wp-content\/uploads\/2018\/03\/logo-3-251x260.jpg 251w\" sizes=\"auto, (max-width: 145px) 100vw, 145px\" \/><\/a><a href=\"http:\/\/www.cameraitalianabarcelona.com\/sia-guest\/\"><strong>SIA GUEST<\/strong><\/a><\/h6>\n<p style=\"text-align: center;\"><a href=\"http:\/\/www.cameraitalianabarcelona.com\/sia-guest\/\"><strong>Sector: Hospitalidad Profesional<\/strong><\/a><\/p>\n[\/vc_column_text][\/vc_column][vc_column width=&#8221;1\/4&#8243; css=&#8221;.vc_custom_1568709988657{margin-top: 20px !important;margin-right: 69px !important;margin-left: 69px !important;border-top-width: 4px !important;border-right-width: 4px !important;border-bottom-width: 4px !important;border-left-width: 4px !important;padding-top: 8px !important;padding-right: 8px !important;padding-bottom: 8px !important;padding-left: 8px !important;border-left-color: rgba(13,181,10,0.29) !important;border-left-style: solid !important;border-right-color: rgba(13,181,10,0.29) !important;border-right-style: solid !important;border-top-color: rgba(13,181,10,0.29) !important;border-top-style: solid !important;border-bottom-color: rgba(13,181,10,0.29) !important;border-bottom-style: solid !important;}&#8221;][vc_column_text title=&#8221;17 &#8211; 20 Noviembre&#8221; align=&#8221;center&#8221;]\n<h6 style=\"text-align: center;\"><a href=\"http:\/\/www.cameraitalianabarcelona.com\/gluten-free-expo-2018\/\"><img loading=\"lazy\" decoding=\"async\" class=\"aligncenter wp-image-24885\" src=\"http:\/\/www.cameraitalianabarcelona.com\/wp-content\/uploads\/2018\/06\/65b04131c1c7065ad5606db1ffe93d75-1-150x150.png\" alt=\"\" width=\"145\" height=\"145\" srcset=\"https:\/\/www.cameraitalianabarcelona.com\/wp-content\/uploads\/2018\/06\/65b04131c1c7065ad5606db1ffe93d75-1-150x150.png 150w, https:\/\/www.cameraitalianabarcelona.com\/wp-content\/uploads\/2018\/06\/65b04131c1c7065ad5606db1ffe93d75-1-300x300.png 300w, https:\/\/www.cameraitalianabarcelona.com\/wp-content\/uploads\/2018\/06\/65b04131c1c7065ad5606db1ffe93d75-1-768x768.png 768w, https:\/\/www.cameraitalianabarcelona.com\/wp-content\/uploads\/2018\/06\/65b04131c1c7065ad5606db1ffe93d75-1-550x550.png 550w, https:\/\/www.cameraitalianabarcelona.com\/wp-content\/uploads\/2018\/06\/65b04131c1c7065ad5606db1ffe93d75-1-500x500.png 500w, https:\/\/www.cameraitalianabarcelona.com\/wp-content\/uploads\/2018\/06\/65b04131c1c7065ad5606db1ffe93d75-1-225x225.png 225w, https:\/\/www.cameraitalianabarcelona.com\/wp-content\/uploads\/2018\/06\/65b04131c1c7065ad5606db1ffe93d75-1-200x200.png 200w, https:\/\/www.cameraitalianabarcelona.com\/wp-content\/uploads\/2018\/06\/65b04131c1c7065ad5606db1ffe93d75-1-400x400.png 400w, https:\/\/www.cameraitalianabarcelona.com\/wp-content\/uploads\/2018\/06\/65b04131c1c7065ad5606db1ffe93d75-1-260x260.png 260w, https:\/\/www.cameraitalianabarcelona.com\/wp-content\/uploads\/2018\/06\/65b04131c1c7065ad5606db1ffe93d75-1-600x600.png 600w, https:\/\/www.cameraitalianabarcelona.com\/wp-content\/uploads\/2018\/06\/65b04131c1c7065ad5606db1ffe93d75-1-414x414.png 414w, https:\/\/www.cameraitalianabarcelona.com\/wp-content\/uploads\/2018\/06\/65b04131c1c7065ad5606db1ffe93d75-1.png 960w\" sizes=\"auto, (max-width: 145px) 100vw, 145px\" \/><\/a><a href=\"http:\/\/www.cameraitalianabarcelona.com\/gluten-free-expo-2018\/\"><strong style=\"color: #000000;\">GLUTEN FREE EXPO<\/strong><\/a><\/h6>\n<p style=\"text-align: center;\"><a href=\"http:\/\/www.cameraitalianabarcelona.com\/gluten-free-expo-2018\/\"><span style=\"color: #000000;\"><b>Sector: Alimentaci\u00f3n Free From<\/b><\/span><\/a><\/p>\n[\/vc_column_text][\/vc_column][vc_column width=&#8221;1\/4&#8243; css=&#8221;.vc_custom_1568710010217{margin-top: 20px !important;margin-right: 69px !important;border-top-width: 4px !important;border-right-width: 4px !important;border-bottom-width: 4px !important;border-left-width: 4px !important;padding-top: 8px !important;padding-right: 8px !important;padding-bottom: 8px !important;padding-left: 8px !important;border-left-color: rgba(13,181,10,0.29) !important;border-left-style: solid !important;border-right-color: rgba(13,181,10,0.29) !important;border-right-style: solid !important;border-top-color: rgba(13,181,10,0.29) !important;border-top-style: solid !important;border-bottom-color: rgba(13,181,10,0.29) !important;border-bottom-style: solid !important;}&#8221;][vc_column_text title=&#8221;8-11 Noviembre&#8221; align=&#8221;center&#8221;]\n<h6 style=\"text-align: center;\"><strong style=\"color: #000000;\"><a href=\"http:\/\/www.cameraitalianabarcelona.com\/2018\/07\/creativa-barcelona-2018\/\" target=\"_blank\" rel=\"noopener noreferrer\">CREATIVA<\/a><a href=\"http:\/\/www.cameraitalianabarcelona.com\/2018\/07\/creativa-barcelona-2018\/\" target=\"_blank\" rel=\"noopener noreferrer\"><img loading=\"lazy\" decoding=\"async\" class=\"aligncenter wp-image-25062\" src=\"http:\/\/www.cameraitalianabarcelona.com\/wp-content\/uploads\/2018\/07\/Creativa-Barcelona.png\" alt=\"\" width=\"230\" height=\"135\" srcset=\"https:\/\/www.cameraitalianabarcelona.com\/wp-content\/uploads\/2018\/07\/Creativa-Barcelona.png 220w, https:\/\/www.cameraitalianabarcelona.com\/wp-content\/uploads\/2018\/07\/Creativa-Barcelona-100x60.png 100w\" sizes=\"auto, (max-width: 230px) 100vw, 230px\" \/><\/a><\/strong><\/h6>\n<p style=\"text-align: center;\"><strong><a href=\"http:\/\/www.cameraitalianabarcelona.com\/2018\/07\/creativa-barcelona-2018\/\" target=\"_blank\" rel=\"noopener noreferrer\">Sector: Sal\u00f3n de hobby, P<span style=\"color: #f0057a;\"><span style=\"color: #000000;\">roductos hechos a mano, Ideas regalos <\/span><\/span><\/a><\/strong><\/p>\n[\/vc_column_text][\/vc_column][\/vc_row][vc_row fullwidth=&#8221;true&#8221; equal_columns=&#8221;true&#8221; column_padding=&#8221;5&#8243; css=&#8221;.vc_custom_1568710038711{padding-top: 0px !important;padding-right: 0px !important;padding-bottom: 0px !important;padding-left: 0px !important;}&#8221;][vc_column width=&#8221;1\/4&#8243; css=&#8221;.vc_custom_1568710051687{margin-top: 20px !important;margin-left: 69px !important;border-top-width: 4px !important;border-right-width: 4px !important;border-bottom-width: 4px !important;border-left-width: 4px !important;padding-top: 8px !important;padding-right: 8px !important;padding-bottom: 8px !important;padding-left: 8px !important;border-left-color: rgba(13,181,10,0.29) !important;border-left-style: solid !important;border-right-color: rgba(13,181,10,0.29) !important;border-right-style: solid !important;border-top-color: rgba(13,181,10,0.29) !important;border-top-style: solid !important;border-bottom-color: rgba(13,181,10,0.29) !important;border-bottom-style: solid !important;}&#8221;][vc_column_text title=&#8221;1- 9 DICIEMBRE&#8221; align=&#8221;center&#8221;]\n<h6 style=\"text-align: center;\"><a href=\"http:\/\/www.cameraitalianabarcelona.com\/af2018\/\" target=\"_blank\" rel=\"noopener noreferrer\"><img loading=\"lazy\" decoding=\"async\" class=\"aligncenter wp-image-25198\" src=\"http:\/\/www.cameraitalianabarcelona.com\/wp-content\/uploads\/2018\/07\/artigiano-in-feria-1.jpg\" alt=\"\" width=\"115\" height=\"150\" srcset=\"https:\/\/www.cameraitalianabarcelona.com\/wp-content\/uploads\/2018\/07\/artigiano-in-feria-1.jpg 1470w, https:\/\/www.cameraitalianabarcelona.com\/wp-content\/uploads\/2018\/07\/artigiano-in-feria-1-229x300.jpg 229w, https:\/\/www.cameraitalianabarcelona.com\/wp-content\/uploads\/2018\/07\/artigiano-in-feria-1-768x1004.jpg 768w, https:\/\/www.cameraitalianabarcelona.com\/wp-content\/uploads\/2018\/07\/artigiano-in-feria-1-783x1024.jpg 783w, https:\/\/www.cameraitalianabarcelona.com\/wp-content\/uploads\/2018\/07\/artigiano-in-feria-1-199x260.jpg 199w, https:\/\/www.cameraitalianabarcelona.com\/wp-content\/uploads\/2018\/07\/artigiano-in-feria-1-979x1280.jpg 979w, https:\/\/www.cameraitalianabarcelona.com\/wp-content\/uploads\/2018\/07\/artigiano-in-feria-1-587x768.jpg 587w, https:\/\/www.cameraitalianabarcelona.com\/wp-content\/uploads\/2018\/07\/artigiano-in-feria-1-317x414.jpg 317w, https:\/\/www.cameraitalianabarcelona.com\/wp-content\/uploads\/2018\/07\/artigiano-in-feria-1-1280x1674.jpg 1280w, https:\/\/www.cameraitalianabarcelona.com\/wp-content\/uploads\/2018\/07\/artigiano-in-feria-1-414x541.jpg 414w\" sizes=\"auto, (max-width: 115px) 100vw, 115px\" \/><\/a><a href=\"http:\/\/www.cameraitalianabarcelona.com\/af2018\/\" target=\"_blank\" rel=\"noopener noreferrer\"><strong>ARTIGIANO IN FIERA<\/strong><\/a><\/h6>\n<p style=\"text-align: center;\"><a href=\"http:\/\/www.cameraitalianabarcelona.com\/af2018\/\" target=\"_blank\" rel=\"noopener noreferrer\"><strong>Sector: Artesan\u00eda y Gastronom\u00eda<\/strong><\/a><\/p>\n[\/vc_column_text][\/vc_column][\/vc_row][vc_row][vc_column][vc_empty_space][vc_column_text title=&#8221;2017&#8243; align=&#8221;center&#8221;][\/vc_column_text][vc_empty_space][\/vc_column][\/vc_row][vc_row fullwidth=&#8221;true&#8221; equal_columns=&#8221;true&#8221; column_padding=&#8221;5&#8243; css=&#8221;.vc_custom_1568710095305{padding-top: 0px !important;padding-right: 0px !important;padding-bottom: 0px !important;padding-left: 0px !important;}&#8221;][vc_column width=&#8221;1\/4&#8243; css=&#8221;.vc_custom_1568710180154{margin-top: 20px !important;margin-right: 0px !important;margin-bottom: 20px !important;margin-left: 69px !important;border-top-width: 4px !important;border-right-width: 4px !important;border-bottom-width: 4px !important;border-left-width: 4px !important;padding-top: 8px !important;padding-right: 8px !important;padding-bottom: 8px !important;padding-left: 8px !important;border-left-color: rgba(13,181,10,0.29) !important;border-left-style: solid !important;border-right-color: rgba(13,181,10,0.29) !important;border-right-style: solid !important;border-top-color: rgba(13,181,10,0.29) !important;border-top-style: solid !important;border-bottom-color: rgba(13,181,10,0.29) !important;border-bottom-style: solid !important;}&#8221;][vc_column_text title=&#8221;21 &#8211; 25 Enero&#8221; align=&#8221;center&#8221;]\n<h2 style=\"text-align: center;\"><strong><a href=\"http:\/\/www.cameraitalianabarcelona.com\/wp-content\/uploads\/2017\/11\/SIGEP2018-logo.jpg\" target=\"_blank\" rel=\"noopener noreferrer\"><img loading=\"lazy\" decoding=\"async\" class=\"aligncenter wp-image-22741\" src=\"http:\/\/www.cameraitalianabarcelona.com\/wp-content\/uploads\/2017\/11\/SIGEP2018-logo.jpg\" alt=\"\" width=\"150\" height=\"88\" srcset=\"https:\/\/www.cameraitalianabarcelona.com\/wp-content\/uploads\/2017\/11\/SIGEP2018-logo.jpg 375w, https:\/\/www.cameraitalianabarcelona.com\/wp-content\/uploads\/2017\/11\/SIGEP2018-logo-300x177.jpg 300w, https:\/\/www.cameraitalianabarcelona.com\/wp-content\/uploads\/2017\/11\/SIGEP2018-logo-330x194.jpg 330w, https:\/\/www.cameraitalianabarcelona.com\/wp-content\/uploads\/2017\/11\/SIGEP2018-logo-100x60.jpg 100w\" sizes=\"auto, (max-width: 150px) 100vw, 150px\" \/><\/a><\/strong><\/h2>\n<h6 style=\"text-align: center;\"><strong><a href=\"http:\/\/www.cameraitalianabarcelona.com\/sigep-ab-tech-rimini-2\/\" target=\"_blank\" rel=\"noopener noreferrer\"><span style=\"color: #000000;\">SIGEP &amp; AB TECH<\/span><\/a><\/strong><\/h6>\n<p style=\"text-align: center;\"><span style=\"color: #000000;\"><a style=\"color: #000000;\" href=\"http:\/\/www.cameraitalianabarcelona.com\/sigep-ab-tech-rimini-2\/\" target=\"_blank\" rel=\"noopener noreferrer\"><strong>Sector: Pasteler\u00eda e Helader\u00eda<\/strong><\/a><\/span><\/p>\n[\/vc_column_text][\/vc_column][vc_column width=&#8221;1\/4&#8243; css=&#8221;.vc_custom_1568710201570{margin-top: 20px !important;margin-right: 69px !important;margin-bottom: 20px !important;margin-left: 69px !important;border-top-width: 4px !important;border-right-width: 4px !important;border-bottom-width: 4px !important;border-left-width: 4px !important;padding-top: 8px !important;padding-right: 8px !important;padding-bottom: 8px !important;padding-left: 8px !important;border-left-color: rgba(13,181,10,0.29) !important;border-left-style: solid !important;border-right-color: rgba(13,181,10,0.29) !important;border-right-style: solid !important;border-top-color: rgba(13,181,10,0.29) !important;border-top-style: solid !important;border-bottom-color: rgba(13,181,10,0.29) !important;border-bottom-style: solid !important;}&#8221;][vc_column_text title=&#8221;27 &#8211; 30 Enero&#8221; align=&#8221;center&#8221;]\n<h2 style=\"text-align: center;\"><span style=\"color: #ffffff;\"><a href=\"http:\/\/www.cameraitalianabarcelona.com\/2016\/12\/homi-salon-internacional-de-la-decoracion-fiera-milano-enero-2017\/\"><img loading=\"lazy\" decoding=\"async\" class=\"aligncenter wp-image-19192\" src=\"http:\/\/www.cameraitalianabarcelona.com\/wp-content\/uploads\/2011\/09\/homi-per-sito-e1486548603185-150x150.png\" alt=\"\" width=\"151\" height=\"150\" srcset=\"https:\/\/www.cameraitalianabarcelona.com\/wp-content\/uploads\/2011\/09\/homi-per-sito-e1486548603185-150x150.png 150w, https:\/\/www.cameraitalianabarcelona.com\/wp-content\/uploads\/2011\/09\/homi-per-sito-e1486548603185-300x300.png 300w, https:\/\/www.cameraitalianabarcelona.com\/wp-content\/uploads\/2011\/09\/homi-per-sito-e1486548603185-225x225.png 225w, https:\/\/www.cameraitalianabarcelona.com\/wp-content\/uploads\/2011\/09\/homi-per-sito-e1486548603185-200x200.png 200w, https:\/\/www.cameraitalianabarcelona.com\/wp-content\/uploads\/2011\/09\/homi-per-sito-e1486548603185-261x260.png 261w, https:\/\/www.cameraitalianabarcelona.com\/wp-content\/uploads\/2011\/09\/homi-per-sito-e1486548603185.png 350w\" sizes=\"auto, (max-width: 151px) 100vw, 151px\" \/><\/a><\/span><\/h2>\n<h6 style=\"text-align: center;\"><a href=\"http:\/\/www.cameraitalianabarcelona.com\/2016\/12\/homi-salon-internacional-de-la-decoracion-fiera-milano-enero-2017\/\" target=\"_blank\" rel=\"noopener noreferrer\"><strong>HOMI Milano<\/strong><\/a><\/h6>\n<p style=\"text-align: center;\"><a href=\"http:\/\/www.cameraitalianabarcelona.com\/2016\/12\/homi-salon-internacional-de-la-decoracion-fiera-milano-enero-2017\/\" target=\"_blank\" rel=\"noopener noreferrer\"><strong>Sector: Decoraci\u00f3n e Interiorismo<\/strong><\/a><\/p>\n[\/vc_column_text][\/vc_column][vc_column width=&#8221;1\/4&#8243; css=&#8221;.vc_custom_1568710218825{margin-top: 20px !important;margin-right: 69px !important;margin-bottom: 20px !important;border-top-width: 4px !important;border-right-width: 4px !important;border-bottom-width: 4px !important;border-left-width: 4px !important;padding-top: 8px !important;padding-right: 8px !important;padding-bottom: 8px !important;padding-left: 8px !important;border-left-color: rgba(13,181,10,0.29) !important;border-left-style: solid !important;border-right-color: rgba(13,181,10,0.29) !important;border-right-style: solid !important;border-top-color: rgba(13,181,10,0.29) !important;border-top-style: solid !important;border-bottom-color: rgba(13,181,10,0.29) !important;border-bottom-style: solid !important;}&#8221;][vc_column_text title=&#8221;18 &#8211; 21 Febrero&#8221; align=&#8221;center&#8221;]\n<h2 style=\"text-align: center;\"><strong><a href=\"http:\/\/www.cameraitalianabarcelona.com\/beer-attraction-feria-internacional-dedicada-a-cerveza-food-y-tecnologia\/\" target=\"_blank\" rel=\"noopener noreferrer\"><img loading=\"lazy\" decoding=\"async\" class=\"aligncenter wp-image-24882\" src=\"http:\/\/www.cameraitalianabarcelona.com\/wp-content\/uploads\/2018\/06\/logo-beer-attraction.png\" alt=\"\" width=\"150\" height=\"150\" srcset=\"https:\/\/www.cameraitalianabarcelona.com\/wp-content\/uploads\/2018\/06\/logo-beer-attraction.png 200w, https:\/\/www.cameraitalianabarcelona.com\/wp-content\/uploads\/2018\/06\/logo-beer-attraction-150x150.png 150w\" sizes=\"auto, (max-width: 150px) 100vw, 150px\" \/><\/a><\/strong><\/h2>\n<h6 style=\"text-align: center;\"><strong><a href=\"http:\/\/www.cameraitalianabarcelona.com\/beer-attraction-feria-internacional-dedicada-a-cerveza-food-y-tecnologia\/\" target=\"_blank\" rel=\"noopener noreferrer\">BEER ATTRACTION<\/a><\/strong><\/h6>\n<p style=\"text-align: center;\"><a href=\"http:\/\/www.cameraitalianabarcelona.com\/beer-attraction-feria-internacional-dedicada-a-cerveza-food-y-tecnologia\/\" target=\"_blank\" rel=\"noopener noreferrer\"><strong>Sector: Food y Cervezas<\/strong><\/a><\/p>\n[\/vc_column_text][\/vc_column][\/vc_row][vc_row fullwidth=&#8221;true&#8221; equal_columns=&#8221;true&#8221; column_padding=&#8221;5&#8243; css=&#8221;.vc_custom_1568710266258{padding-top: 0px !important;padding-right: 0px !important;padding-bottom: 0px !important;padding-left: 0px !important;}&#8221;][vc_column width=&#8221;1\/4&#8243; css=&#8221;.vc_custom_1568710287554{margin-top: 20px !important;margin-bottom: 0px !important;margin-left: 69px !important;border-top-width: 4px !important;border-right-width: 4px !important;border-bottom-width: 4px !important;border-left-width: 4px !important;padding-top: 8px !important;padding-right: 8px !important;padding-bottom: 8px !important;padding-left: 8px !important;border-left-color: rgba(13,181,10,0.29) !important;border-left-style: solid !important;border-right-color: rgba(13,181,10,0.29) !important;border-right-style: solid !important;border-top-color: rgba(13,181,10,0.29) !important;border-top-style: solid !important;border-bottom-color: rgba(13,181,10,0.29) !important;border-bottom-style: solid !important;}&#8221;][vc_column_text title=&#8221;22 &#8211; 25 Febrero&#8221; align=&#8221;center&#8221;]\n<p style=\"text-align: center;\"><span style=\"color: #ffffff;\">.<\/span><strong><a href=\"http:\/\/www.cameraitalianabarcelona.com\/transpotec\/\" target=\"_blank\" rel=\"noopener noreferrer\"><img loading=\"lazy\" decoding=\"async\" class=\"aligncenter wp-image-24893 size-thumbnail\" src=\"http:\/\/www.cameraitalianabarcelona.com\/wp-content\/uploads\/2018\/06\/transpologitec-150x150.jpg\" alt=\"\" width=\"150\" height=\"150\" srcset=\"https:\/\/www.cameraitalianabarcelona.com\/wp-content\/uploads\/2018\/06\/transpologitec-150x150.jpg 150w, https:\/\/www.cameraitalianabarcelona.com\/wp-content\/uploads\/2018\/06\/transpologitec-200x200.jpg 200w\" sizes=\"auto, (max-width: 150px) 100vw, 150px\" \/><\/a><\/strong><\/p>\n<h6 style=\"text-align: center;\"><span style=\"color: #000000;\"><strong><a style=\"color: #000000;\" href=\"http:\/\/www.cameraitalianabarcelona.com\/transpotec\/\" target=\"_blank\" rel=\"noopener noreferrer\">TRANSPOTEC<\/a><\/strong><\/span><\/h6>\n<p style=\"text-align: center;\"><span style=\"color: #000000;\"><a style=\"color: #000000;\" href=\"http:\/\/www.cameraitalianabarcelona.com\/transpotec\/\" target=\"_blank\" rel=\"noopener noreferrer\"><strong>Sector: Transporte<\/strong><\/a><\/span><\/p>\n[\/vc_column_text][\/vc_column][vc_column width=&#8221;1\/4&#8243; css=&#8221;.vc_custom_1568710304015{margin-top: 20px !important;margin-right: 69px !important;margin-bottom: 0px !important;margin-left: 69px !important;border-top-width: 4px !important;border-right-width: 4px !important;border-bottom-width: 4px !important;border-left-width: 4px !important;padding-top: 8px !important;padding-right: 8px !important;padding-bottom: 8px !important;padding-left: 8px !important;border-left-color: rgba(13,181,10,0.29) !important;border-left-style: solid !important;border-right-color: rgba(13,181,10,0.29) !important;border-right-style: solid !important;border-top-color: rgba(13,181,10,0.29) !important;border-top-style: solid !important;border-bottom-color: rgba(13,181,10,0.29) !important;border-bottom-style: solid !important;}&#8221;][vc_column_text title=&#8221;8 &#8211; 11 Mayo&#8221; align=&#8221;center&#8221;]\n<p style=\"text-align: center;\"><a href=\"http:\/\/www.cameraitalianabarcelona.com\/tuttofood-2017\/\" target=\"_blank\" rel=\"noopener noreferrer\"><span style=\"color: #ffffff;\"><img loading=\"lazy\" decoding=\"async\" class=\"aligncenter wp-image-19425\" src=\"http:\/\/www.cameraitalianabarcelona.com\/wp-content\/uploads\/2011\/09\/tuttofood-2017.jpg\" alt=\"\" width=\"150\" height=\"144\" srcset=\"https:\/\/www.cameraitalianabarcelona.com\/wp-content\/uploads\/2011\/09\/tuttofood-2017.jpg 482w, https:\/\/www.cameraitalianabarcelona.com\/wp-content\/uploads\/2011\/09\/tuttofood-2017-300x288.jpg 300w, https:\/\/www.cameraitalianabarcelona.com\/wp-content\/uploads\/2011\/09\/tuttofood-2017-271x260.jpg 271w, https:\/\/www.cameraitalianabarcelona.com\/wp-content\/uploads\/2011\/09\/tuttofood-2017-432x414.jpg 432w, https:\/\/www.cameraitalianabarcelona.com\/wp-content\/uploads\/2011\/09\/tuttofood-2017-414x397.jpg 414w\" sizes=\"auto, (max-width: 150px) 100vw, 150px\" \/><\/span><\/a><\/p>\n<h6 style=\"text-align: center;\"><span style=\"color: #000000;\"><a style=\"color: #000000;\" href=\"http:\/\/www.cameraitalianabarcelona.com\/tuttofood-2017\/\" target=\"_blank\" rel=\"noopener noreferrer\"><strong>TUTTOFOOD<\/strong><\/a><\/span><\/h6>\n<p style=\"text-align: center;\"><span style=\"color: #000000;\"><a style=\"color: #000000;\" href=\"http:\/\/www.cameraitalianabarcelona.com\/tuttofood-2017\/\" target=\"_blank\" rel=\"noopener noreferrer\"><strong>Sector:&nbsp;Food &amp; beverage<\/strong><\/a><\/span><\/p>\n[\/vc_column_text][\/vc_column][vc_column width=&#8221;1\/4&#8243; css=&#8221;.vc_custom_1568711205208{margin-top: 20px !important;margin-right: 69px !important;margin-bottom: 0px !important;margin-left: 0px !important;border-top-width: 4px !important;border-right-width: 4px !important;border-bottom-width: 4px !important;border-left-width: 4px !important;padding-top: 8px !important;padding-right: 8px !important;padding-bottom: 8px !important;padding-left: 8px !important;border-left-color: rgba(13,181,10,0.29) !important;border-left-style: solid !important;border-right-color: rgba(13,181,10,0.29) !important;border-right-style: solid !important;border-top-color: rgba(13,181,10,0.29) !important;border-top-style: solid !important;border-bottom-color: rgba(13,181,10,0.29) !important;border-bottom-style: solid !important;}&#8221;][vc_column_text title=&#8221;15 &#8211; 18 Septiembre&#8221; align=&#8221;center&#8221;]\n<h2 style=\"text-align: center;\"><strong><a href=\"http:\/\/www.cameraitalianabarcelona.com\/homi-milano-septiembre-2017\/\" target=\"_blank\" rel=\"noopener noreferrer\"><img loading=\"lazy\" decoding=\"async\" class=\"aligncenter wp-image-19567\" src=\"http:\/\/www.cameraitalianabarcelona.com\/wp-content\/uploads\/2011\/09\/homi-milano-2017-septm2-964x1024.jpg\" alt=\"\" width=\"141\" height=\"150\" srcset=\"https:\/\/www.cameraitalianabarcelona.com\/wp-content\/uploads\/2011\/09\/homi-milano-2017-septm2-964x1024.jpg 964w, https:\/\/www.cameraitalianabarcelona.com\/wp-content\/uploads\/2011\/09\/homi-milano-2017-septm2-282x300.jpg 282w, https:\/\/www.cameraitalianabarcelona.com\/wp-content\/uploads\/2011\/09\/homi-milano-2017-septm2-768x816.jpg 768w, https:\/\/www.cameraitalianabarcelona.com\/wp-content\/uploads\/2011\/09\/homi-milano-2017-septm2-245x260.jpg 245w, https:\/\/www.cameraitalianabarcelona.com\/wp-content\/uploads\/2011\/09\/homi-milano-2017-septm2-723x768.jpg 723w, https:\/\/www.cameraitalianabarcelona.com\/wp-content\/uploads\/2011\/09\/homi-milano-2017-septm2-390x414.jpg 390w, https:\/\/www.cameraitalianabarcelona.com\/wp-content\/uploads\/2011\/09\/homi-milano-2017-septm2-414x440.jpg 414w, https:\/\/www.cameraitalianabarcelona.com\/wp-content\/uploads\/2011\/09\/homi-milano-2017-septm2.jpg 999w\" sizes=\"auto, (max-width: 141px) 100vw, 141px\" \/><\/a><\/strong><strong><span style=\"color: #ffffff;\">.<\/span><span style=\"color: #000000;\"><a style=\"color: #000000;\" href=\"http:\/\/www.cameraitalianabarcelona.com\/homi-milano-septiembre-2017\/\">HOMI Milano<\/a><\/span><\/strong><\/h2>\n<p style=\"text-align: center;\"><span style=\"color: #000000;\"><a style=\"color: #000000;\" href=\"http:\/\/www.cameraitalianabarcelona.com\/homi-milano-septiembre-2017\/\"><strong>Sector: Decoraci\u00f3n e Interiorismo<\/strong><\/a><\/span><\/p>\n[\/vc_column_text][\/vc_column][\/vc_row][vc_row fullwidth=&#8221;true&#8221; equal_columns=&#8221;true&#8221; column_padding=&#8221;5&#8243; css=&#8221;.vc_custom_1568710384359{padding-top: 0px !important;padding-right: 0px !important;padding-bottom: 0px !important;padding-left: 0px !important;}&#8221;][vc_column width=&#8221;1\/4&#8243; css=&#8221;.vc_custom_1568710400250{margin-top: 20px !important;margin-bottom: 0px !important;margin-left: 69px !important;border-top-width: 4px !important;border-right-width: 4px !important;border-bottom-width: 4px !important;border-left-width: 4px !important;padding-top: 8px !important;padding-right: 8px !important;padding-bottom: 8px !important;padding-left: 8px !important;border-left-color: rgba(13,181,10,0.29) !important;border-left-style: solid !important;border-right-color: rgba(13,181,10,0.29) !important;border-right-style: solid !important;border-top-color: rgba(13,181,10,0.29) !important;border-top-style: solid !important;border-bottom-color: rgba(13,181,10,0.29) !important;border-bottom-style: solid !important;}&#8221;][vc_column_text title=&#8221;12 &#8211; 14 Octubre&#8221; align=&#8221;center&#8221;]\n<h3><a href=\"http:\/\/www.cameraitalianabarcelona.com\/sia-guest\/\" target=\"_blank\" rel=\"noopener noreferrer\"><img loading=\"lazy\" decoding=\"async\" class=\"aligncenter wp-image-23309 size-thumbnail\" src=\"http:\/\/www.cameraitalianabarcelona.com\/wp-content\/uploads\/2018\/02\/sia-guest-150x150.png\" alt=\"\" width=\"150\" height=\"150\" srcset=\"https:\/\/www.cameraitalianabarcelona.com\/wp-content\/uploads\/2018\/02\/sia-guest-150x150.png 150w, https:\/\/www.cameraitalianabarcelona.com\/wp-content\/uploads\/2018\/02\/sia-guest-1024x1024.png 1024w, https:\/\/www.cameraitalianabarcelona.com\/wp-content\/uploads\/2018\/02\/sia-guest.png 198w\" sizes=\"auto, (max-width: 150px) 100vw, 150px\" \/><\/a><\/h3>\n<h6 style=\"text-align: center;\"><span style=\"color: #000000;\"><a style=\"color: #000000;\" href=\"http:\/\/www.cameraitalianabarcelona.com\/sia-guest\/\" target=\"_blank\" rel=\"noopener noreferrer\"><strong>SIA GUEST<\/strong><\/a><\/span><\/h6>\n<p style=\"text-align: center;\"><a href=\"http:\/\/www.cameraitalianabarcelona.com\/sia-guest\/\"><span style=\"color: #000000;\"><strong>Sector<\/strong><strong>:<\/strong><strong>&nbsp;<\/strong><strong>Hospitalidad Profesional<\/strong><\/span><\/a><\/p>\n[\/vc_column_text][\/vc_column][vc_column width=&#8221;1\/4&#8243; css=&#8221;.vc_custom_1568710428266{margin-top: 20px !important;margin-right: 69px !important;margin-bottom: 0px !important;margin-left: 69px !important;border-top-width: 4px !important;border-right-width: 4px !important;border-bottom-width: 4px !important;border-left-width: 4px !important;padding-top: 8px !important;padding-right: 8px !important;padding-bottom: 8px !important;padding-left: 8px !important;border-left-color: rgba(13,181,10,0.29) !important;border-left-style: solid !important;border-right-color: rgba(13,181,10,0.29) !important;border-right-style: solid !important;border-top-color: rgba(13,181,10,0.29) !important;border-top-style: solid !important;border-bottom-color: rgba(13,181,10,0.29) !important;border-bottom-style: solid !important;}&#8221;][vc_column_text title=&#8221;20 &#8211; 24 Octubre&#8221; align=&#8221;center&#8221;]\n<h6 style=\"text-align: center;\"><a href=\"http:\/\/www.cameraitalianabarcelona.com\/host-milano-2017-international-hospitality-exhibition\/\" target=\"_blank\" rel=\"noopener noreferrer\"><img loading=\"lazy\" decoding=\"async\" class=\"aligncenter wp-image-24889\" src=\"http:\/\/www.cameraitalianabarcelona.com\/wp-content\/uploads\/2018\/06\/484_n_host_ita.jpg\" alt=\"\" width=\"150\" height=\"121\" srcset=\"https:\/\/www.cameraitalianabarcelona.com\/wp-content\/uploads\/2018\/06\/484_n_host_ita.jpg 740w, https:\/\/www.cameraitalianabarcelona.com\/wp-content\/uploads\/2018\/06\/484_n_host_ita-300x242.jpg 300w, https:\/\/www.cameraitalianabarcelona.com\/wp-content\/uploads\/2018\/06\/484_n_host_ita-323x260.jpg 323w, https:\/\/www.cameraitalianabarcelona.com\/wp-content\/uploads\/2018\/06\/484_n_host_ita-514x414.jpg 514w, https:\/\/www.cameraitalianabarcelona.com\/wp-content\/uploads\/2018\/06\/484_n_host_ita-414x333.jpg 414w\" sizes=\"auto, (max-width: 150px) 100vw, 150px\" \/><\/a><span style=\"color: #000000;\"><strong><a style=\"color: #000000;\" href=\"http:\/\/www.cameraitalianabarcelona.com\/host-milano-2017-international-hospitality-exhibition\/\">HOST Milano<\/a>&nbsp;<\/strong><\/span><\/h6>\n<p style=\"text-align: center;\"><span style=\"color: #000000;\"><a style=\"color: #000000;\" href=\"http:\/\/www.cameraitalianabarcelona.com\/host-milano-2017-international-hospitality-exhibition\/\"><strong>Sector<\/strong><strong>:<\/strong><strong>&nbsp;<\/strong><strong>Hosteler\u00eda y restauraci\u00f3n<\/strong><\/a><\/span><\/p>\n[\/vc_column_text][\/vc_column][vc_column width=&#8221;1\/4&#8243; css=&#8221;.vc_custom_1568710440163{margin-top: 20px !important;margin-right: 69px !important;margin-bottom: 0px !important;border-top-width: 4px !important;border-right-width: 4px !important;border-bottom-width: 4px !important;border-left-width: 4px !important;padding-top: 8px !important;padding-right: 8px !important;padding-bottom: 8px !important;padding-left: 8px !important;border-left-color: rgba(13,181,10,0.29) !important;border-left-style: solid !important;border-right-color: rgba(13,181,10,0.29) !important;border-right-style: solid !important;border-top-color: rgba(13,181,10,0.29) !important;border-top-style: solid !important;border-bottom-color: rgba(13,181,10,0.29) !important;border-bottom-style: solid !important;}&#8221;][vc_column_text title=&#8221;15 &#8211; 17 Noviembre&#8221; align=&#8221;center&#8221;]\n<h6 style=\"text-align: center;\"><strong><a href=\"http:\/\/www.cameraitalianabarcelona.com\/sicurezza-2017\/\" target=\"_blank\" rel=\"noopener noreferrer\"><img loading=\"lazy\" decoding=\"async\" class=\"alignnone wp-image-24891 size-thumbnail\" src=\"http:\/\/www.cameraitalianabarcelona.com\/wp-content\/uploads\/2018\/06\/sicurezza_logo_1984-150x150.jpg\" alt=\"\" width=\"150\" height=\"150\" srcset=\"https:\/\/www.cameraitalianabarcelona.com\/wp-content\/uploads\/2018\/06\/sicurezza_logo_1984-150x150.jpg 150w, https:\/\/www.cameraitalianabarcelona.com\/wp-content\/uploads\/2018\/06\/sicurezza_logo_1984.jpg 200w\" sizes=\"auto, (max-width: 150px) 100vw, 150px\" \/><\/a><br \/>\n<\/strong><span style=\"color: #000000;\"><strong><a style=\"color: #000000;\" href=\"http:\/\/www.cameraitalianabarcelona.com\/sicurezza-2017\/\">SICUREZZA&nbsp;<\/a><\/strong><\/span><\/h6>\n<p style=\"text-align: center;\"><span style=\"color: #000000;\"><strong><a style=\"color: #000000;\" href=\"http:\/\/www.cameraitalianabarcelona.com\/sicurezza-2017\/\">Sector: Seguridad<\/a><\/strong><\/span><\/p>\n[\/vc_column_text][\/vc_column][\/vc_row][vc_row fullwidth=&#8221;true&#8221; equal_columns=&#8221;true&#8221; column_padding=&#8221;5&#8243; css=&#8221;.vc_custom_1528818978612{padding-top: 0px !important;padding-right: 0px !important;padding-bottom: 0px !important;padding-left: 0px !important;}&#8221;][vc_column width=&#8221;1\/4&#8243; css=&#8221;.vc_custom_1568710528723{margin-top: 20px !important;margin-right: 0px !important;margin-bottom: 0px !important;margin-left: 69px !important;border-top-width: 4px !important;border-right-width: 4px !important;border-bottom-width: 4px !important;border-left-width: 4px !important;padding-top: 8px !important;padding-right: 8px !important;padding-bottom: 8px !important;padding-left: 8px !important;border-left-color: rgba(13,181,10,0.29) !important;border-left-style: solid !important;border-right-color: rgba(13,181,10,0.29) !important;border-right-style: solid !important;border-top-color: rgba(13,181,10,0.29) !important;border-top-style: solid !important;border-bottom-color: rgba(13,181,10,0.29) !important;border-bottom-style: solid !important;}&#8221;][vc_column_text title=&#8221;15 &#8211; 17 Noviembre&#8221; align=&#8221;center&#8221;]<span style=\"color: #ffffff;\"><a href=\"http:\/\/www.cameraitalianabarcelona.com\/smart-building-expo\/\" target=\"_blank\" rel=\"noopener noreferrer\"><img loading=\"lazy\" decoding=\"async\" class=\"aligncenter wp-image-24894 size-thumbnail\" src=\"http:\/\/www.cameraitalianabarcelona.com\/wp-content\/uploads\/2018\/06\/Logofiere_SMART-BUILDING-EXPO-150x150.jpg\" alt=\"\" width=\"150\" height=\"150\" srcset=\"https:\/\/www.cameraitalianabarcelona.com\/wp-content\/uploads\/2018\/06\/Logofiere_SMART-BUILDING-EXPO-150x150.jpg 150w, https:\/\/www.cameraitalianabarcelona.com\/wp-content\/uploads\/2018\/06\/Logofiere_SMART-BUILDING-EXPO.jpg 200w\" sizes=\"auto, (max-width: 150px) 100vw, 150px\" \/><\/a><\/span><\/p>\n<h6 style=\"text-align: center;\"><a href=\"http:\/\/www.cameraitalianabarcelona.com\/smart-building-expo\/\" target=\"_blank\" rel=\"noopener noreferrer\"><strong>SMART BUILDING EXPO&nbsp;<\/strong><\/a><\/h6>\n<p style=\"text-align: center;\"><strong>Sector<\/strong><strong>:<\/strong><strong>&nbsp;<\/strong><strong>Conectividad, home and building automation<\/strong><\/p>\n[\/vc_column_text][\/vc_column][vc_column width=&#8221;1\/4&#8243; css=&#8221;.vc_custom_1568710549626{margin-top: 20px !important;margin-right: 69px !important;margin-bottom: 0px !important;margin-left: 69px !important;border-top-width: 4px !important;border-right-width: 4px !important;border-bottom-width: 4px !important;border-left-width: 4px !important;padding-top: 8px !important;padding-right: 8px !important;padding-bottom: 8px !important;padding-left: 8px !important;border-left-color: rgba(13,181,10,0.29) !important;border-left-style: solid !important;border-right-color: rgba(13,181,10,0.29) !important;border-right-style: solid !important;border-top-color: rgba(13,181,10,0.29) !important;border-top-style: solid !important;border-bottom-color: rgba(13,181,10,0.29) !important;border-bottom-style: solid !important;}&#8221;][vc_column_text title=&#8221;2 &#8211; 10 Diciembre&#8221; align=&#8221;center&#8221;]\n<h6 style=\"text-align: center;\"><span style=\"color: #ffffff;\">.<\/span><strong><a href=\"http:\/\/www.cameraitalianabarcelona.com\/lartigiano-in-fiera-2017\/\" target=\"_blank\" rel=\"noopener noreferrer\"><img loading=\"lazy\" decoding=\"async\" class=\"aligncenter wp-image-24890\" src=\"http:\/\/www.cameraitalianabarcelona.com\/wp-content\/uploads\/2018\/06\/77845_1.jpg\" alt=\"\" width=\"150\" height=\"150\" srcset=\"https:\/\/www.cameraitalianabarcelona.com\/wp-content\/uploads\/2018\/06\/77845_1.jpg 250w, https:\/\/www.cameraitalianabarcelona.com\/wp-content\/uploads\/2018\/06\/77845_1-150x150.jpg 150w, https:\/\/www.cameraitalianabarcelona.com\/wp-content\/uploads\/2018\/06\/77845_1-225x225.jpg 225w, https:\/\/www.cameraitalianabarcelona.com\/wp-content\/uploads\/2018\/06\/77845_1-200x200.jpg 200w\" sizes=\"auto, (max-width: 150px) 100vw, 150px\" \/><\/a><span style=\"color: #ffffff;\">.<\/span><\/strong><span style=\"color: #000000;\"><strong><a style=\"color: #000000;\" href=\"http:\/\/www.cameraitalianabarcelona.com\/lartigiano-in-fiera-2017\/\">ARTIGIANO IN FIERA<\/a><\/strong><\/span><\/h6>\n<p style=\"text-align: center;\"><span style=\"color: #000000;\"><a style=\"color: #000000;\" href=\"http:\/\/www.cameraitalianabarcelona.com\/lartigiano-in-fiera-2017\/\"><b>Sector: Artesan\u00eda y Gastronom\u00eda<\/b><\/a><\/span><\/p>\n[\/vc_column_text][\/vc_column][\/vc_row][vc_row][vc_column][vc_empty_space][vc_column_text title=&#8221;2016&#8243; align=&#8221;center&#8221;][\/vc_column_text][vc_empty_space][\/vc_column][\/vc_row][vc_row fullwidth=&#8221;true&#8221; equal_columns=&#8221;true&#8221; column_padding=&#8221;5&#8243; css=&#8221;.vc_custom_1568710569449{padding-top: 0px !important;padding-right: 0px !important;padding-bottom: 0px !important;padding-left: 0px !important;}&#8221;][vc_column width=&#8221;1\/4&#8243; css=&#8221;.vc_custom_1568710585198{margin-top: 20px !important;margin-bottom: 20px !important;margin-left: 69px !important;border-top-width: 4px !important;border-right-width: 4px !important;border-bottom-width: 4px !important;border-left-width: 4px !important;padding-top: 8px !important;padding-right: 8px !important;padding-bottom: 8px !important;padding-left: 8px !important;border-left-color: rgba(13,181,10,0.29) !important;border-left-style: solid !important;border-right-color: rgba(13,181,10,0.29) !important;border-right-style: solid !important;border-top-color: rgba(13,181,10,0.29) !important;border-top-style: solid !important;border-bottom-color: rgba(13,181,10,0.29) !important;border-bottom-style: solid !important;}&#8221;][vc_column_text title=&#8221;29 Enero &#8211; 1 Febrero&#8221; align=&#8221;center&#8221;]\n<h6 style=\"text-align: center;\"><a href=\"http:\/\/www.cameraitalianabarcelona.com\/homi-salon-internacional-de-la-decoracion-fiera-milano\/\" target=\"_blank\" rel=\"noopener noreferrer\"><img loading=\"lazy\" decoding=\"async\" class=\"aligncenter wp-image-16037\" src=\"http:\/\/www.cameraitalianabarcelona.com\/wp-content\/uploads\/2016\/02\/1200x495Gen16-ita.jpg\" alt=\"1200x495Gen16-ita\" width=\"119\" height=\"150\" srcset=\"https:\/\/www.cameraitalianabarcelona.com\/wp-content\/uploads\/2016\/02\/1200x495Gen16-ita.jpg 638w, https:\/\/www.cameraitalianabarcelona.com\/wp-content\/uploads\/2016\/02\/1200x495Gen16-ita-239x300.jpg 239w\" sizes=\"auto, (max-width: 119px) 100vw, 119px\" \/><\/a><a href=\"http:\/\/www.cameraitalianabarcelona.com\/homi-salon-internacional-de-la-decoracion-fiera-milano\/\" target=\"_blank\" rel=\"noopener noreferrer\"><strong>HOMI Milano<\/strong><\/a><\/h6>\n<p style=\"text-align: center;\"><a href=\"http:\/\/www.cameraitalianabarcelona.com\/homi-salon-internacional-de-la-decoracion-fiera-milano\/\" target=\"_blank\" rel=\"noopener noreferrer\"><strong>Sector: Decoraci\u00f3n e Interiorismo<\/strong><\/a><\/p>\n[\/vc_column_text][\/vc_column][vc_column border_color=&#8221;#bbbbbb&#8221; width=&#8221;1\/4&#8243; css=&#8221;.vc_custom_1568710599873{margin-top: 20px !important;margin-right: 69px !important;margin-bottom: 20px !important;margin-left: 69px !important;border-top-width: 4px !important;border-right-width: 4px !important;border-bottom-width: 4px !important;border-left-width: 4px !important;padding-top: 8px !important;padding-right: 8px !important;padding-bottom: 8px !important;padding-left: 8px !important;border-left-color: rgba(13,181,10,0.29) !important;border-left-style: solid !important;border-right-color: rgba(13,181,10,0.29) !important;border-right-style: solid !important;border-top-color: rgba(13,181,10,0.29) !important;border-top-style: solid !important;border-bottom-color: rgba(13,181,10,0.29) !important;border-bottom-style: solid !important;}&#8221;][vc_column_text title=&#8221;25 &#8211; 28 Abril&#8221; align=&#8221;center&#8221;]\n<h6 style=\"text-align: center;\"><a href=\"http:\/\/www.cameraitalianabarcelona.com\/alimentaria-alon-internacional-del-food-beverage-barcelona-fira-gran-via\/\" target=\"_blank\" rel=\"noopener noreferrer\"><img loading=\"lazy\" decoding=\"async\" class=\"aligncenter wp-image-730\" src=\"http:\/\/www.cameraitalianabarcelona.com\/wp-content\/uploads\/2011\/09\/alimentaria.jpg\" alt=\"\" width=\"249\" height=\"150\" srcset=\"https:\/\/www.cameraitalianabarcelona.com\/wp-content\/uploads\/2011\/09\/alimentaria.jpg 711w, https:\/\/www.cameraitalianabarcelona.com\/wp-content\/uploads\/2011\/09\/alimentaria-300x181.jpg 300w\" sizes=\"auto, (max-width: 249px) 100vw, 249px\" \/><\/a><span style=\"color: #000000;\"><a style=\"color: #000000;\" href=\"http:\/\/www.cameraitalianabarcelona.com\/alimentaria-alon-internacional-del-food-beverage-barcelona-fira-gran-via\/\" target=\"_blank\" rel=\"noopener noreferrer\"><strong>ALIMENTARIA&nbsp;<\/strong><\/a><\/span><\/h6>\n<p style=\"text-align: center;\"><span style=\"color: #000000;\"><a style=\"color: #000000;\" href=\"http:\/\/www.cameraitalianabarcelona.com\/alimentaria-alon-internacional-del-food-beverage-barcelona-fira-gran-via\/\" target=\"_blank\" rel=\"noopener noreferrer\"><strong>Sector: Food &amp; Beverage<\/strong><\/a><\/span><\/p>\n[\/vc_column_text][\/vc_column][vc_column border_color=&#8221;#bbbbbb&#8221; width=&#8221;1\/4&#8243; css=&#8221;.vc_custom_1568710612413{margin-top: 20px !important;margin-right: 69px !important;margin-bottom: 20px !important;border-top-width: 4px !important;border-right-width: 4px !important;border-bottom-width: 4px !important;border-left-width: 4px !important;padding-top: 8px !important;padding-right: 8px !important;padding-bottom: 8px !important;padding-left: 8px !important;border-left-color: rgba(13,181,10,0.29) !important;border-left-style: solid !important;border-right-color: rgba(13,181,10,0.29) !important;border-right-style: solid !important;border-top-color: rgba(13,181,10,0.29) !important;border-top-style: solid !important;border-bottom-color: rgba(13,181,10,0.29) !important;border-bottom-style: solid !important;}&#8221;][vc_column_text title=&#8221;14 &#8211; 16 Septiembre&#8221; align=&#8221;center&#8221;]\n<h6 style=\"text-align: center;\"><a href=\"http:\/\/www.cameraitalianabarcelona.com\/macfrut-fruit-veg-professional-show-rimini-expo-centre\/\"><img loading=\"lazy\" decoding=\"async\" class=\"aligncenter wp-image-23947\" src=\"http:\/\/www.cameraitalianabarcelona.com\/wp-content\/uploads\/2018\/03\/34178.jpg\" alt=\"\" width=\"150\" height=\"164\" srcset=\"https:\/\/www.cameraitalianabarcelona.com\/wp-content\/uploads\/2018\/03\/34178.jpg 415w, https:\/\/www.cameraitalianabarcelona.com\/wp-content\/uploads\/2018\/03\/34178-274x300.jpg 274w, https:\/\/www.cameraitalianabarcelona.com\/wp-content\/uploads\/2018\/03\/34178-238x260.jpg 238w, https:\/\/www.cameraitalianabarcelona.com\/wp-content\/uploads\/2018\/03\/34178-378x414.jpg 378w, https:\/\/www.cameraitalianabarcelona.com\/wp-content\/uploads\/2018\/03\/34178-414x453.jpg 414w\" sizes=\"auto, (max-width: 150px) 100vw, 150px\" \/><\/a><a href=\"http:\/\/www.cameraitalianabarcelona.com\/macfrut-fruit-veg-professional-show-rimini-expo-centre\/\" target=\"_blank\" rel=\"noopener noreferrer\"><strong>MACFRUT<\/strong><\/a><\/h6>\n<p style=\"text-align: center;\"><a href=\"http:\/\/www.cameraitalianabarcelona.com\/macfrut-fruit-veg-professional-show-rimini-expo-centre\/\" target=\"_blank\" rel=\"noopener noreferrer\"><strong>Sector: Alimentaci\u00f3n<\/strong><\/a><\/p>\n[\/vc_column_text][\/vc_column][\/vc_row][vc_row fullwidth=&#8221;true&#8221; equal_columns=&#8221;true&#8221; column_padding=&#8221;5&#8243; css=&#8221;.vc_custom_1568710629914{padding-top: 0px !important;padding-right: 0px !important;padding-bottom: 0px !important;padding-left: 0px !important;}&#8221;][vc_column width=&#8221;1\/4&#8243; css=&#8221;.vc_custom_1568710645055{margin-top: 20px !important;margin-left: 69px !important;border-top-width: 4px !important;border-right-width: 4px !important;border-bottom-width: 4px !important;border-left-width: 4px !important;padding-top: 8px !important;padding-right: 8px !important;padding-bottom: 8px !important;padding-left: 8px !important;border-left-color: rgba(13,181,10,0.29) !important;border-left-style: solid !important;border-right-color: rgba(13,181,10,0.29) !important;border-right-style: solid !important;border-top-color: rgba(13,181,10,0.29) !important;border-top-style: solid !important;border-bottom-color: rgba(13,181,10,0.29) !important;border-bottom-style: solid !important;}&#8221;][vc_column_text title=&#8221;16 &#8211; 19 Septiembre&#8221; align=&#8221;center&#8221;]\n<h6 style=\"text-align: center;\"><a href=\"http:\/\/www.cameraitalianabarcelona.com\/homi-salon-internacional-de-la-decoracion-fiera-milano-septiembre-2016\/\" target=\"_blank\" rel=\"noopener noreferrer\"><img loading=\"lazy\" decoding=\"async\" class=\"aligncenter wp-image-16233\" src=\"http:\/\/www.cameraitalianabarcelona.com\/wp-content\/uploads\/2011\/09\/1200x495SETT16-ita-239x300.jpg\" alt=\"1200x495SETT16-ita\" width=\"119\" height=\"150\" srcset=\"https:\/\/www.cameraitalianabarcelona.com\/wp-content\/uploads\/2011\/09\/1200x495SETT16-ita-239x300.jpg 239w, https:\/\/www.cameraitalianabarcelona.com\/wp-content\/uploads\/2011\/09\/1200x495SETT16-ita.jpg 638w\" sizes=\"auto, (max-width: 119px) 100vw, 119px\" \/><\/a><a href=\"http:\/\/www.cameraitalianabarcelona.com\/homi-salon-internacional-de-la-decoracion-fiera-milano-septiembre-2016\/\" target=\"_blank\" rel=\"noopener noreferrer\"><strong>HOMI Milano<\/strong><\/a><\/h6>\n<p style=\"text-align: center;\"><a href=\"http:\/\/www.cameraitalianabarcelona.com\/homi-salon-internacional-de-la-decoracion-fiera-milano-septiembre-2016\/\" target=\"_blank\" rel=\"noopener noreferrer\"><strong>Sector: Decoraci\u00f3n e Interiorismo<\/strong><\/a><\/p>\n[\/vc_column_text][\/vc_column][vc_column border_color=&#8221;#bbbbbb&#8221; width=&#8221;1\/4&#8243; css=&#8221;.vc_custom_1568710655171{margin-top: 20px !important;margin-right: 69px !important;margin-left: 69px !important;border-top-width: 4px !important;border-right-width: 4px !important;border-bottom-width: 4px !important;border-left-width: 4px !important;padding-top: 8px !important;padding-right: 8px !important;padding-bottom: 8px !important;padding-left: 8px !important;border-left-color: rgba(13,181,10,0.29) !important;border-left-style: solid !important;border-right-color: rgba(13,181,10,0.29) !important;border-right-style: solid !important;border-top-color: rgba(13,181,10,0.29) !important;border-top-style: solid !important;border-bottom-color: rgba(13,181,10,0.29) !important;border-bottom-style: solid !important;}&#8221;][vc_column_text title=&#8221; 23-26 Octubre&#8221; align=&#8221;center&#8221;]<a href=\"http:\/\/www.cameraitalianabarcelona.com\/forum-gastronomic-2\/\"><img loading=\"lazy\" decoding=\"async\" class=\"aligncenter wp-image-17858\" src=\"http:\/\/www.cameraitalianabarcelona.com\/wp-content\/uploads\/2011\/09\/FORUM-GASTRONOMICO-BARCELONA-2016.jpg\" alt=\"\" width=\"180\" height=\"150\" srcset=\"https:\/\/www.cameraitalianabarcelona.com\/wp-content\/uploads\/2011\/09\/FORUM-GASTRONOMICO-BARCELONA-2016.jpg 406w, https:\/\/www.cameraitalianabarcelona.com\/wp-content\/uploads\/2011\/09\/FORUM-GASTRONOMICO-BARCELONA-2016-300x250.jpg 300w\" sizes=\"auto, (max-width: 180px) 100vw, 180px\" \/><\/a><\/p>\n<h6 style=\"text-align: center;\"><span style=\"color: #ffffff;\">&#8211;<\/span><a href=\"http:\/\/www.cameraitalianabarcelona.com\/forum-gastronomic-2\/\" target=\"_blank\" rel=\"noopener noreferrer\"><strong>F\u00d3RUM G\u00c0STRONOMIC<\/strong><\/a><\/h6>\n<p style=\"text-align: center;\"><a href=\"http:\/\/www.cameraitalianabarcelona.com\/forum-gastronomic-2\/\" target=\"_blank\" rel=\"noopener noreferrer\"><strong>Sector: Gastronom\u00eda<\/strong><\/a><\/p>\n[\/vc_column_text][\/vc_column][vc_column border_color=&#8221;#bbbbbb&#8221; width=&#8221;1\/4&#8243; css=&#8221;.vc_custom_1568710665598{margin-top: 20px !important;margin-right: 69px !important;border-top-width: 4px !important;border-right-width: 4px !important;border-bottom-width: 4px !important;border-left-width: 4px !important;padding-top: 8px !important;padding-right: 8px !important;padding-bottom: 8px !important;padding-left: 8px !important;border-left-color: rgba(13,181,10,0.29) !important;border-left-style: solid !important;border-right-color: rgba(13,181,10,0.29) !important;border-right-style: solid !important;border-top-color: rgba(13,181,10,0.29) !important;border-top-style: solid !important;border-bottom-color: rgba(13,181,10,0.29) !important;border-bottom-style: solid !important;}&#8221;][vc_column_text title=&#8221;3 &#8211; 11 Diciembre&#8221; align=&#8221;center&#8221;]\n<h6 style=\"text-align: center;\"><span style=\"color: #ffffff;\">.<\/span><br \/>\n<a href=\"http:\/\/www.cameraitalianabarcelona.com\/artigiano-in-fiera-2016\/\" target=\"_blank\" rel=\"noopener noreferrer\"><img loading=\"lazy\" decoding=\"async\" class=\"aligncenter wp-image-16559\" src=\"http:\/\/www.cameraitalianabarcelona.com\/wp-content\/uploads\/2011\/09\/web-artigiano16-300x218.jpg\" alt=\"web-artigiano16\" width=\"207\" height=\"150\" srcset=\"https:\/\/www.cameraitalianabarcelona.com\/wp-content\/uploads\/2011\/09\/web-artigiano16-300x218.jpg 300w, https:\/\/www.cameraitalianabarcelona.com\/wp-content\/uploads\/2011\/09\/web-artigiano16-1024x744.jpg 1024w, https:\/\/www.cameraitalianabarcelona.com\/wp-content\/uploads\/2011\/09\/web-artigiano16.jpg 1096w\" sizes=\"auto, (max-width: 207px) 100vw, 207px\" \/><\/a><a href=\"http:\/\/www.cameraitalianabarcelona.com\/artigiano-in-fiera-2016\/\" target=\"_blank\" rel=\"noopener noreferrer\"><span style=\"color: #000000;\"><strong>ARTIGIANO IN FIERA<\/strong><\/span><\/a><\/h6>\n<p style=\"text-align: center;\"><a href=\"http:\/\/www.cameraitalianabarcelona.com\/artigiano-in-fiera-2016\/\" target=\"_blank\" rel=\"noopener noreferrer\"><span style=\"color: #000000;\"><b>Sector: Artesan\u00eda y Gastronom\u00eda<\/b><\/span><\/a><\/p>\n[\/vc_column_text][\/vc_column][\/vc_row][vc_row][vc_column][vc_empty_space][vc_column_text title=&#8221;2015&#8243; align=&#8221;center&#8221;][\/vc_column_text][vc_empty_space][\/vc_column][\/vc_row][vc_row fullwidth=&#8221;true&#8221; equal_columns=&#8221;true&#8221; column_padding=&#8221;5&#8243;][vc_column border_color=&#8221;#bbbbbb&#8221; width=&#8221;1\/4&#8243; css=&#8221;.vc_custom_1568710774873{margin-top: 20px !important;margin-bottom: 20px !important;margin-left: 69px !important;border-top-width: 4px !important;border-right-width: 4px !important;border-bottom-width: 4px !important;border-left-width: 4px !important;padding-top: 8px !important;padding-right: 8px !important;padding-bottom: 8px !important;padding-left: 8px !important;border-left-color: rgba(13,181,10,0.29) !important;border-left-style: solid !important;border-right-color: rgba(13,181,10,0.29) !important;border-right-style: solid !important;border-top-color: rgba(13,181,10,0.29) !important;border-top-style: solid !important;border-bottom-color: rgba(13,181,10,0.29) !important;border-bottom-style: solid !important;}&#8221;][vc_column_text title=&#8221;17 &#8211; 20 Enero&#8221; align=&#8221;center&#8221;]\n<h6 style=\"text-align: center;\"><a href=\"http:\/\/www.cameraitalianabarcelona.com\/homi-salon-internacional-de-la-decoracion-fiera-milano-enero-2015\/\" target=\"_blank\" rel=\"noopener noreferrer\"><strong><img loading=\"lazy\" decoding=\"async\" class=\"aligncenter wp-image-16257\" src=\"http:\/\/www.cameraitalianabarcelona.com\/wp-content\/uploads\/2011\/09\/homi-gennaio-2015-300x236.jpg\" alt=\"homi gennaio 2015\" width=\"191\" height=\"150\" srcset=\"https:\/\/www.cameraitalianabarcelona.com\/wp-content\/uploads\/2011\/09\/homi-gennaio-2015-300x236.jpg 300w, https:\/\/www.cameraitalianabarcelona.com\/wp-content\/uploads\/2011\/09\/homi-gennaio-2015.jpg 700w\" sizes=\"auto, (max-width: 191px) 100vw, 191px\" \/><\/strong><\/a><a href=\"http:\/\/www.cameraitalianabarcelona.com\/homi-salon-internacional-de-la-decoracion-fiera-milano-enero-2015\/\" target=\"_blank\" rel=\"noopener noreferrer\"><strong>HOMI Milano<\/strong><\/a><\/h6>\n<p style=\"text-align: center;\"><a href=\"http:\/\/www.cameraitalianabarcelona.com\/homi-salon-internacional-de-la-decoracion-fiera-milano-enero-2015\/\" target=\"_blank\" rel=\"noopener noreferrer\"><strong>Sector: Decoraci\u00f3n e Interiorismo<\/strong><\/a><\/p>\n[\/vc_column_text][\/vc_column][vc_column border_color=&#8221;#bbbbbb&#8221; width=&#8221;1\/4&#8243; css=&#8221;.vc_custom_1568710787836{margin-top: 20px !important;margin-right: 69px !important;margin-bottom: 20px !important;margin-left: 69px !important;border-top-width: 4px !important;border-right-width: 4px !important;border-bottom-width: 4px !important;border-left-width: 4px !important;padding-top: 8px !important;padding-right: 8px !important;padding-bottom: 8px !important;padding-left: 8px !important;border-left-color: rgba(13,181,10,0.29) !important;border-left-style: solid !important;border-right-color: rgba(13,181,10,0.29) !important;border-right-style: solid !important;border-top-color: rgba(13,181,10,0.29) !important;border-top-style: solid !important;border-bottom-color: rgba(13,181,10,0.29) !important;border-bottom-style: solid !important;}&#8221;][vc_column_text title=&#8221;3 &#8211; 6 Mayo&#8221; align=&#8221;center&#8221;]\n<h6 style=\"text-align: center;\"><a href=\"http:\/\/www.cameraitalianabarcelona.com\/tuttofood-2015-la-feria-internacional-dedicada-al-food-beverage\/\" target=\"_blank\" rel=\"noopener noreferrer\"><strong><img loading=\"lazy\" decoding=\"async\" class=\"aligncenter wp-image-16266\" src=\"http:\/\/www.cameraitalianabarcelona.com\/wp-content\/uploads\/2011\/09\/tuttofood-2015-300x246.jpg\" alt=\"tuttofood 2015\" width=\"156\" height=\"128\" srcset=\"https:\/\/www.cameraitalianabarcelona.com\/wp-content\/uploads\/2011\/09\/tuttofood-2015-300x246.jpg 300w, https:\/\/www.cameraitalianabarcelona.com\/wp-content\/uploads\/2011\/09\/tuttofood-2015-1024x838.jpg 1024w, https:\/\/www.cameraitalianabarcelona.com\/wp-content\/uploads\/2011\/09\/tuttofood-2015.jpg 1356w\" sizes=\"auto, (max-width: 156px) 100vw, 156px\" \/><\/strong><\/a><span style=\"color: #000000;\"><a style=\"color: #000000;\" href=\"http:\/\/www.cameraitalianabarcelona.com\/tuttofood-2015-la-feria-internacional-dedicada-al-food-beverage\/\" target=\"_blank\" rel=\"noopener noreferrer\"><strong>TUTTOFOOD<\/strong><\/a><\/span><\/h6>\n<p style=\"text-align: center;\"><strong><span style=\"color: #000000;\"><a style=\"color: #000000;\" href=\"http:\/\/www.cameraitalianabarcelona.com\/tuttofood-2015-la-feria-internacional-dedicada-al-food-beverage\/\" target=\"_blank\" rel=\"noopener noreferrer\">Sector: Alimentaci\u00f3n<\/a><\/span><br \/>\n<\/strong><\/p>\n[\/vc_column_text][\/vc_column][vc_column border_color=&#8221;#bbbbbb&#8221; width=&#8221;1\/4&#8243; css=&#8221;.vc_custom_1568710827964{margin-top: 20px !important;margin-right: 69px !important;margin-bottom: 20px !important;border-top-width: 4px !important;border-right-width: 4px !important;border-bottom-width: 4px !important;border-left-width: 4px !important;padding-top: 8px !important;padding-right: 8px !important;padding-bottom: 8px !important;padding-left: 8px !important;border-left-color: rgba(13,181,10,0.29) !important;border-left-style: solid !important;border-right-color: rgba(13,181,10,0.29) !important;border-right-style: solid !important;border-top-color: rgba(13,181,10,0.29) !important;border-top-style: solid !important;border-bottom-color: rgba(13,181,10,0.29) !important;border-bottom-style: solid !important;}&#8221;][vc_column_text title=&#8221;12 &#8211; 15 Settembre&#8221; align=&#8221;center&#8221;]\n<p style=\"text-align: center;\"><a href=\"http:\/\/www.cameraitalianabarcelona.com\/homi-salon-internacional-de-la-decoracion-fiera-milano-septiembre-2015\/\" target=\"_blank\" rel=\"noopener noreferrer\"><strong><br \/>\n<\/strong><\/a><a href=\"http:\/\/www.cameraitalianabarcelona.com\/homi-salon-internacional-de-la-decoracion-fiera-milano-septiembre-2015\/\"><img loading=\"lazy\" decoding=\"async\" class=\"aligncenter wp-image-24884 size-thumbnail\" src=\"http:\/\/www.cameraitalianabarcelona.com\/wp-content\/uploads\/2018\/06\/Homi-150x150.png\" alt=\"\" width=\"150\" height=\"150\" srcset=\"https:\/\/www.cameraitalianabarcelona.com\/wp-content\/uploads\/2018\/06\/Homi-150x150.png 150w, https:\/\/www.cameraitalianabarcelona.com\/wp-content\/uploads\/2018\/06\/Homi-300x300.png 300w, https:\/\/www.cameraitalianabarcelona.com\/wp-content\/uploads\/2018\/06\/Homi-500x498.png 500w, https:\/\/www.cameraitalianabarcelona.com\/wp-content\/uploads\/2018\/06\/Homi-225x225.png 225w, https:\/\/www.cameraitalianabarcelona.com\/wp-content\/uploads\/2018\/06\/Homi-200x200.png 200w, https:\/\/www.cameraitalianabarcelona.com\/wp-content\/uploads\/2018\/06\/Homi-400x400.png 400w, https:\/\/www.cameraitalianabarcelona.com\/wp-content\/uploads\/2018\/06\/Homi-262x260.png 262w, https:\/\/www.cameraitalianabarcelona.com\/wp-content\/uploads\/2018\/06\/Homi-416x414.png 416w, https:\/\/www.cameraitalianabarcelona.com\/wp-content\/uploads\/2018\/06\/Homi-414x412.png 414w, https:\/\/www.cameraitalianabarcelona.com\/wp-content\/uploads\/2018\/06\/Homi.png 501w\" sizes=\"auto, (max-width: 150px) 100vw, 150px\" \/><\/a><\/p>\n<h6 style=\"text-align: center;\"><a href=\"http:\/\/www.cameraitalianabarcelona.com\/homi-salon-internacional-de-la-decoracion-fiera-milano-septiembre-2015\/\" target=\"_blank\" rel=\"noopener noreferrer\"><strong>HOMI Milano<\/strong><\/a><\/h6>\n<p style=\"text-align: center;\"><a href=\"http:\/\/www.cameraitalianabarcelona.com\/homi-salon-internacional-de-la-decoracion-fiera-milano-septiembre-2015\/\" target=\"_blank\" rel=\"noopener noreferrer\"><strong>Sector: Decoraci\u00f3n e Interiorismo<\/strong><\/a><\/p>\n[\/vc_column_text][\/vc_column][\/vc_row][vc_row fullwidth=&#8221;true&#8221; equal_columns=&#8221;true&#8221; column_padding=&#8221;5&#8243;][vc_column border_color=&#8221;#bbbbbb&#8221; width=&#8221;1\/4&#8243; css=&#8221;.vc_custom_1568710860251{margin-top: 20px !important;margin-bottom: 0px !important;margin-left: 69px !important;border-top-width: 4px !important;border-right-width: 4px !important;border-bottom-width: 4px !important;border-left-width: 4px !important;padding-top: 8px !important;padding-right: 8px !important;padding-bottom: 8px !important;padding-left: 8px !important;border-left-color: rgba(13,181,10,0.29) !important;border-left-style: solid !important;border-right-color: rgba(13,181,10,0.29) !important;border-right-style: solid !important;border-top-color: rgba(13,181,10,0.29) !important;border-top-style: solid !important;border-bottom-color: rgba(13,181,10,0.29) !important;border-bottom-style: solid !important;}&#8221;][vc_column_text title=&#8221;23 &#8211; 25 Septiembre&#8221; align=&#8221;center&#8221;]\n<p style=\"text-align: center;\"><a href=\"http:\/\/www.cameraitalianabarcelona.com\/macfrut-fruit-veg-professional-show-rimini-expo-centre-2015\/\" target=\"_blank\" rel=\"noopener noreferrer\"><img loading=\"lazy\" decoding=\"async\" class=\"aligncenter wp-image-14989\" src=\"http:\/\/www.cameraitalianabarcelona.com\/wp-content\/uploads\/2015\/07\/macfrut-2015-300x257.png\" alt=\"macfrut 2015\" width=\"175\" height=\"150\" srcset=\"https:\/\/www.cameraitalianabarcelona.com\/wp-content\/uploads\/2015\/07\/macfrut-2015-300x257.png 300w, https:\/\/www.cameraitalianabarcelona.com\/wp-content\/uploads\/2015\/07\/macfrut-2015.png 623w\" sizes=\"auto, (max-width: 175px) 100vw, 175px\" \/><\/a><\/p>\n<h2>&nbsp;<\/h2>\n<h6 style=\"text-align: center;\"><a href=\"http:\/\/www.cameraitalianabarcelona.com\/macfrut-fruit-veg-professional-show-rimini-expo-centre-2015\/\" target=\"_blank\" rel=\"noopener noreferrer\"><strong>MACFRUT<\/strong><\/a><\/h6>\n<p style=\"text-align: center;\"><a href=\"http:\/\/www.cameraitalianabarcelona.com\/macfrut-fruit-veg-professional-show-rimini-expo-centre-2015\/\" target=\"_blank\" rel=\"noopener noreferrer\"><strong>Sector<\/strong><strong>:<\/strong><strong>&nbsp;<\/strong><strong>Alimentaci\u00f3n<\/strong><\/a><\/p>\n[\/vc_column_text][\/vc_column][vc_column border_color=&#8221;#bbbbbb&#8221; width=&#8221;1\/4&#8243; css=&#8221;.vc_custom_1568710894909{margin-top: 20px !important;margin-right: 69px !important;margin-bottom: 0px !important;margin-left: 69px !important;border-top-width: 4px !important;border-right-width: 4px !important;border-bottom-width: 4px !important;border-left-width: 4px !important;padding-top: 8px !important;padding-right: 8px !important;padding-bottom: 8px !important;padding-left: 8px !important;border-left-color: rgba(13,181,10,0.29) !important;border-left-style: solid !important;border-right-color: rgba(13,181,10,0.29) !important;border-right-style: solid !important;border-top-color: rgba(13,181,10,0.29) !important;border-top-style: solid !important;border-bottom-color: rgba(13,181,10,0.29) !important;border-bottom-style: solid !important;}&#8221;][vc_column_text title=&#8221;23 &#8211; 27 Octubre&#8221; align=&#8221;center&#8221;]\n<h6 style=\"text-align: center;\"><span style=\"color: #ffffff;\">&#8230;<\/span><a href=\"http:\/\/www.cameraitalianabarcelona.com\/host-milano-2015-international-hospitality-exhibition\/\" target=\"_blank\" rel=\"noopener noreferrer\"><img loading=\"lazy\" decoding=\"async\" class=\"aligncenter wp-image-16261\" src=\"http:\/\/www.cameraitalianabarcelona.com\/wp-content\/uploads\/2011\/09\/host-2015-300x156.png\" alt=\"host 2015\" width=\"246\" height=\"128\" srcset=\"https:\/\/www.cameraitalianabarcelona.com\/wp-content\/uploads\/2011\/09\/host-2015-300x156.png 300w, https:\/\/www.cameraitalianabarcelona.com\/wp-content\/uploads\/2011\/09\/host-2015.png 600w\" sizes=\"auto, (max-width: 246px) 100vw, 246px\" \/><\/a><a href=\"http:\/\/www.cameraitalianabarcelona.com\/host-milano-2015-international-hospitality-exhibition\/\" target=\"_blank\" rel=\"noopener noreferrer\"><strong>HOST Milano&nbsp;<\/strong><\/a><\/h6>\n<p style=\"text-align: center;\"><a href=\"http:\/\/www.cameraitalianabarcelona.com\/host-milano-2015-international-hospitality-exhibition\/\" target=\"_blank\" rel=\"noopener noreferrer\"><strong>Sector<\/strong><strong>:<\/strong><strong>&nbsp;<\/strong><strong>Hosteler\u00eda y restauraci\u00f3n<\/strong><\/a><\/p>\n[\/vc_column_text][\/vc_column][vc_column border_color=&#8221;#bbbbbb&#8221; width=&#8221;1\/4&#8243; css=&#8221;.vc_custom_1568710909748{margin-top: 20px !important;margin-right: 69px !important;margin-bottom: 0px !important;border-top-width: 4px !important;border-right-width: 4px !important;border-bottom-width: 4px !important;border-left-width: 4px !important;padding-top: 8px !important;padding-right: 8px !important;padding-bottom: 8px !important;padding-left: 8px !important;border-left-color: rgba(13,181,10,0.29) !important;border-left-style: solid !important;border-right-color: rgba(13,181,10,0.29) !important;border-right-style: solid !important;border-top-color: rgba(13,181,10,0.29) !important;border-top-style: solid !important;border-bottom-color: rgba(13,181,10,0.29) !important;border-bottom-style: solid !important;}&#8221;][vc_column_text title=&#8221;3 &#8211; 5 Noviembre&#8221; align=&#8221;center&#8221;]\n<h6 style=\"text-align: center;\"><span style=\"color: #ffffff;\">.<\/span><a href=\"http:\/\/www.cameraitalianabarcelona.com\/sicurezza-2015\/\" target=\"_blank\" rel=\"noopener noreferrer\"><img loading=\"lazy\" decoding=\"async\" class=\"aligncenter wp-image-24891 size-thumbnail\" src=\"http:\/\/www.cameraitalianabarcelona.com\/wp-content\/uploads\/2018\/06\/sicurezza_logo_1984-150x150.jpg\" alt=\"\" width=\"150\" height=\"150\" srcset=\"https:\/\/www.cameraitalianabarcelona.com\/wp-content\/uploads\/2018\/06\/sicurezza_logo_1984-150x150.jpg 150w, https:\/\/www.cameraitalianabarcelona.com\/wp-content\/uploads\/2018\/06\/sicurezza_logo_1984.jpg 200w\" sizes=\"auto, (max-width: 150px) 100vw, 150px\" \/><\/a><span style=\"color: #000000;\"><a style=\"color: #000000;\" href=\"http:\/\/www.cameraitalianabarcelona.com\/sicurezza-2015\/\"><strong>SICUREZZA<\/strong><\/a><\/span><\/h6>\n<p style=\"text-align: center;\"><a href=\"http:\/\/www.cameraitalianabarcelona.com\/sicurezza-2015\/\"><span style=\"color: #000000;\"><strong>Sector:&nbsp;Seguridad<\/strong><\/span><\/a><\/p>\n[\/vc_column_text][\/vc_column][\/vc_row][vc_row fullwidth=&#8221;true&#8221; equal_columns=&#8221;true&#8221; column_padding=&#8221;5&#8243;][vc_column border_color=&#8221;#bbbbbb&#8221; width=&#8221;1\/4&#8243; css=&#8221;.vc_custom_1568710955389{margin-top: 20px !important;margin-left: 69px !important;border-top-width: 4px !important;border-right-width: 4px !important;border-bottom-width: 4px !important;border-left-width: 4px !important;padding-top: 8px !important;padding-right: 8px !important;padding-bottom: 8px !important;padding-left: 8px !important;border-left-color: rgba(13,181,10,0.29) !important;border-left-style: solid !important;border-right-color: rgba(13,181,10,0.29) !important;border-right-style: solid !important;border-top-color: rgba(13,181,10,0.29) !important;border-top-style: solid !important;border-bottom-color: rgba(13,181,10,0.29) !important;border-bottom-style: solid !important;}&#8221;][vc_column_text title=&#8221;5 &#8211; 13 Diciembre&#8221; align=&#8221;center&#8221;]\n<p style=\"text-align: center;\"><span style=\"color: #ffffff;\">&#8230;.<\/span><a href=\"http:\/\/www.cameraitalianabarcelona.com\/lartigiano-in-fiera-2015-el-global-village-de-la-artesania\/\" target=\"_blank\" rel=\"noopener noreferrer\"><img loading=\"lazy\" decoding=\"async\" class=\"aligncenter wp-image-24890 size-thumbnail\" src=\"http:\/\/www.cameraitalianabarcelona.com\/wp-content\/uploads\/2018\/06\/77845_1-150x150.jpg\" alt=\"\" width=\"150\" height=\"150\" srcset=\"https:\/\/www.cameraitalianabarcelona.com\/wp-content\/uploads\/2018\/06\/77845_1-150x150.jpg 150w, https:\/\/www.cameraitalianabarcelona.com\/wp-content\/uploads\/2018\/06\/77845_1-225x225.jpg 225w, https:\/\/www.cameraitalianabarcelona.com\/wp-content\/uploads\/2018\/06\/77845_1-200x200.jpg 200w, https:\/\/www.cameraitalianabarcelona.com\/wp-content\/uploads\/2018\/06\/77845_1.jpg 250w\" sizes=\"auto, (max-width: 150px) 100vw, 150px\" \/><\/a><\/p>\n<h6 style=\"text-align: center;\"><a href=\"http:\/\/www.cameraitalianabarcelona.com\/lartigiano-in-fiera-2015-el-global-village-de-la-artesania\/\" target=\"_blank\" rel=\"noopener noreferrer\"><strong>ARTIGIANO IN FIERA&nbsp;<\/strong><\/a><\/h6>\n<p style=\"text-align: center;\"><a href=\"http:\/\/www.cameraitalianabarcelona.com\/lartigiano-in-fiera-2015-el-global-village-de-la-artesania\/\" target=\"_blank\" rel=\"noopener noreferrer\"><strong>Sector<\/strong><strong>:<\/strong><strong>&nbsp;<\/strong><strong>Artesania y Gastronom\u00eda<\/strong><\/a><\/p>\n[\/vc_column_text][\/vc_column][\/vc_row][vc_row][vc_column][vc_empty_space][\/vc_column][\/vc_row]\n","protected":false},"excerpt":{"rendered":"<p>[vc_row][vc_column][vc_column_text align=center title=&#8221;FERIAS&#8221;] Las ferias internacionales son una poderosa &nbsp;herramienta del marketing, un gran escaparate comercial y un medio de comunicaci\u00f3n importante. Una exposici\u00f3n representa una plataforma comercial estrat\u00e9gica donde se desarrolla una din\u00e1mica bidireccional (clientes\/proveedores \u2013 oferta\/demanda) que ofrece una interesante serie de oportunidades a los empresarios. Analizar el mercado y la competencia, iniciar [&hellip;]<\/p>\n","protected":false},"author":6,"featured_media":0,"parent":0,"menu_order":5,"comment_status":"open","ping_status":"closed","template":"","meta":{"_exactmetrics_skip_tracking":false,"_exactmetrics_sitenote_active":false,"_exactmetrics_sitenote_note":"","_exactmetrics_sitenote_category":0,"ngg_post_thumbnail":0,"footnotes":""},"class_list":["post-13139","page","type-page","status-publish","hentry"],"_links":{"self":[{"href":"https:\/\/www.cameraitalianabarcelona.com\/ca\/wp-json\/wp\/v2\/pages\/13139","targetHints":{"allow":["GET"]}}],"collection":[{"href":"https:\/\/www.cameraitalianabarcelona.com\/ca\/wp-json\/wp\/v2\/pages"}],"about":[{"href":"https:\/\/www.cameraitalianabarcelona.com\/ca\/wp-json\/wp\/v2\/types\/page"}],"author":[{"embeddable":true,"href":"https:\/\/www.cameraitalianabarcelona.com\/ca\/wp-json\/wp\/v2\/users\/6"}],"replies":[{"embeddable":true,"href":"https:\/\/www.cameraitalianabarcelona.com\/ca\/wp-json\/wp\/v2\/comments?post=13139"}],"version-history":[{"count":534,"href":"https:\/\/www.cameraitalianabarcelona.com\/ca\/wp-json\/wp\/v2\/pages\/13139\/revisions"}],"predecessor-version":[{"id":41859,"href":"https:\/\/www.cameraitalianabarcelona.com\/ca\/wp-json\/wp\/v2\/pages\/13139\/revisions\/41859"}],"wp:attachment":[{"href":"https:\/\/www.cameraitalianabarcelona.com\/ca\/wp-json\/wp\/v2\/media?parent=13139"}],"curies":[{"name":"wp","href":"https:\/\/api.w.org\/{rel}","templated":true}]}}