{"id":22914,"date":"2017-12-05T15:47:26","date_gmt":"2017-12-05T15:47:26","guid":{"rendered":"http:\/\/www.cameraitalianabarcelona.com\/?page_id=22914\/"},"modified":"2017-12-05T15:50:10","modified_gmt":"2017-12-05T15:50:10","slug":"la-birra-in-cucina","status":"publish","type":"page","link":"http:\/\/www.cameraitalianabarcelona.com\/it\/la-birra-in-cucina\/","title":{"rendered":"LA BIRRA IN CUCINA"},"content":{"rendered":"<p><a href=\"http:\/\/www.cameraitalianabarcelona.com\/wp-content\/uploads\/2017\/11\/22789168_1790605420970679_1157953491105052583_n.jpg\"><img loading=\"lazy\" decoding=\"async\" class=\"wp-image-22706 aligncenter\" src=\"http:\/\/www.cameraitalianabarcelona.com\/wp-content\/uploads\/2017\/11\/22789168_1790605420970679_1157953491105052583_n.jpg\" alt=\"\" width=\"412\" height=\"604\" srcset=\"http:\/\/www.cameraitalianabarcelona.com\/wp-content\/uploads\/2017\/11\/22789168_1790605420970679_1157953491105052583_n.jpg 551w, http:\/\/www.cameraitalianabarcelona.com\/wp-content\/uploads\/2017\/11\/22789168_1790605420970679_1157953491105052583_n-205x300.jpg 205w, http:\/\/www.cameraitalianabarcelona.com\/wp-content\/uploads\/2017\/11\/22789168_1790605420970679_1157953491105052583_n-178x260.jpg 178w, http:\/\/www.cameraitalianabarcelona.com\/wp-content\/uploads\/2017\/11\/22789168_1790605420970679_1157953491105052583_n-524x768.jpg 524w, http:\/\/www.cameraitalianabarcelona.com\/wp-content\/uploads\/2017\/11\/22789168_1790605420970679_1157953491105052583_n-283x414.jpg 283w, http:\/\/www.cameraitalianabarcelona.com\/wp-content\/uploads\/2017\/11\/22789168_1790605420970679_1157953491105052583_n-414x606.jpg 414w\" sizes=\"auto, (max-width: 412px) 100vw, 412px\" \/><\/a><\/p>\n<p>&nbsp;<\/p>\n<p style=\"text-align: justify;\"><span style=\"color: #000000;\">La cucina d\u2019autore di <strong>ALMA la Scuola Internazionale di Cucina Italiana<\/strong> incontra la ricchezza ed i gusti della birra italiana, che a sua volta nasce da una profonda tradizione come quella del <strong>Birrificio Angelo Poretti<\/strong>, fondato nel 1876 a Induno Olona. Il libro di ricette \u201cLa Birra in Cucina\u201d \u00e8 il risultato di questa collaborazione e mostra come la birra si \u00e8 trasformata in un prodotto sempre pi\u00f9 interessante in combinazione con i grandi piatti della cucina italiana, condividendo i valori che sempre hanno contraddistinto il Birrificio Angelo Poretti e ALMA la Scuola Internazionale di Cucina Italiana: <strong>tradizione<\/strong>, <strong>innovazione<\/strong> e <strong>sostenibilit\u00e0<\/strong>.<\/span><\/p>\n<p style=\"text-align: justify;\"><span style=\"color: #000000;\">Da qui, l\u2019idea di organizzare un evento a Barcellona nel quale i 10 ristoranti partecipanti (<strong><a style=\"color: #000000;\" href=\"https:\/\/www.facebook.com\/bodinapoli\/\" data-hovercard=\"\/ajax\/hovercard\/page.php?id=1513371445646365&amp;extragetparams=%7B%22directed_target_id%22%3A1340739756036906%7D\" data-hovercard-prefer-more-content-show=\"1\">BO di Napoli<\/a>;\u00a0<a style=\"color: #000000;\" href=\"https:\/\/www.facebook.com\/boccadibonifacio\/\" data-hovercard=\"\/ajax\/hovercard\/page.php?id=1412902559019242&amp;extragetparams=%7B%22directed_target_id%22%3A1340739756036906%7D\" data-hovercard-prefer-more-content-show=\"1\">Bocca di Bonifacio<\/a>;\u00a0<a style=\"color: #000000;\" href=\"https:\/\/www.facebook.com\/DaValentinaBCN\/\" data-hovercard=\"\/ajax\/hovercard\/page.php?id=650969411709174&amp;extragetparams=%7B%22directed_target_id%22%3A1340739756036906%7D\" data-hovercard-prefer-more-content-show=\"1\">Da Valentina<\/a>; <a style=\"color: #000000;\" href=\"https:\/\/www.facebook.com\/fratelli.barcelona\" data-hovercard=\"\/ajax\/hovercard\/user.php?id=100002525041129&amp;extragetparams=%7B%22directed_target_id%22%3A1340739756036906%7D\" data-hovercard-prefer-more-content-show=\"1\">Fratelli La Bufala Barcelona<\/a>;\u00a0<a style=\"color: #000000;\" href=\"https:\/\/www.facebook.com\/galubarcelona\/\" data-hovercard=\"\/ajax\/hovercard\/page.php?id=125763521386701&amp;extragetparams=%7B%22directed_target_id%22%3A1340739756036906%7D\" data-hovercard-prefer-more-content-show=\"1\">Gal\u00fa<\/a>;\u00a0<a style=\"color: #000000;\" href=\"https:\/\/www.facebook.com\/Ristorante-Gravin-242617639176292\/\" data-hovercard=\"\/ajax\/hovercard\/page.php?id=242617639176292&amp;extragetparams=%7B%22directed_target_id%22%3A1340739756036906%7D\" data-hovercard-prefer-more-content-show=\"1\">Ristorante Gravin<\/a>;\u00a0<a style=\"color: #000000;\" href=\"https:\/\/www.facebook.com\/ilmaestro.barcelona\" data-hovercard=\"\/ajax\/hovercard\/user.php?id=100007200731820&amp;extragetparams=%7B%22directed_target_id%22%3A1340739756036906%7D\" data-hovercard-prefer-more-content-show=\"1\">IlMaestro Barcelona Castellcir<\/a>;\u00a0<a style=\"color: #000000;\" href=\"https:\/\/www.facebook.com\/Le-Cucine-Mandarosso-28199424512\/\" data-hovercard=\"\/ajax\/hovercard\/page.php?id=28199424512&amp;extragetparams=%7B%22directed_target_id%22%3A1340739756036906%7D\" data-hovercard-prefer-more-content-show=\"1\">Le Cucine Mandarosso<\/a>;\u00a0<a style=\"color: #000000;\" href=\"https:\/\/www.facebook.com\/massimorestaurantee\/\" data-hovercard=\"\/ajax\/hovercard\/page.php?id=470793343114315&amp;extragetparams=%7B%22directed_target_id%22%3A1340739756036906%7D\" data-hovercard-prefer-more-content-show=\"1\">Massimo Restaurante Lounge<\/a>;\u00a0<a style=\"color: #000000;\" href=\"https:\/\/www.facebook.com\/RaffaelliRistorante\/\" data-hovercard=\"\/ajax\/hovercard\/page.php?id=1601671236778122&amp;extragetparams=%7B%22directed_target_id%22%3A1340739756036906%7D\" data-hovercard-prefer-more-content-show=\"1\">Raffaelli Ristorante<\/a><\/strong>) hanno realizzato un men\u00f9 degustazione utilizzando le birre del Birrificio Angelo Poretti, attualmente uno dei birrifici pi\u00f9 importanti d\u2019Italia, sia come ingrediente che come complemento ad ingredienti <strong>IGP<\/strong> (Indicazione Geografica Protetta) e <strong>DOP<\/strong> (Denominazione di Origine Protetta), in un viaggio eno-gastronomico che in due settimane ha permesso di scoprire sensazioni nuove ed inaspettate.<\/span><\/p>\n<p>&nbsp;<\/p>\n<p><span style=\"color: #000000;\"> <strong>PATROCINATORI UFFICIALI:<\/strong><\/span><br \/>\n<span style=\"color: #000000;\"> <a style=\"color: #000000;\" href=\"https:\/\/www.facebook.com\/SaboresDeItalia\/\" data-hovercard=\"\/ajax\/hovercard\/page.php?id=458814997483068&amp;extragetparams=%7B%22directed_target_id%22%3A1340739756036906%7D\" data-hovercard-prefer-more-content-show=\"1\">Sabores de Italia<\/a><\/span><br \/>\n<span style=\"color: #000000;\"> <a style=\"color: #000000;\" href=\"https:\/\/www.facebook.com\/BirrificioAngeloPoretti\/\" data-hovercard=\"\/ajax\/hovercard\/page.php?id=163172330464025&amp;extragetparams=%7B%22directed_target_id%22%3A1340739756036906%7D\" data-hovercard-prefer-more-content-show=\"1\">Birrificio Angelo Poretti<\/a><\/span><br \/>\n<span style=\"color: #000000;\"> <a style=\"color: #000000;\" href=\"https:\/\/www.facebook.com\/almascuoladicucina\/\" data-hovercard=\"\/ajax\/hovercard\/page.php?id=154614757930241&amp;extragetparams=%7B%22directed_target_id%22%3A1340739756036906%7D\" data-hovercard-prefer-more-content-show=\"1\">ALMA la Scuola Internazionale di Cucina Italiana<\/a><\/span><\/p>\n<p><span style=\"color: #000000;\"> <strong>PARTNERS UFFICIALI:<\/strong><\/span><br \/>\n<span style=\"color: #000000;\"> <a style=\"color: #000000;\" href=\"https:\/\/www.facebook.com\/CamaraItaliana.Barcelona\" data-hovercard=\"\/ajax\/hovercard\/user.php?id=100011259184272&amp;extragetparams=%7B%22directed_target_id%22%3A1340739756036906%7D\" data-hovercard-prefer-more-content-show=\"1\">C\u00e1mara De Comercio Italiana &#8211; Barcelona<\/a><\/span><br \/>\n<span style=\"color: #000000;\"> <a style=\"color: #000000;\" href=\"https:\/\/www.facebook.com\/casadegliitaliani.barcellona\/\" data-hovercard=\"\/ajax\/hovercard\/page.php?id=760287960754267&amp;extragetparams=%7B%22directed_target_id%22%3A1340739756036906%7D\" data-hovercard-prefer-more-content-show=\"1\">Casa Degli Italiani Barcellona<\/a><\/span><br \/>\n<span style=\"color: #000000;\"> <a style=\"color: #000000;\" href=\"https:\/\/www.facebook.com\/siamotutteblogger\/\" data-hovercard=\"\/ajax\/hovercard\/page.php?id=1504417853218686&amp;extragetparams=%7B%22directed_target_id%22%3A1340739756036906%7D\" data-hovercard-prefer-more-content-show=\"1\">Siamo Tutte Blogger<\/a><\/span><\/p>\n<p>&nbsp;<\/p>\n<p><span style=\"color: #000000;\"><a style=\"color: #000000;\" href=\"http:\/\/www.cameraitalianabarcelona.com\/wp-content\/uploads\/2017\/11\/banner-home2.jpg\"><img loading=\"lazy\" decoding=\"async\" class=\"aligncenter size-full wp-image-22631\" src=\"http:\/\/www.cameraitalianabarcelona.com\/wp-content\/uploads\/2017\/11\/banner-home2.jpg\" alt=\"\" width=\"700\" height=\"257\" srcset=\"http:\/\/www.cameraitalianabarcelona.com\/wp-content\/uploads\/2017\/11\/banner-home2.jpg 700w, http:\/\/www.cameraitalianabarcelona.com\/wp-content\/uploads\/2017\/11\/banner-home2-300x110.jpg 300w, http:\/\/www.cameraitalianabarcelona.com\/wp-content\/uploads\/2017\/11\/banner-home2-330x121.jpg 330w, http:\/\/www.cameraitalianabarcelona.com\/wp-content\/uploads\/2017\/11\/banner-home2-414x152.jpg 414w\" sizes=\"auto, (max-width: 700px) 100vw, 700px\" \/><\/a><\/span><\/p>\n<p><span style=\"color: #000000;\">L\u2019evento \u00e8 stato organizzato come parte di un progetto pi\u00f9 ampio chiamato \u201c<strong>100% Autentico<\/strong>\u201d. Con il progetto 100% Autentico, si vuole rivalorizzare il prodotto italiano autentico, facilitare la sua entrata al mercato spagnolo, e informare sui benefici di usare un prodotto italiano autentico. Puoi scoprire pi\u00f9 informazioni <a href=\"http:\/\/www.cameraitalianabarcelona.com\/it\/100-autentico-progetto-per-la-rivalorizzazione-del-prodotto-italiano-autentico\/\"><strong><span style=\"color: #000000;\">QUI<\/span><\/strong><\/a>, nella pagina dedicata al Progetto.<\/span><\/p>\n<p>&nbsp;<\/p>\n<p style=\"text-align: center;\"><span style=\"color: #000000;\"><strong>PER VEDERE TUTTE LE FOTO DELL\u2019EVENTO, <a style=\"color: #000000;\" href=\"http:\/\/www.cameraitalianabarcelona.com\/la-birra-in-cucina\/\">CLICCA QUI<\/a><\/strong><\/span><\/p>\n","protected":false},"excerpt":{"rendered":"<p>&nbsp; La cucina d\u2019autore di ALMA la Scuola Internazionale di Cucina Italiana incontra la ricchezza ed i gusti della birra italiana, che a sua volta nasce da una profonda tradizione come quella del Birrificio Angelo Poretti, fondato nel 1876 a Induno Olona. Il libro di ricette \u201cLa Birra in Cucina\u201d \u00e8 il risultato di questa [&hellip;]<\/p>\n","protected":false},"author":2,"featured_media":0,"parent":0,"menu_order":0,"comment_status":"closed","ping_status":"closed","template":"","meta":{"_exactmetrics_skip_tracking":false,"_exactmetrics_sitenote_active":false,"_exactmetrics_sitenote_note":"","_exactmetrics_sitenote_category":0,"ngg_post_thumbnail":0,"footnotes":""},"class_list":["post-22914","page","type-page","status-publish","hentry"],"_links":{"self":[{"href":"http:\/\/www.cameraitalianabarcelona.com\/it\/wp-json\/wp\/v2\/pages\/22914","targetHints":{"allow":["GET"]}}],"collection":[{"href":"http:\/\/www.cameraitalianabarcelona.com\/it\/wp-json\/wp\/v2\/pages"}],"about":[{"href":"http:\/\/www.cameraitalianabarcelona.com\/it\/wp-json\/wp\/v2\/types\/page"}],"author":[{"embeddable":true,"href":"http:\/\/www.cameraitalianabarcelona.com\/it\/wp-json\/wp\/v2\/users\/2"}],"replies":[{"embeddable":true,"href":"http:\/\/www.cameraitalianabarcelona.com\/it\/wp-json\/wp\/v2\/comments?post=22914"}],"version-history":[{"count":4,"href":"http:\/\/www.cameraitalianabarcelona.com\/it\/wp-json\/wp\/v2\/pages\/22914\/revisions"}],"predecessor-version":[{"id":22918,"href":"http:\/\/www.cameraitalianabarcelona.com\/it\/wp-json\/wp\/v2\/pages\/22914\/revisions\/22918"}],"wp:attachment":[{"href":"http:\/\/www.cameraitalianabarcelona.com\/it\/wp-json\/wp\/v2\/media?parent=22914"}],"curies":[{"name":"wp","href":"https:\/\/api.w.org\/{rel}","templated":true}]}}